{"id":1149,"date":"2022-12-06T21:43:38","date_gmt":"2022-12-06T19:43:38","guid":{"rendered":"https:\/\/sustin.org\/?page_id=1149"},"modified":"2026-03-31T15:41:55","modified_gmt":"2026-03-31T13:41:55","slug":"projects","status":"publish","type":"page","link":"https:\/\/sustin.org\/en\/projects\/","title":{"rendered":"Projects"},"content":{"rendered":"\t\t<div data-elementor-type=\"wp-page\" data-elementor-id=\"1149\" class=\"elementor elementor-1149\" data-elementor-post-type=\"page\">\n\t\t\t\t<div class=\"elementor-element elementor-element-9bf167f e-flex e-con-boxed e-con e-parent\" data-id=\"9bf167f\" data-element_type=\"container\" data-e-type=\"container\" data-settings=\"{&quot;background_background&quot;:&quot;classic&quot;}\">\n\t\t\t\t\t<div class=\"e-con-inner\">\n\t\t\t\t<div class=\"elementor-element elementor-element-81971c1 elementor-widget elementor-widget-heading\" data-id=\"81971c1\" data-element_type=\"widget\" data-e-type=\"widget\" data-widget_type=\"heading.default\">\n\t\t\t\t<div class=\"elementor-widget-container\">\n\t\t\t\t\t<h2 class=\"elementor-heading-title elementor-size-default\">PROIECTELE NOASTRE<\/h2>\t\t\t\t<\/div>\n\t\t\t\t<\/div>\n\t\t\t\t<div class=\"elementor-element elementor-element-be067cf elementor-absolute elementor-widget elementor-widget-image\" data-id=\"be067cf\" data-element_type=\"widget\" data-e-type=\"widget\" data-settings=\"{&quot;_position&quot;:&quot;absolute&quot;,&quot;motion_fx_motion_fx_scrolling&quot;:&quot;yes&quot;,&quot;motion_fx_translateY_effect&quot;:&quot;yes&quot;,&quot;motion_fx_translateY_speed&quot;:{&quot;unit&quot;:&quot;px&quot;,&quot;size&quot;:1,&quot;sizes&quot;:[]},&quot;motion_fx_translateY_affectedRange&quot;:{&quot;unit&quot;:&quot;%&quot;,&quot;size&quot;:&quot;&quot;,&quot;sizes&quot;:{&quot;start&quot;:0,&quot;end&quot;:100}},&quot;motion_fx_devices&quot;:[&quot;desktop&quot;,&quot;tablet&quot;,&quot;mobile&quot;]}\" data-widget_type=\"image.default\">\n\t\t\t\t<div class=\"elementor-widget-container\">\n\t\t\t\t\t\t\t\t\t\t\t\t\t\t\t<img fetchpriority=\"high\" decoding=\"async\" width=\"300\" height=\"286\" src=\"https:\/\/sustin.org\/wp-content\/uploads\/2022\/11\/money-300x286.png\" class=\"attachment-medium size-medium wp-image-269\" alt=\"Donation Box\" srcset=\"https:\/\/sustin.org\/wp-content\/uploads\/2022\/11\/money-300x286.png 300w, https:\/\/sustin.org\/wp-content\/uploads\/2022\/11\/money-600x571.png 600w, https:\/\/sustin.org\/wp-content\/uploads\/2022\/11\/money-1024x975.png 1024w, https:\/\/sustin.org\/wp-content\/uploads\/2022\/11\/money-768x731.png 768w, https:\/\/sustin.org\/wp-content\/uploads\/2022\/11\/money-1536x1463.png 1536w, https:\/\/sustin.org\/wp-content\/uploads\/2022\/11\/money.png 1552w\" sizes=\"(max-width: 300px) 100vw, 300px\" \/>\t\t\t\t\t\t\t\t\t\t\t\t\t\t\t<\/div>\n\t\t\t\t<\/div>\n\t\t\t\t\t<\/div>\n\t\t\t\t<\/div>\n\t\t<div class=\"elementor-element elementor-element-6b7e8ce e-flex e-con-boxed e-con e-parent\" data-id=\"6b7e8ce\" data-element_type=\"container\" data-e-type=\"container\">\n\t\t\t\t\t<div class=\"e-con-inner\">\n\t\t\t\t<div class=\"elementor-element elementor-element-d62a548 elementor-grid-3 elementor-grid-tablet-2 elementor-grid-mobile-1 elementor-posts--thumbnail-top elementor-widget elementor-widget-posts\" data-id=\"d62a548\" data-element_type=\"widget\" data-e-type=\"widget\" data-settings=\"{&quot;classic_columns&quot;:&quot;3&quot;,&quot;classic_columns_tablet&quot;:&quot;2&quot;,&quot;classic_columns_mobile&quot;:&quot;1&quot;,&quot;classic_row_gap&quot;:{&quot;unit&quot;:&quot;px&quot;,&quot;size&quot;:35,&quot;sizes&quot;:[]},&quot;classic_row_gap_tablet&quot;:{&quot;unit&quot;:&quot;px&quot;,&quot;size&quot;:&quot;&quot;,&quot;sizes&quot;:[]},&quot;classic_row_gap_mobile&quot;:{&quot;unit&quot;:&quot;px&quot;,&quot;size&quot;:&quot;&quot;,&quot;sizes&quot;:[]}}\" data-widget_type=\"posts.classic\">\n\t\t\t\t<div class=\"elementor-widget-container\">\n\t\t\t\t\t\t\t<div class=\"elementor-posts-container elementor-posts elementor-posts--skin-classic elementor-grid\" role=\"list\">\n\t\t\t\t<article class=\"elementor-post elementor-grid-item post-3123 post type-post status-publish format-standard has-post-thumbnail hentry category-projects\" role=\"listitem\">\n\t\t\t\t<a class=\"elementor-post__thumbnail__link\" href=\"https:\/\/sustin.org\/en\/noul-cinema-europa\/\" tabindex=\"-1\" >\n\t\t\t<div class=\"elementor-post__thumbnail\"><img decoding=\"async\" width=\"800\" height=\"601\" src=\"https:\/\/sustin.org\/wp-content\/uploads\/2025\/03\/Entrance-1-1024x769.jpeg\" class=\"attachment-large size-large wp-image-3178\" alt=\"\" srcset=\"https:\/\/sustin.org\/wp-content\/uploads\/2025\/03\/Entrance-1-1024x769.jpeg 1024w, https:\/\/sustin.org\/wp-content\/uploads\/2025\/03\/Entrance-1-300x225.jpeg 300w, https:\/\/sustin.org\/wp-content\/uploads\/2025\/03\/Entrance-1-768x576.jpeg 768w, https:\/\/sustin.org\/wp-content\/uploads\/2025\/03\/Entrance-1-1536x1153.jpeg 1536w, https:\/\/sustin.org\/wp-content\/uploads\/2025\/03\/Entrance-1-16x12.jpeg 16w, https:\/\/sustin.org\/wp-content\/uploads\/2025\/03\/Entrance-1.jpeg 2048w\" sizes=\"(max-width: 800px) 100vw, 800px\" \/><\/div>\n\t\t<\/a>\n\t\t\t\t<div class=\"elementor-post__text\">\n\t\t\t\t<h1 class=\"elementor-post__title\">\n\t\t\t<a href=\"https:\/\/sustin.org\/en\/noul-cinema-europa\/\" >\n\t\t\t\tNoul Cinema Europa\t\t\t<\/a>\n\t\t<\/h1>\n\t\t\t\t<div class=\"elementor-post__excerpt\">\n\t\t\t<p>\u00cen octombrie 2024, Asocia\u021bia Sustin.org a preluat ini\u021biativa de a revitaliza Cinema Europa, investind timp, pasiune \u0219i know-how. Prin maratoane tematice, spectacole pentru copii \u0219i evenimente culturale, cinematograful a fost readus la via\u021b\u0103, redevenind un spa\u021biu vibrant pentru comunitate.<\/p>\n\t\t<\/div>\n\t\t\n\t\t<a class=\"elementor-post__read-more\" href=\"https:\/\/sustin.org\/en\/noul-cinema-europa\/\" aria-label=\"Read more about Noul Cinema Europa\" tabindex=\"-1\" >\n\t\t\tCite\u0219te mai mult \u00bb\t\t<\/a>\n\n\t\t\t\t<\/div>\n\t\t\t\t<\/article>\n\t\t\t\t<article class=\"elementor-post elementor-grid-item post-573 post type-post status-publish format-standard has-post-thumbnail hentry category-projects\" role=\"listitem\">\n\t\t\t\t<a class=\"elementor-post__thumbnail__link\" href=\"https:\/\/sustin.org\/en\/copacul-dorintelor\/\" tabindex=\"-1\" >\n\t\t\t<div class=\"elementor-post__thumbnail\"><img decoding=\"async\" width=\"800\" height=\"638\" src=\"https:\/\/sustin.org\/wp-content\/uploads\/2022\/11\/305774478_384619957173034_1014602186575317093_n-1024x817.jpg\" class=\"attachment-large size-large wp-image-202\" alt=\"Copacul Dorintelor Amintiri din copilarie\" srcset=\"https:\/\/sustin.org\/wp-content\/uploads\/2022\/11\/305774478_384619957173034_1014602186575317093_n-1024x817.jpg 1024w, https:\/\/sustin.org\/wp-content\/uploads\/2022\/11\/305774478_384619957173034_1014602186575317093_n-600x479.webp 600w, https:\/\/sustin.org\/wp-content\/uploads\/2022\/11\/305774478_384619957173034_1014602186575317093_n-300x239.jpg 300w, https:\/\/sustin.org\/wp-content\/uploads\/2022\/11\/305774478_384619957173034_1014602186575317093_n-768x613.jpg 768w, https:\/\/sustin.org\/wp-content\/uploads\/2022\/11\/305774478_384619957173034_1014602186575317093_n-jpg.webp 1057w\" sizes=\"(max-width: 800px) 100vw, 800px\" \/><\/div>\n\t\t<\/a>\n\t\t\t\t<div class=\"elementor-post__text\">\n\t\t\t\t<h1 class=\"elementor-post__title\">\n\t\t\t<a href=\"https:\/\/sustin.org\/en\/copacul-dorintelor\/\" >\n\t\t\t\tFundraising reinvented with the first charitable movie\t\t\t<\/a>\n\t\t<\/h1>\n\t\t\t\t<div class=\"elementor-post__excerpt\">\n\t\t\t<p>Copacul Dorin\u021belor: Amintiri din copil\u0103rie a fost primul film caritabil rom\u00e2nesc \u0219i primul fantasy de familie lansat \u00een ultimele trei decenii. Parte dintr-o campanie de fundraising \u0219i awareness, proiectul a inclus un film, o carte \u0219i o caravan\u0103 na\u021bional\u0103, fiind premiat pentru impactul s\u0103u social.<\/p>\n\t\t<\/div>\n\t\t\n\t\t<a class=\"elementor-post__read-more\" href=\"https:\/\/sustin.org\/en\/copacul-dorintelor\/\" aria-label=\"Read more about Fundraising reinvented with the first charitable movie\" tabindex=\"-1\" >\n\t\t\tCite\u0219te mai mult \u00bb\t\t<\/a>\n\n\t\t\t\t<\/div>\n\t\t\t\t<\/article>\n\t\t\t\t<article class=\"elementor-post elementor-grid-item post-4062 post type-post status-publish format-standard has-post-thumbnail hentry category-projects\" role=\"listitem\">\n\t\t\t\t<a class=\"elementor-post__thumbnail__link\" href=\"https:\/\/sustin.org\/en\/bucharest-kids-film-festival\/\" tabindex=\"-1\" >\n\t\t\t<div class=\"elementor-post__thumbnail\"><img loading=\"lazy\" decoding=\"async\" width=\"800\" height=\"450\" src=\"https:\/\/sustin.org\/wp-content\/uploads\/2025\/10\/BKFF-COVER-1024x576.jpg\" class=\"attachment-large size-large wp-image-3565\" alt=\"\" srcset=\"https:\/\/sustin.org\/wp-content\/uploads\/2025\/10\/BKFF-COVER-1024x576.jpg 1024w, https:\/\/sustin.org\/wp-content\/uploads\/2025\/10\/BKFF-COVER-300x169.jpg 300w, https:\/\/sustin.org\/wp-content\/uploads\/2025\/10\/BKFF-COVER-768x432.jpg 768w, https:\/\/sustin.org\/wp-content\/uploads\/2025\/10\/BKFF-COVER-1536x864.jpg 1536w, https:\/\/sustin.org\/wp-content\/uploads\/2025\/10\/BKFF-COVER-18x10.jpg 18w, https:\/\/sustin.org\/wp-content\/uploads\/2025\/10\/BKFF-COVER.jpg 1920w\" sizes=\"(max-width: 800px) 100vw, 800px\" \/><\/div>\n\t\t<\/a>\n\t\t\t\t<div class=\"elementor-post__text\">\n\t\t\t\t<h1 class=\"elementor-post__title\">\n\t\t\t<a href=\"https:\/\/sustin.org\/en\/bucharest-kids-film-festival\/\" >\n\t\t\t\tBucharest Kids Film Festival\t\t\t<\/a>\n\t\t<\/h1>\n\t\t\t\t<div class=\"elementor-post__excerpt\">\n\t\t\t<p>Festival de film pentru copii cu v\u00e2rste \u00eentre 8 \u0219i 12 ani, cu proiec\u021bii, ateliere \u0219i \u00eent\u00e2lniri cu regizori.<br \/>\nFilme participante din 15 \u021b\u0103ri.<\/p>\n\t\t<\/div>\n\t\t\n\t\t<a class=\"elementor-post__read-more\" href=\"https:\/\/sustin.org\/en\/bucharest-kids-film-festival\/\" aria-label=\"Read more about Bucharest Kids Film Festival\" tabindex=\"-1\" >\n\t\t\tCite\u0219te mai mult \u00bb\t\t<\/a>\n\n\t\t\t\t<\/div>\n\t\t\t\t<\/article>\n\t\t\t\t<article class=\"elementor-post elementor-grid-item post-635 post type-post status-publish format-standard has-post-thumbnail hentry category-projects\" role=\"listitem\">\n\t\t\t\t<a class=\"elementor-post__thumbnail__link\" href=\"https:\/\/sustin.org\/en\/donatie\/\" tabindex=\"-1\" >\n\t\t\t<div class=\"elementor-post__thumbnail\"><img loading=\"lazy\" decoding=\"async\" width=\"800\" height=\"629\" src=\"https:\/\/sustin.org\/wp-content\/uploads\/2022\/11\/Cutia-de-donatie-sustin_00016--1024x805.jpg\" class=\"attachment-large size-large wp-image-3993\" alt=\"\" srcset=\"https:\/\/sustin.org\/wp-content\/uploads\/2022\/11\/Cutia-de-donatie-sustin_00016--1024x805.jpg 1024w, https:\/\/sustin.org\/wp-content\/uploads\/2022\/11\/Cutia-de-donatie-sustin_00016--300x236.jpg 300w, https:\/\/sustin.org\/wp-content\/uploads\/2022\/11\/Cutia-de-donatie-sustin_00016--768x604.jpg 768w, https:\/\/sustin.org\/wp-content\/uploads\/2022\/11\/Cutia-de-donatie-sustin_00016--1536x1208.jpg 1536w, https:\/\/sustin.org\/wp-content\/uploads\/2022\/11\/Cutia-de-donatie-sustin_00016--2048x1610.jpg 2048w, https:\/\/sustin.org\/wp-content\/uploads\/2022\/11\/Cutia-de-donatie-sustin_00016--15x12.jpg 15w\" sizes=\"(max-width: 800px) 100vw, 800px\" \/><\/div>\n\t\t<\/a>\n\t\t\t\t<div class=\"elementor-post__text\">\n\t\t\t\t<h1 class=\"elementor-post__title\">\n\t\t\t<a href=\"https:\/\/sustin.org\/en\/donatie\/\" >\n\t\t\t\tCutiile de dona\u021bii Sustin\t\t\t<\/a>\n\t\t<\/h1>\n\t\t\t\t<div class=\"elementor-post__excerpt\">\n\t\t\t<p>Cutiile de dona\u021bie SUSTIN ofer\u0103 o solu\u021bie simpl\u0103 \u0219i contactless pentru a colecta dona\u021bii \u00een spa\u021bii fizice, cu instalare, suport \u0219i raportare incluse, totul cu efort minim din partea organiza\u021biei.<\/p>\n\t\t<\/div>\n\t\t\n\t\t<a class=\"elementor-post__read-more\" href=\"https:\/\/sustin.org\/en\/donatie\/\" aria-label=\"Read more about Cutiile de dona\u021bii Sustin\" tabindex=\"-1\" >\n\t\t\tCite\u0219te mai mult \u00bb\t\t<\/a>\n\n\t\t\t\t<\/div>\n\t\t\t\t<\/article>\n\t\t\t\t<article class=\"elementor-post elementor-grid-item post-2796 post type-post status-publish format-standard has-post-thumbnail hentry category-projects\" role=\"listitem\">\n\t\t\t\t<a class=\"elementor-post__thumbnail__link\" href=\"https:\/\/sustin.org\/en\/minipovesti\/\" tabindex=\"-1\" >\n\t\t\t<div class=\"elementor-post__thumbnail\"><img loading=\"lazy\" decoding=\"async\" width=\"800\" height=\"450\" src=\"https:\/\/sustin.org\/wp-content\/uploads\/2024\/07\/Afis_Minipovesti.ro_-1200x675-1-1024x576.png\" class=\"attachment-large size-large wp-image-2802\" alt=\"\" srcset=\"https:\/\/sustin.org\/wp-content\/uploads\/2024\/07\/Afis_Minipovesti.ro_-1200x675-1-1024x576.png 1024w, https:\/\/sustin.org\/wp-content\/uploads\/2024\/07\/Afis_Minipovesti.ro_-1200x675-1-300x169.png 300w, https:\/\/sustin.org\/wp-content\/uploads\/2024\/07\/Afis_Minipovesti.ro_-1200x675-1-768x432.png 768w, https:\/\/sustin.org\/wp-content\/uploads\/2024\/07\/Afis_Minipovesti.ro_-1200x675-1-600x338.png 600w, https:\/\/sustin.org\/wp-content\/uploads\/2024\/07\/Afis_Minipovesti.ro_-1200x675-1.png 1200w\" sizes=\"(max-width: 800px) 100vw, 800px\" \/><\/div>\n\t\t<\/a>\n\t\t\t\t<div class=\"elementor-post__text\">\n\t\t\t\t<h1 class=\"elementor-post__title\">\n\t\t\t<a href=\"https:\/\/sustin.org\/en\/minipovesti\/\" >\n\t\t\t\tMinipovesti.ro &#8211; HUB de litera\u021bie pove\u0219ti pentru copii\t\t\t<\/a>\n\t\t<\/h1>\n\t\t\t\t<div class=\"elementor-post__excerpt\">\n\t\t\t<p>Lansat\u0103 cu sprijinul AFCN, MiniPove\u0219ti.ro este o platform\u0103 gratuit\u0103 de litera\u021bie, unde copiii descoper\u0103 pove\u0219ti \u00een format text \u0219i audio. Cu ilustra\u021bii generate prin inteligen\u021b\u0103 artificial\u0103 \u0219i resurse interactive, platforma \u00eencurajeaz\u0103 lectura \u00eentr-un mod accesibil \u0219i captivant. \u00cen 2024, peste 45.000 de copii au citit \u0219i ascultat MiniPove\u0219tile.<\/p>\n\t\t<\/div>\n\t\t\n\t\t<a class=\"elementor-post__read-more\" href=\"https:\/\/sustin.org\/en\/minipovesti\/\" aria-label=\"Read more about Minipovesti.ro &#8211; HUB de litera\u021bie pove\u0219ti pentru copii\" tabindex=\"-1\" >\n\t\t\tCite\u0219te mai mult \u00bb\t\t<\/a>\n\n\t\t\t\t<\/div>\n\t\t\t\t<\/article>\n\t\t\t\t<article class=\"elementor-post elementor-grid-item post-4049 post type-post status-publish format-standard has-post-thumbnail hentry category-projects\" role=\"listitem\">\n\t\t\t\t<a class=\"elementor-post__thumbnail__link\" href=\"https:\/\/sustin.org\/en\/sos_satele\/\" tabindex=\"-1\" >\n\t\t\t<div class=\"elementor-post__thumbnail\"><img loading=\"lazy\" decoding=\"async\" width=\"800\" height=\"450\" src=\"https:\/\/sustin.org\/wp-content\/uploads\/2026\/03\/16-1024x576.jpg\" class=\"attachment-large size-large wp-image-4052\" alt=\"\" srcset=\"https:\/\/sustin.org\/wp-content\/uploads\/2026\/03\/16-1024x576.jpg 1024w, https:\/\/sustin.org\/wp-content\/uploads\/2026\/03\/16-300x169.jpg 300w, https:\/\/sustin.org\/wp-content\/uploads\/2026\/03\/16-768x432.jpg 768w, https:\/\/sustin.org\/wp-content\/uploads\/2026\/03\/16-1536x864.jpg 1536w, https:\/\/sustin.org\/wp-content\/uploads\/2026\/03\/16-18x10.jpg 18w, https:\/\/sustin.org\/wp-content\/uploads\/2026\/03\/16.jpg 1920w\" sizes=\"(max-width: 800px) 100vw, 800px\" \/><\/div>\n\t\t<\/a>\n\t\t\t\t<div class=\"elementor-post__text\">\n\t\t\t\t<h1 class=\"elementor-post__title\">\n\t\t\t<a href=\"https:\/\/sustin.org\/en\/sos_satele\/\" >\n\t\t\t\tSOS Satele Copiilor Rom\u00e2nia &#8211; SMS Revival\t\t\t<\/a>\n\t\t<\/h1>\n\t\t\t\t<div class=\"elementor-post__excerpt\">\n\t\t\t<p>SOS Satele Copiilor, unul dintre cele mai vechi \u0219i respectate ONG-uri din Rom\u00e2nia, a venit c\u0103tre SUSTIN cu o provocare simpl\u0103: cum readucem relevan\u021ba dona\u021biilor prin SMS \u00eentr-o lume \u00een care SMS-ul a devenit zgomot de fundal. A\u0219a a ap\u0103rut campania \u201eNu e doar un SMS\u201d.<\/p>\n\t\t<\/div>\n\t\t\n\t\t<a class=\"elementor-post__read-more\" href=\"https:\/\/sustin.org\/en\/sos_satele\/\" aria-label=\"Read more about SOS Satele Copiilor Rom\u00e2nia &#8211; SMS Revival\" tabindex=\"-1\" >\n\t\t\tCite\u0219te mai mult \u00bb\t\t<\/a>\n\n\t\t\t\t<\/div>\n\t\t\t\t<\/article>\n\t\t\t\t<article class=\"elementor-post elementor-grid-item post-3159 post type-post status-publish format-standard has-post-thumbnail hentry category-projects\" role=\"listitem\">\n\t\t\t\t<a class=\"elementor-post__thumbnail__link\" href=\"https:\/\/sustin.org\/en\/caravana-comoara-lui-harap-alb-sprijin-pentru-literatia-elevilor-din-scoli-defavorizate\/\" tabindex=\"-1\" >\n\t\t\t<div class=\"elementor-post__thumbnail\"><img loading=\"lazy\" decoding=\"async\" width=\"516\" height=\"298\" src=\"https:\/\/sustin.org\/wp-content\/uploads\/2025\/03\/Comoara-lui-Harap-Alb2-e1742319108399.jpg\" class=\"attachment-large size-large wp-image-3167\" alt=\"\" srcset=\"https:\/\/sustin.org\/wp-content\/uploads\/2025\/03\/Comoara-lui-Harap-Alb2-e1742319108399.jpg 516w, https:\/\/sustin.org\/wp-content\/uploads\/2025\/03\/Comoara-lui-Harap-Alb2-e1742319108399-300x173.jpg 300w, https:\/\/sustin.org\/wp-content\/uploads\/2025\/03\/Comoara-lui-Harap-Alb2-e1742319108399-18x10.jpg 18w\" sizes=\"(max-width: 516px) 100vw, 516px\" \/><\/div>\n\t\t<\/a>\n\t\t\t\t<div class=\"elementor-post__text\">\n\t\t\t\t<h1 class=\"elementor-post__title\">\n\t\t\t<a href=\"https:\/\/sustin.org\/en\/caravana-comoara-lui-harap-alb-sprijin-pentru-literatia-elevilor-din-scoli-defavorizate\/\" >\n\t\t\t\tCaravana \u201eComoara lui Harap-Alb\u201d \u2013 Sprijin pentru litera\u021bia elevilor din \u0219coli defavorizate\t\t\t<\/a>\n\t\t<\/h1>\n\t\t\t\t<div class=\"elementor-post__excerpt\">\n\t\t\t<p>\u201eComoara lui Harap Alb\u201d este un roman de aventuri contemporan pentru copii, care reinterpreteaz\u0103 celebra poveste a lui Ion Creang\u0103 \u00eentr-o form\u0103 atractiv\u0103 pentru noile genera\u021bii. Proiectul a sus\u021binut litera\u021bia \u00een \u0219coli defavorizate prin dona\u021bii de c\u0103r\u021bi \u0219i \u00eent\u00e2lniri interactive cu autorul \u00een mediul educa\u021bional.<\/p>\n\t\t<\/div>\n\t\t\n\t\t<a class=\"elementor-post__read-more\" href=\"https:\/\/sustin.org\/en\/caravana-comoara-lui-harap-alb-sprijin-pentru-literatia-elevilor-din-scoli-defavorizate\/\" aria-label=\"Read more about Caravana \u201eComoara lui Harap-Alb\u201d \u2013 Sprijin pentru litera\u021bia elevilor din \u0219coli defavorizate\" tabindex=\"-1\" >\n\t\t\tCite\u0219te mai mult \u00bb\t\t<\/a>\n\n\t\t\t\t<\/div>\n\t\t\t\t<\/article>\n\t\t\t\t<article class=\"elementor-post elementor-grid-item post-1151 post type-post status-publish format-standard has-post-thumbnail hentry category-projects\" role=\"listitem\">\n\t\t\t\t<a class=\"elementor-post__thumbnail__link\" href=\"https:\/\/sustin.org\/en\/hospice-reasons-to-give\/\" tabindex=\"-1\" >\n\t\t\t<div class=\"elementor-post__thumbnail\"><img loading=\"lazy\" decoding=\"async\" width=\"780\" height=\"636\" src=\"https:\/\/sustin.org\/wp-content\/uploads\/2022\/12\/povesti-despre-speranta-mihai-manescu-bianca-anton-humanitas-junior-povesti-deces-boala-moarte-pe-intelesul-copiilor.jpg\" class=\"attachment-large size-large wp-image-3152\" alt=\"\" srcset=\"https:\/\/sustin.org\/wp-content\/uploads\/2022\/12\/povesti-despre-speranta-mihai-manescu-bianca-anton-humanitas-junior-povesti-deces-boala-moarte-pe-intelesul-copiilor.jpg 780w, https:\/\/sustin.org\/wp-content\/uploads\/2022\/12\/povesti-despre-speranta-mihai-manescu-bianca-anton-humanitas-junior-povesti-deces-boala-moarte-pe-intelesul-copiilor-300x245.jpg 300w, https:\/\/sustin.org\/wp-content\/uploads\/2022\/12\/povesti-despre-speranta-mihai-manescu-bianca-anton-humanitas-junior-povesti-deces-boala-moarte-pe-intelesul-copiilor-768x626.jpg 768w, https:\/\/sustin.org\/wp-content\/uploads\/2022\/12\/povesti-despre-speranta-mihai-manescu-bianca-anton-humanitas-junior-povesti-deces-boala-moarte-pe-intelesul-copiilor-15x12.jpg 15w\" sizes=\"(max-width: 780px) 100vw, 780px\" \/><\/div>\n\t\t<\/a>\n\t\t\t\t<div class=\"elementor-post__text\">\n\t\t\t\t<h1 class=\"elementor-post__title\">\n\t\t\t<a href=\"https:\/\/sustin.org\/en\/hospice-reasons-to-give\/\" >\n\t\t\t\tPove\u0219ti despre speran\u021b\u0103: Campanie de con\u0219tientizare \u00eengrijiri paliative\t\t\t<\/a>\n\t\t<\/h1>\n\t\t\t\t<div class=\"elementor-post__excerpt\">\n\t\t\t<p>Volumul \u201ePove\u0219ti despre speran\u021b\u0103\u201d, publicat de Humanitas Junior cu sprijinul Up Rom\u00e2nia, ofer\u0103 copiilor sprijin emo\u021bional prin pove\u0219ti educative despre comunitate \u0219i incluziune. Inspirat\u0103 din experien\u021be reale, cartea a fost distribuit\u0103 gratuit \u0219i recunoscut\u0103 la Romanian CSR Awards 2024.<\/p>\n\t\t<\/div>\n\t\t\n\t\t<a class=\"elementor-post__read-more\" href=\"https:\/\/sustin.org\/en\/hospice-reasons-to-give\/\" aria-label=\"Read more about Pove\u0219ti despre speran\u021b\u0103: Campanie de con\u0219tientizare \u00eengrijiri paliative\" tabindex=\"-1\" >\n\t\t\tCite\u0219te mai mult \u00bb\t\t<\/a>\n\n\t\t\t\t<\/div>\n\t\t\t\t<\/article>\n\t\t\t\t<article class=\"elementor-post elementor-grid-item post-589 post type-post status-publish format-standard has-post-thumbnail hentry category-projects\" role=\"listitem\">\n\t\t\t\t<a class=\"elementor-post__thumbnail__link\" href=\"https:\/\/sustin.org\/en\/vodafone-tech-room\/\" tabindex=\"-1\" >\n\t\t\t<div class=\"elementor-post__thumbnail\"><img loading=\"lazy\" decoding=\"async\" width=\"800\" height=\"534\" src=\"https:\/\/sustin.org\/wp-content\/uploads\/2022\/11\/27356311_10156715381512908_8720413591333923750_o-1024x683.jpg\" class=\"attachment-large size-large wp-image-203\" alt=\"Tech Room\" srcset=\"https:\/\/sustin.org\/wp-content\/uploads\/2022\/11\/27356311_10156715381512908_8720413591333923750_o-1024x683.jpg 1024w, https:\/\/sustin.org\/wp-content\/uploads\/2022\/11\/27356311_10156715381512908_8720413591333923750_o-600x400.webp 600w, https:\/\/sustin.org\/wp-content\/uploads\/2022\/11\/27356311_10156715381512908_8720413591333923750_o-300x200.jpg 300w, https:\/\/sustin.org\/wp-content\/uploads\/2022\/11\/27356311_10156715381512908_8720413591333923750_o-768x512.jpg 768w, https:\/\/sustin.org\/wp-content\/uploads\/2022\/11\/27356311_10156715381512908_8720413591333923750_o-1536x1024.jpg 1536w, https:\/\/sustin.org\/wp-content\/uploads\/2022\/11\/27356311_10156715381512908_8720413591333923750_o-jpg.webp 1944w\" sizes=\"(max-width: 800px) 100vw, 800px\" \/><\/div>\n\t\t<\/a>\n\t\t\t\t<div class=\"elementor-post__text\">\n\t\t\t\t<h1 class=\"elementor-post__title\">\n\t\t\t<a href=\"https:\/\/sustin.org\/en\/vodafone-tech-room\/\" >\n\t\t\t\tCamera de Terapie prin tehnologie\t\t\t<\/a>\n\t\t<\/h1>\n\t\t\t\t<div class=\"elementor-post__excerpt\">\n\t\t\t<p>Camerele de Terapie prin Tehnologie, dezvoltate de Funda\u021bia Vodafone Rom\u00e2nia \u0219i HOSPICE Casa Speran\u021bei, folosesc realitatea virtual\u0103 \u0219i augmentat\u0103 pentru a oferi copiilor cu boli incurabile momente de evadare \u0219i confort. Implementarea solu\u021biilor tehnologice a permis pacien\u021bilor s\u0103 tr\u0103iasc\u0103 experien\u021be unice, de la explorarea spa\u021biului la \u00eenotul al\u0103turi de delfini.<\/p>\n\t\t<\/div>\n\t\t\n\t\t<a class=\"elementor-post__read-more\" href=\"https:\/\/sustin.org\/en\/vodafone-tech-room\/\" aria-label=\"Read more about Camera de Terapie prin tehnologie\" tabindex=\"-1\" >\n\t\t\tCite\u0219te mai mult \u00bb\t\t<\/a>\n\n\t\t\t\t<\/div>\n\t\t\t\t<\/article>\n\t\t\t\t<article class=\"elementor-post elementor-grid-item post-1133 post type-post status-publish format-standard has-post-thumbnail hentry category-projects\" role=\"listitem\">\n\t\t\t\t<a class=\"elementor-post__thumbnail__link\" href=\"https:\/\/sustin.org\/en\/filia-vdg\/\" tabindex=\"-1\" >\n\t\t\t<div class=\"elementor-post__thumbnail\"><img loading=\"lazy\" decoding=\"async\" width=\"800\" height=\"604\" src=\"https:\/\/sustin.org\/wp-content\/uploads\/2022\/12\/Centrul-Filia-Violenta-de-Gen-1024x773.webp\" class=\"attachment-large size-large wp-image-1160\" alt=\"Centrul Filia - Violenta de Gen\" srcset=\"https:\/\/sustin.org\/wp-content\/uploads\/2022\/12\/Centrul-Filia-Violenta-de-Gen-1024x773.webp 1024w, https:\/\/sustin.org\/wp-content\/uploads\/2022\/12\/Centrul-Filia-Violenta-de-Gen-scaled-600x453.webp 600w, https:\/\/sustin.org\/wp-content\/uploads\/2022\/12\/Centrul-Filia-Violenta-de-Gen-300x227.webp 300w, https:\/\/sustin.org\/wp-content\/uploads\/2022\/12\/Centrul-Filia-Violenta-de-Gen-768x580.webp 768w, https:\/\/sustin.org\/wp-content\/uploads\/2022\/12\/Centrul-Filia-Violenta-de-Gen-1536x1160.webp 1536w, https:\/\/sustin.org\/wp-content\/uploads\/2022\/12\/Centrul-Filia-Violenta-de-Gen-2048x1547.webp 2048w\" sizes=\"(max-width: 800px) 100vw, 800px\" \/><\/div>\n\t\t<\/a>\n\t\t\t\t<div class=\"elementor-post__text\">\n\t\t\t\t<h1 class=\"elementor-post__title\">\n\t\t\t<a href=\"https:\/\/sustin.org\/en\/filia-vdg\/\" >\n\t\t\t\tCentrul Filia &#8211; Suntem toti responsabili\t\t\t<\/a>\n\t\t<\/h1>\n\t\t\t\t<div class=\"elementor-post__excerpt\">\n\t\t\t<p>Prin cele 3 pove\u0219ti revelate de cele 20 de m\u0103rturii video, campania exploreaz\u0103 stereotipurile \u0219i lipsa de implicare \u00een cazuri de violen\u021b\u0103 de gen. Fondatorii Asocia\u021biei Sustin.org au contribuit la execu\u021bia acestui proiect, sprijinind o ini\u021biativ\u0103 care \u00eencurajeaz\u0103 responsabilitatea colectiv\u0103 \u00een combaterea violen\u021bei.<\/p>\n\t\t<\/div>\n\t\t\n\t\t<a class=\"elementor-post__read-more\" href=\"https:\/\/sustin.org\/en\/filia-vdg\/\" aria-label=\"Read more about Centrul Filia &#8211; Suntem toti responsabili\" tabindex=\"-1\" >\n\t\t\tCite\u0219te mai mult \u00bb\t\t<\/a>\n\n\t\t\t\t<\/div>\n\t\t\t\t<\/article>\n\t\t\t\t<article class=\"elementor-post elementor-grid-item post-1144 post type-post status-publish format-standard has-post-thumbnail hentry category-projects\" role=\"listitem\">\n\t\t\t\t<a class=\"elementor-post__thumbnail__link\" href=\"https:\/\/sustin.org\/en\/dorna-window-of-hope\/\" tabindex=\"-1\" >\n\t\t\t<div class=\"elementor-post__thumbnail\"><img loading=\"lazy\" decoding=\"async\" width=\"640\" height=\"360\" src=\"https:\/\/sustin.org\/wp-content\/uploads\/2022\/12\/Fereastra-de-Speranta-3-jpg.webp\" class=\"attachment-large size-large wp-image-2357\" alt=\"\" srcset=\"https:\/\/sustin.org\/wp-content\/uploads\/2022\/12\/Fereastra-de-Speranta-3-jpg.webp 640w, https:\/\/sustin.org\/wp-content\/uploads\/2022\/12\/Fereastra-de-Speranta-3-300x169.webp 300w, https:\/\/sustin.org\/wp-content\/uploads\/2022\/12\/Fereastra-de-Speranta-3-600x338.webp 600w\" sizes=\"(max-width: 640px) 100vw, 640px\" \/><\/div>\n\t\t<\/a>\n\t\t\t\t<div class=\"elementor-post__text\">\n\t\t\t\t<h1 class=\"elementor-post__title\">\n\t\t\t<a href=\"https:\/\/sustin.org\/en\/dorna-window-of-hope\/\" >\n\t\t\t\tDorna &#8211; Fereastra Speran\u021bei \u200b\t\t\t<\/a>\n\t\t<\/h1>\n\t\t\t\t<div class=\"elementor-post__excerpt\">\n\t\t\t<p>O Fereastr\u0103 a Speran\u021bei interactiv\u0103, lansat\u0103 de Dorna \u00een cadrul campaniei Grij\u0103 pentru copii. \u00centr-un spital din Bucure\u0219ti, fereastra care separ\u0103 mamele de sec\u021bia de terapie intensiv\u0103 neonatal\u0103 a devenit Fereastra Speran\u021bei. Aceasta afi\u0219eaz\u0103, \u00een timp real, mesaje de \u00eencurajare pentru mame, trimise de oameni din toat\u0103 Rom\u00e2nia.<\/p>\n\t\t<\/div>\n\t\t\n\t\t<a class=\"elementor-post__read-more\" href=\"https:\/\/sustin.org\/en\/dorna-window-of-hope\/\" aria-label=\"Read more about Dorna &#8211; Fereastra Speran\u021bei \u200b\" tabindex=\"-1\" >\n\t\t\tCite\u0219te mai mult \u00bb\t\t<\/a>\n\n\t\t\t\t<\/div>\n\t\t\t\t<\/article>\n\t\t\t\t<article class=\"elementor-post elementor-grid-item post-1138 post type-post status-publish format-standard has-post-thumbnail hentry category-projects\" role=\"listitem\">\n\t\t\t\t<a class=\"elementor-post__thumbnail__link\" href=\"https:\/\/sustin.org\/en\/julius-meinl-pay-with-a-poem\/\" tabindex=\"-1\" >\n\t\t\t<div class=\"elementor-post__thumbnail\"><img loading=\"lazy\" decoding=\"async\" width=\"800\" height=\"532\" src=\"https:\/\/sustin.org\/wp-content\/uploads\/2022\/12\/JuliusMeinl-20160420064542455-jpg.webp\" class=\"attachment-large size-large wp-image-2346\" alt=\"\" srcset=\"https:\/\/sustin.org\/wp-content\/uploads\/2022\/12\/JuliusMeinl-20160420064542455-jpg.webp 815w, https:\/\/sustin.org\/wp-content\/uploads\/2022\/12\/JuliusMeinl-20160420064542455-300x200.webp 300w, https:\/\/sustin.org\/wp-content\/uploads\/2022\/12\/JuliusMeinl-20160420064542455-768x511.webp 768w, https:\/\/sustin.org\/wp-content\/uploads\/2022\/12\/JuliusMeinl-20160420064542455-600x399.webp 600w\" sizes=\"(max-width: 800px) 100vw, 800px\" \/><\/div>\n\t\t<\/a>\n\t\t\t\t<div class=\"elementor-post__text\">\n\t\t\t\t<h1 class=\"elementor-post__title\">\n\t\t\t<a href=\"https:\/\/sustin.org\/en\/julius-meinl-pay-with-a-poem\/\" >\n\t\t\t\tJulius Meinl: #paywithapoem\t\t\t<\/a>\n\t\t<\/h1>\n\t\t\t\t<div class=\"elementor-post__excerpt\">\n\t\t\t<p>Julius Meinl a adus \u00een Londra instala\u021bia Poet-Tree: A Thousand Voices, creat\u0103 la Bucure\u0219ti. Copacul ro\u0219u era decorat cu poezii scrise de consumatori \u00een cadrul campaniei Pay With A Poem, oferind un spectacol vizual unic. Vizitatorii au fost invita\u021bi s\u0103 aleag\u0103 o poezie sau s\u0103 scrie una nou\u0103, al\u0103turi de poetul Robert Montgomery.<\/p>\n\t\t<\/div>\n\t\t\n\t\t<a class=\"elementor-post__read-more\" href=\"https:\/\/sustin.org\/en\/julius-meinl-pay-with-a-poem\/\" aria-label=\"Read more about Julius Meinl: #paywithapoem\" tabindex=\"-1\" >\n\t\t\tCite\u0219te mai mult \u00bb\t\t<\/a>\n\n\t\t\t\t<\/div>\n\t\t\t\t<\/article>\n\t\t\t\t<\/div>\n\t\t\n\t\t\t\t\t\t<\/div>\n\t\t\t\t<\/div>\n\t\t\t\t\t<\/div>\n\t\t\t\t<\/div>\n\t\t\t\t<\/div>\n\t\t","protected":false},"excerpt":{"rendered":"<p>OUR PROJECTS<\/p>","protected":false},"author":1,"featured_media":269,"parent":0,"menu_order":0,"comment_status":"closed","ping_status":"closed","template":"","meta":{"footnotes":""},"class_list":["post-1149","page","type-page","status-publish","has-post-thumbnail","hentry"],"_links":{"self":[{"href":"https:\/\/sustin.org\/en\/wp-json\/wp\/v2\/pages\/1149","targetHints":{"allow":["GET"]}}],"collection":[{"href":"https:\/\/sustin.org\/en\/wp-json\/wp\/v2\/pages"}],"about":[{"href":"https:\/\/sustin.org\/en\/wp-json\/wp\/v2\/types\/page"}],"author":[{"embeddable":true,"href":"https:\/\/sustin.org\/en\/wp-json\/wp\/v2\/users\/1"}],"replies":[{"embeddable":true,"href":"https:\/\/sustin.org\/en\/wp-json\/wp\/v2\/comments?post=1149"}],"version-history":[{"count":94,"href":"https:\/\/sustin.org\/en\/wp-json\/wp\/v2\/pages\/1149\/revisions"}],"predecessor-version":[{"id":4079,"href":"https:\/\/sustin.org\/en\/wp-json\/wp\/v2\/pages\/1149\/revisions\/4079"}],"wp:featuredmedia":[{"embeddable":true,"href":"https:\/\/sustin.org\/en\/wp-json\/wp\/v2\/media\/269"}],"wp:attachment":[{"href":"https:\/\/sustin.org\/en\/wp-json\/wp\/v2\/media?parent=1149"}],"curies":[{"name":"wp","href":"https:\/\/api.w.org\/{rel}","templated":true}]}}