{"id":3273,"date":"2025-10-06T14:06:05","date_gmt":"2025-10-06T12:06:05","guid":{"rendered":"https:\/\/sustin.org\/?page_id=3273"},"modified":"2026-01-15T12:54:57","modified_gmt":"2026-01-15T10:54:57","slug":"bkff","status":"publish","type":"page","link":"https:\/\/sustin.org\/en\/bkff\/","title":{"rendered":"BKFF"},"content":{"rendered":"<div data-elementor-type=\"wp-page\" data-elementor-id=\"3273\" class=\"elementor elementor-3273\" data-elementor-post-type=\"page\">\n\t\t\t\t<div class=\"elementor-element elementor-element-598d1f4 e-flex e-con-boxed e-con e-parent\" data-id=\"598d1f4\" data-element_type=\"container\" data-e-type=\"container\" data-settings=\"{&quot;background_background&quot;:&quot;classic&quot;,&quot;shape_divider_top&quot;:&quot;mountains&quot;}\">\n\t\t\t\t\t<div class=\"e-con-inner\">\n\t\t\t\t<div class=\"elementor-shape elementor-shape-top\" aria-hidden=\"true\" data-negative=\"false\">\n\t\t\t<svg xmlns=\"http:\/\/www.w3.org\/2000\/svg\" viewbox=\"0 0 1000 100\" preserveaspectratio=\"none\">\n\t<path class=\"elementor-shape-fill\" opacity=\"0.33\" d=\"M473,67.3c-203.9,88.3-263.1-34-320.3,0C66,119.1,0,59.7,0,59.7V0h1000v59.7 c0,0-62.1,26.1-94.9,29.3c-32.8,3.3-62.8-12.3-75.8-22.1C806,49.6,745.3,8.7,694.9,4.7S492.4,59,473,67.3z\"\/>\n\t<path class=\"elementor-shape-fill\" opacity=\"0.66\" d=\"M734,67.3c-45.5,0-77.2-23.2-129.1-39.1c-28.6-8.7-150.3-10.1-254,39.1 s-91.7-34.4-149.2,0C115.7,118.3,0,39.8,0,39.8V0h1000v36.5c0,0-28.2-18.5-92.1-18.5C810.2,18.1,775.7,67.3,734,67.3z\"\/>\n\t<path class=\"elementor-shape-fill\" d=\"M766.1,28.9c-200-57.5-266,65.5-395.1,19.5C242,1.8,242,5.4,184.8,20.6C128,35.8,132.3,44.9,89.9,52.5C28.6,63.7,0,0,0,0 h1000c0,0-9.9,40.9-83.6,48.1S829.6,47,766.1,28.9z\"\/>\n<\/svg>\t\t<\/div>\n\t\t\t\t<div class=\"elementor-element elementor-element-c223238 elementor-widget elementor-widget-heading\" data-id=\"c223238\" data-element_type=\"widget\" data-e-type=\"widget\" data-widget_type=\"heading.default\">\n\t\t\t\t<div class=\"elementor-widget-container\">\n\t\t\t\t\t<h2 class=\"elementor-heading-title elementor-size-default\">Pauza scurta, povesti mari!<\/h2>\t\t\t\t<\/div>\n\t\t\t\t<\/div>\n\t\t\t\t<div class=\"elementor-element elementor-element-dafcdfb elementor-widget elementor-widget-heading\" data-id=\"dafcdfb\" data-element_type=\"widget\" data-e-type=\"widget\" data-widget_type=\"heading.default\">\n\t\t\t\t<div class=\"elementor-widget-container\">\n\t\t\t\t\t<h2 class=\"elementor-heading-title elementor-size-default\">Bucharest Kids Film Festival (BKFF) revine \u00een 2026 cu pove\u0219ti noi, distrac\u021bie \u0219i magie pe marele ecran!<br>R\u0103m\u00e2ne\u021bi aproape pentru nout\u0103\u021bi!<\/h2>\t\t\t\t<\/div>\n\t\t\t\t<\/div>\n\t\t\t\t<div class=\"elementor-element elementor-element-1e4fe41 elementor-widget elementor-widget-gallery\" data-id=\"1e4fe41\" data-element_type=\"widget\" data-e-type=\"widget\" data-settings=\"{&quot;gallery_layout&quot;:&quot;masonry&quot;,&quot;gap&quot;:{&quot;unit&quot;:&quot;px&quot;,&quot;size&quot;:12,&quot;sizes&quot;:[]},&quot;columns&quot;:3,&quot;lazyload&quot;:&quot;yes&quot;,&quot;columns_tablet&quot;:2,&quot;columns_mobile&quot;:1,&quot;gap_tablet&quot;:{&quot;unit&quot;:&quot;px&quot;,&quot;size&quot;:10,&quot;sizes&quot;:[]},&quot;gap_mobile&quot;:{&quot;unit&quot;:&quot;px&quot;,&quot;size&quot;:10,&quot;sizes&quot;:[]},&quot;content_hover_animation&quot;:&quot;fade-in&quot;}\" data-widget_type=\"gallery.default\">\n\t\t\t\t<div class=\"elementor-widget-container\">\n\t\t\t\t\t\t\t<div class=\"elementor-gallery__container\">\n\t\t\t\t\t\t\t<div class=\"e-gallery-item elementor-gallery-item elementor-animated-content\">\n\t\t\t\t\t<div class=\"e-gallery-image elementor-gallery-item__image\" data-thumbnail=\"https:\/\/sustin.org\/wp-content\/uploads\/2026\/01\/ChatGPT-Image-Dec-8-2025-10_38_28-AM-2-1536x1536.png\" data-width=\"1536\" data-height=\"1536\" aria-label=\"\" role=\"img\" ><\/div>\n\t\t\t\t\t\t\t\t\t\t\t\t\t\t<\/div>\n\t\t\t\t\t\t\t<div class=\"e-gallery-item elementor-gallery-item elementor-animated-content\">\n\t\t\t\t\t<div class=\"e-gallery-image elementor-gallery-item__image\" data-thumbnail=\"https:\/\/sustin.org\/wp-content\/uploads\/2026\/01\/ChatGPT-Image-Dec-8-2025-11_27_06-AM-1-1024x1536.png\" data-width=\"1024\" data-height=\"1536\" aria-label=\"\" role=\"img\" ><\/div>\n\t\t\t\t\t\t\t\t\t\t\t\t\t\t<\/div>\n\t\t\t\t\t\t\t<div class=\"e-gallery-item elementor-gallery-item elementor-animated-content\">\n\t\t\t\t\t<div class=\"e-gallery-image elementor-gallery-item__image\" data-thumbnail=\"https:\/\/sustin.org\/wp-content\/uploads\/2026\/01\/ChatGPT-Image-Dec-8-2025-10_21_57-AM-2-1536x1536.png\" data-width=\"1536\" data-height=\"1536\" aria-label=\"\" role=\"img\" ><\/div>\n\t\t\t\t\t\t\t\t\t\t\t\t\t\t<\/div>\n\t\t\t\t\t<\/div>\n\t\t\t\t\t<\/div>\n\t\t\t\t<\/div>\n\t\t\t\t\t<\/div>\n\t\t\t\t<\/div>\n\t\t<div class=\"elementor-element elementor-element-70574dc8 e-con-full e-flex e-con e-parent\" data-id=\"70574dc8\" data-element_type=\"container\" data-e-type=\"container\" data-settings=\"{&quot;background_background&quot;:&quot;classic&quot;}\">\n\t\t<div class=\"elementor-element elementor-element-6b997747 e-con-full e-flex e-con e-child\" data-id=\"6b997747\" data-element_type=\"container\" data-e-type=\"container\">\n\t\t\t\t<div class=\"elementor-element elementor-element-78975bff elementor-widget elementor-widget-heading\" data-id=\"78975bff\" data-element_type=\"widget\" data-e-type=\"widget\" data-widget_type=\"heading.default\">\n\t\t\t\t<div class=\"elementor-widget-container\">\n\t\t\t\t\t<h1 class=\"elementor-heading-title elementor-size-default\">Bucharest Kids Film Festival<\/h1>\t\t\t\t<\/div>\n\t\t\t\t<\/div>\n\t\t\t\t<div class=\"elementor-element elementor-element-66386cf7 elementor-widget elementor-widget-text-editor\" data-id=\"66386cf7\" data-element_type=\"widget\" data-e-type=\"widget\" data-widget_type=\"text-editor.default\">\n\t\t\t\t<div class=\"elementor-widget-container\">\n\t\t\t\t\t\t\t\t\t<p>A film festival for children aged 8 to 12, featuring screenings, workshops, and meetups with directors.<br data-start=\"214\" data-end=\"217\" \/>Filme participante din 15 \u021b\u0103ri.<br data-start=\"248\" data-end=\"251\" \/>Cinema Europa \u2022 5\u20139 Noiembrie 2025<\/p>\t\t\t\t\t\t\t\t<\/div>\n\t\t\t\t<\/div>\n\t\t\t\t<div class=\"elementor-element elementor-element-38d20920 elementor-mobile-align-center elementor-widget elementor-widget-button\" data-id=\"38d20920\" data-element_type=\"widget\" data-e-type=\"widget\" data-widget_type=\"button.default\">\n\t\t\t\t<div class=\"elementor-widget-container\">\n\t\t\t\t\t\t\t\t\t<div class=\"elementor-button-wrapper\">\n\t\t\t\t\t<a class=\"elementor-button elementor-button-link elementor-size-sm\" href=\"https:\/\/iabilet.ro\/go\/Ry3BTGCt\/\">\n\t\t\t\t\t\t<span class=\"elementor-button-content-wrapper\">\n\t\t\t\t\t\t\t\t\t<span class=\"elementor-button-text\">Bilete<\/span>\n\t\t\t\t\t<\/span>\n\t\t\t\t\t<\/a>\n\t\t\t\t<\/div>\n\t\t\t\t\t\t\t\t<\/div>\n\t\t\t\t<\/div>\n\t\t\t\t<\/div>\n\t\t<div class=\"elementor-element elementor-element-5acef0ef e-con-full e-flex e-con e-child\" data-id=\"5acef0ef\" data-element_type=\"container\" data-e-type=\"container\">\n\t\t\t\t<div class=\"elementor-element elementor-element-ef33f0a elementor-widget elementor-widget-video\" data-id=\"ef33f0a\" data-element_type=\"widget\" data-e-type=\"widget\" data-settings=\"{&quot;video_type&quot;:&quot;hosted&quot;,&quot;autoplay&quot;:&quot;yes&quot;,&quot;mute&quot;:&quot;yes&quot;,&quot;loop&quot;:&quot;yes&quot;}\" data-widget_type=\"video.default\">\n\t\t\t\t<div class=\"elementor-widget-container\">\n\t\t\t\t\t\t\t<div class=\"e-hosted-video elementor-wrapper elementor-open-inline\">\n\t\t\t\t\t<video class=\"elementor-video\" src=\"https:\/\/sustin.org\/wp-content\/uploads\/2025\/10\/Video-site.mp4\" autoplay=\"\" loop=\"\" muted=\"muted\" controlslist=\"nodownload\" poster=\"https:\/\/sustin.org\/wp-content\/uploads\/2025\/10\/BKFF-COVER.jpg\"><\/video>\n\t\t\t\t<\/div>\n\t\t\t\t\t\t<\/div>\n\t\t\t\t<\/div>\n\t\t\t\t<\/div>\n\t\t\t\t<\/div>\n\t\t<div class=\"elementor-element elementor-element-5f18b25 e-con-full e-flex e-con e-parent\" data-id=\"5f18b25\" data-element_type=\"container\" data-e-type=\"container\" id=\"about\">\n\t\t<div class=\"elementor-element elementor-element-81eaf03 e-con-full e-flex e-con e-child\" data-id=\"81eaf03\" data-element_type=\"container\" data-e-type=\"container\">\n\t\t<div class=\"elementor-element elementor-element-da12c34 e-con-full e-flex e-con e-child\" data-id=\"da12c34\" data-element_type=\"container\" data-e-type=\"container\">\n\t\t\t\t<div class=\"elementor-element elementor-element-b6c3e7d elementor-widget__width-inherit elementor-widget elementor-widget-image\" data-id=\"b6c3e7d\" data-element_type=\"widget\" data-e-type=\"widget\" data-widget_type=\"image.default\">\n\t\t\t\t<div class=\"elementor-widget-container\">\n\t\t\t\t\t\t\t\t\t\t\t\t\t\t\t<img fetchpriority=\"high\" decoding=\"async\" width=\"691\" height=\"1024\" src=\"https:\/\/sustin.org\/wp-content\/uploads\/2025\/10\/Totally-Boss-big-691x1024.jpg\" class=\"attachment-large size-large wp-image-3554\" alt=\"\" srcset=\"https:\/\/sustin.org\/wp-content\/uploads\/2025\/10\/Totally-Boss-big-691x1024.jpg 691w, https:\/\/sustin.org\/wp-content\/uploads\/2025\/10\/Totally-Boss-big-203x300.jpg 203w, https:\/\/sustin.org\/wp-content\/uploads\/2025\/10\/Totally-Boss-big-768x1138.jpg 768w, https:\/\/sustin.org\/wp-content\/uploads\/2025\/10\/Totally-Boss-big-1037x1536.jpg 1037w, https:\/\/sustin.org\/wp-content\/uploads\/2025\/10\/Totally-Boss-big-8x12.jpg 8w, https:\/\/sustin.org\/wp-content\/uploads\/2025\/10\/Totally-Boss-big.jpg 1296w\" sizes=\"(max-width: 691px) 100vw, 691px\" \/>\t\t\t\t\t\t\t\t\t\t\t\t\t\t\t<\/div>\n\t\t\t\t<\/div>\n\t\t\t\t<div class=\"elementor-element elementor-element-c085b35 elementor-widget elementor-widget-image\" data-id=\"c085b35\" data-element_type=\"widget\" data-e-type=\"widget\" data-widget_type=\"image.default\">\n\t\t\t\t<div class=\"elementor-widget-container\">\n\t\t\t\t\t\t\t\t\t\t\t\t\t\t\t<img decoding=\"async\" width=\"724\" height=\"1024\" src=\"https:\/\/sustin.org\/wp-content\/uploads\/2025\/10\/DITD_poster_20250114_001-724x1024.jpg\" class=\"attachment-large size-large wp-image-3448\" alt=\"\" srcset=\"https:\/\/sustin.org\/wp-content\/uploads\/2025\/10\/DITD_poster_20250114_001-724x1024.jpg 724w, https:\/\/sustin.org\/wp-content\/uploads\/2025\/10\/DITD_poster_20250114_001-212x300.jpg 212w, https:\/\/sustin.org\/wp-content\/uploads\/2025\/10\/DITD_poster_20250114_001-768x1086.jpg 768w, https:\/\/sustin.org\/wp-content\/uploads\/2025\/10\/DITD_poster_20250114_001-8x12.jpg 8w, https:\/\/sustin.org\/wp-content\/uploads\/2025\/10\/DITD_poster_20250114_001.jpg 1000w\" sizes=\"(max-width: 724px) 100vw, 724px\" \/>\t\t\t\t\t\t\t\t\t\t\t\t\t\t\t<\/div>\n\t\t\t\t<\/div>\n\t\t\t\t<\/div>\n\t\t<div class=\"elementor-element elementor-element-c47de56 e-con-full e-flex e-con e-child\" data-id=\"c47de56\" data-element_type=\"container\" data-e-type=\"container\">\n\t\t\t\t<div class=\"elementor-element elementor-element-edc79fd elementor-widget elementor-widget-image\" data-id=\"edc79fd\" data-element_type=\"widget\" data-e-type=\"widget\" data-widget_type=\"image.default\">\n\t\t\t\t<div class=\"elementor-widget-container\">\n\t\t\t\t\t\t\t\t\t\t\t\t\t\t\t<img decoding=\"async\" width=\"725\" height=\"1024\" src=\"https:\/\/sustin.org\/wp-content\/uploads\/2025\/10\/Sobre-Rodas-725x1024.png\" class=\"attachment-large size-large wp-image-3551\" alt=\"\" srcset=\"https:\/\/sustin.org\/wp-content\/uploads\/2025\/10\/Sobre-Rodas-725x1024.png 725w, https:\/\/sustin.org\/wp-content\/uploads\/2025\/10\/Sobre-Rodas-212x300.png 212w, https:\/\/sustin.org\/wp-content\/uploads\/2025\/10\/Sobre-Rodas-768x1085.png 768w, https:\/\/sustin.org\/wp-content\/uploads\/2025\/10\/Sobre-Rodas-8x12.png 8w, https:\/\/sustin.org\/wp-content\/uploads\/2025\/10\/Sobre-Rodas.png 880w\" sizes=\"(max-width: 725px) 100vw, 725px\" \/>\t\t\t\t\t\t\t\t\t\t\t\t\t\t\t<\/div>\n\t\t\t\t<\/div>\n\t\t\t\t<div class=\"elementor-element elementor-element-5e66c8e elementor-widget elementor-widget-image\" data-id=\"5e66c8e\" data-element_type=\"widget\" data-e-type=\"widget\" data-widget_type=\"image.default\">\n\t\t\t\t<div class=\"elementor-widget-container\">\n\t\t\t\t\t\t\t\t\t\t\t\t\t\t\t<img loading=\"lazy\" decoding=\"async\" width=\"595\" height=\"842\" src=\"https:\/\/sustin.org\/wp-content\/uploads\/2025\/10\/CakeBattler_Poster.jpg\" class=\"attachment-large size-large wp-image-3507\" alt=\"\" srcset=\"https:\/\/sustin.org\/wp-content\/uploads\/2025\/10\/CakeBattler_Poster.jpg 595w, https:\/\/sustin.org\/wp-content\/uploads\/2025\/10\/CakeBattler_Poster-212x300.jpg 212w, https:\/\/sustin.org\/wp-content\/uploads\/2025\/10\/CakeBattler_Poster-8x12.jpg 8w\" sizes=\"(max-width: 595px) 100vw, 595px\" \/>\t\t\t\t\t\t\t\t\t\t\t\t\t\t\t<\/div>\n\t\t\t\t<\/div>\n\t\t\t\t<\/div>\n\t\t\t\t<\/div>\n\t\t<div class=\"elementor-element elementor-element-9505c44 e-con-full e-flex e-con e-child\" data-id=\"9505c44\" data-element_type=\"container\" data-e-type=\"container\">\n\t\t\t\t<div class=\"elementor-element elementor-element-d020703 elementor-widget elementor-widget-heading\" data-id=\"d020703\" data-element_type=\"widget\" data-e-type=\"widget\" data-widget_type=\"heading.default\">\n\t\t\t\t<div class=\"elementor-widget-container\">\n\t\t\t\t\t<h3 class=\"elementor-heading-title elementor-size-default\">Despre BKFF<\/h3>\t\t\t\t<\/div>\n\t\t\t\t<\/div>\n\t\t\t\t<div class=\"elementor-element elementor-element-52d87c2 elementor-widget elementor-widget-text-editor\" data-id=\"52d87c2\" data-element_type=\"widget\" data-e-type=\"widget\" data-widget_type=\"text-editor.default\">\n\t\t\t\t<div class=\"elementor-widget-container\">\n\t\t\t\t\t\t\t\t\t<p><strong data-start=\"294\" data-end=\"346\">Prima edi\u021bie Bucharest Kids Film Festival (BKFF)<\/strong> aduce la Bucure\u0219ti o selec\u021bie curajoas\u0103 de filme dedicate copiilor \u0219i tinerilor spectatori.<br data-start=\"438\" data-end=\"441\" \/>Organizat la <strong data-start=\"454\" data-end=\"471\">Cinema Europa<\/strong>, festivalul propune o perspectiv\u0103 nou\u0103 asupra cinematografiei pentru copii \u2013 european\u0103, educativ\u0103 \u0219i autentic\u0103.<\/p>\t\t\t\t\t\t\t\t<\/div>\n\t\t\t\t<\/div>\n\t\t\t\t<\/div>\n\t\t\t\t<\/div>\n\t\t<div class=\"elementor-element elementor-element-284d939 e-con-full e-flex e-con e-parent\" data-id=\"284d939\" data-element_type=\"container\" data-e-type=\"container\" id=\"program\">\n\t\t\t\t<div class=\"elementor-element elementor-element-f9cb7c1 elementor-widget elementor-widget-heading\" data-id=\"f9cb7c1\" data-element_type=\"widget\" data-e-type=\"widget\" data-widget_type=\"heading.default\">\n\t\t\t\t<div class=\"elementor-widget-container\">\n\t\t\t\t\t<h3 class=\"elementor-heading-title elementor-size-default\">Program<\/h3>\t\t\t\t<\/div>\n\t\t\t\t<\/div>\n\t\t\t\t<div class=\"elementor-element elementor-element-320b0b2 elementor-widget elementor-widget-n-accordion\" data-id=\"320b0b2\" data-element_type=\"widget\" data-e-type=\"widget\" data-settings=\"{&quot;default_state&quot;:&quot;all_collapsed&quot;,&quot;max_items_expended&quot;:&quot;multiple&quot;,&quot;n_accordion_animation_duration&quot;:{&quot;unit&quot;:&quot;ms&quot;,&quot;size&quot;:400,&quot;sizes&quot;:[]}}\" data-widget_type=\"nested-accordion.default\">\n\t\t\t\t<div class=\"elementor-widget-container\">\n\t\t\t\t\t\t\t<div class=\"e-n-accordion\" aria-label=\"Accordion. Open links with Enter or Space, close with Escape, and navigate with Arrow Keys\">\n\t\t\t\t\t\t<details id=\"e-n-accordion-item-5240\" class=\"e-n-accordion-item\" >\n\t\t\t\t<summary class=\"e-n-accordion-item-title\" data-accordion-index=\"1\" tabindex=\"0\" aria-expanded=\"false\" aria-controls=\"e-n-accordion-item-5240\" >\n\t\t\t\t\t<span class='e-n-accordion-item-title-header'><div class=\"e-n-accordion-item-title-text\"> Miercuri 5 Noiembrie <\/div><\/span>\n\t\t\t\t\t\t\t<span class='e-n-accordion-item-title-icon'>\n\t\t\t<span class='e-opened' ><i aria-hidden=\"true\" class=\"fas fa-minus\"><\/i><\/span>\n\t\t\t<span class='e-closed'><i aria-hidden=\"true\" class=\"fas fa-plus\"><\/i><\/span>\n\t\t<\/span>\n\n\t\t\t\t\t\t<\/summary>\n\t\t\t\t<div role=\"region\" aria-labelledby=\"e-n-accordion-item-5240\" class=\"elementor-element elementor-element-c7f92db e-con-full e-flex e-con e-child\" data-id=\"c7f92db\" data-element_type=\"container\" data-e-type=\"container\">\n\t\t<div role=\"region\" aria-labelledby=\"e-n-accordion-item-5240\" class=\"elementor-element elementor-element-ed9a356 e-con-full e-flex e-con e-child\" data-id=\"ed9a356\" data-element_type=\"container\" data-e-type=\"container\">\n\t\t\t\t<div class=\"elementor-element elementor-element-d89b51c elementor-widget elementor-widget-heading\" data-id=\"d89b51c\" data-element_type=\"widget\" data-e-type=\"widget\" data-widget_type=\"heading.default\">\n\t\t\t\t<div class=\"elementor-widget-container\">\n\t\t\t\t\t<h2 class=\"elementor-heading-title elementor-size-default\">15.00 - Acces \u0219i prezentare eveniment<\/h2>\t\t\t\t<\/div>\n\t\t\t\t<\/div>\n\t\t\t\t<div class=\"elementor-element elementor-element-433f04c elementor-widget elementor-widget-text-editor\" data-id=\"433f04c\" data-element_type=\"widget\" data-e-type=\"widget\" data-widget_type=\"text-editor.default\">\n\t\t\t\t<div class=\"elementor-widget-container\">\n\t\t\t\t\t\t\t\t\t<p>Proiec\u021biile \u0219i activit\u0103\u021bile din cadrul Bucharest Kids Film Festival au loc la <strong data-start=\"290\" data-end=\"307\">Cinema Europa<\/strong>, Bucure\u0219ti.<br data-start=\"319\" data-end=\"322\" \/>Accesul se face pe baz\u0103 de <strong data-start=\"349\" data-end=\"373\" data-is-only-node=\"\">bilet sau acreditare<\/strong>, \u00een func\u021bie de sec\u021biune. Atelierele pentru copii necesit\u0103 <strong data-start=\"434\" data-end=\"458\">\u00eenscriere prealabil\u0103<\/strong>, \u00een limita locurilor disponibile.<\/p>\t\t\t\t\t\t\t\t<\/div>\n\t\t\t\t<\/div>\n\t\t\t\t<\/div>\n\t\t<div role=\"region\" aria-labelledby=\"e-n-accordion-item-5240\" class=\"elementor-element elementor-element-ed2f2bd e-con-full e-flex e-con e-child\" data-id=\"ed2f2bd\" data-element_type=\"container\" data-e-type=\"container\" data-settings=\"{&quot;background_background&quot;:&quot;video&quot;,&quot;background_video_link&quot;:&quot;https:\\\/\\\/sustin.org\\\/wp-content\\\/uploads\\\/2025\\\/10\\\/Cineam.mp4&quot;,&quot;background_play_on_mobile&quot;:&quot;yes&quot;}\">\n\t\t<div class=\"elementor-background-video-container\">\n\t\t\t\t\t\t\t<video class=\"elementor-background-video-hosted\" role=\"presentation\" autoplay muted playsinline loop><\/video>\n\t\t\t\t\t<\/div>\t\t<\/div>\n\t\t<div role=\"region\" aria-labelledby=\"e-n-accordion-item-5240\" class=\"elementor-element elementor-element-6efc0af e-con-full e-flex e-con e-child\" data-id=\"6efc0af\" data-element_type=\"container\" data-e-type=\"container\" data-settings=\"{&quot;background_background&quot;:&quot;classic&quot;}\">\n\t\t\t\t<div class=\"elementor-element elementor-element-99e4d25 elementor-widget elementor-widget-heading\" data-id=\"99e4d25\" data-element_type=\"widget\" data-e-type=\"widget\" data-widget_type=\"heading.default\">\n\t\t\t\t<div class=\"elementor-widget-container\">\n\t\t\t\t\t<h2 class=\"elementor-heading-title elementor-size-default\">15.30 - Atelier de creatie - Introducere \u00een lumea filmului<\/h2>\t\t\t\t<\/div>\n\t\t\t\t<\/div>\n\t\t\t\t<div class=\"elementor-element elementor-element-d3c34a4 elementor-widget elementor-widget-text-editor\" data-id=\"d3c34a4\" data-element_type=\"widget\" data-e-type=\"widget\" data-widget_type=\"text-editor.default\">\n\t\t\t\t<div class=\"elementor-widget-container\">\n\t\t\t\t\t\t\t\t\t<p>Un atelier interactiv pentru copii cu o imagina\u021bie bogat\u0103, care vor s\u0103 intre \u00een lumea creat\u0103 \u00een filmul \u201eAventurile ursule\u021bului pofticios\u201d. Cei mici vor inv\u0103\u021ba despre art\u0103 juc\u00e2ndu-se \u0219i cre\u00e2nd, prin tehnici ca modelajul, pictura sau colajul. Sunt invita\u021bi to\u021bi copiii curio\u0219i cu v\u00e2rste \u00eentre 5-12 ani.<\/p>\t\t\t\t\t\t\t\t<\/div>\n\t\t\t\t<\/div>\n\t\t\t\t<\/div>\n\t\t<div role=\"region\" aria-labelledby=\"e-n-accordion-item-5240\" class=\"elementor-element elementor-element-56cd54d e-con-full e-flex e-con e-child\" data-id=\"56cd54d\" data-element_type=\"container\" data-e-type=\"container\" data-settings=\"{&quot;background_background&quot;:&quot;video&quot;,&quot;background_video_link&quot;:&quot;https:\\\/\\\/sustin.org\\\/wp-content\\\/uploads\\\/2025\\\/10\\\/Workshop1.mp4&quot;,&quot;background_play_on_mobile&quot;:&quot;yes&quot;}\">\n\t\t<div class=\"elementor-background-video-container\">\n\t\t\t\t\t\t\t<video class=\"elementor-background-video-hosted\" role=\"presentation\" autoplay muted playsinline loop><\/video>\n\t\t\t\t\t<\/div>\t\t<\/div>\n\t\t<div role=\"region\" aria-labelledby=\"e-n-accordion-item-5240\" class=\"elementor-element elementor-element-acba1f1 e-con-full e-flex e-con e-child\" data-id=\"acba1f1\" data-element_type=\"container\" data-e-type=\"container\" data-settings=\"{&quot;background_background&quot;:&quot;classic&quot;}\">\n\t\t\t\t<div class=\"elementor-element elementor-element-64c76ec elementor-widget elementor-widget-heading\" data-id=\"64c76ec\" data-element_type=\"widget\" data-e-type=\"widget\" data-widget_type=\"heading.default\">\n\t\t\t\t<div class=\"elementor-widget-container\">\n\t\t\t\t\t<h2 class=\"elementor-heading-title elementor-size-default\">16.45 - Focus Cehia<\/h2>\t\t\t\t<\/div>\n\t\t\t\t<\/div>\n\t\t\t\t<div class=\"elementor-element elementor-element-00a53b9 elementor-widget elementor-widget-text-editor\" data-id=\"00a53b9\" data-element_type=\"widget\" data-e-type=\"widget\" data-widget_type=\"text-editor.default\">\n\t\t\t\t<div class=\"elementor-widget-container\">\n\t\t\t\t\t\t\t\t\t<p>\u00cen cadrul Focus Cehia aducem al\u0103turi echipa de la <strong data-start=\"87\" data-end=\"157\">FAMU (Film and TV School of the Academy of Performing Arts, Praga)<\/strong> \u2014 una dintre cele mai vechi \u0219i respectate \u0219coli de film din Europa.<br data-start=\"263\" data-end=\"266\" data-is-only-node=\"\" \/>Studen\u021bii \u0219i profesorii de la FAMU vor prezenta filme realizate \u00een \u0219coal\u0103, vor \u00eemp\u0103rt\u0103\u0219i experien\u021be din procesul educa\u021bional \u0219i vor discuta provoc\u0103rile cinematografiei contemporane.<br data-start=\"447\" data-end=\"450\" \/>Aceast\u0103 sec\u021biune e o ocazie rar\u0103 de a vedea cum func\u021bioneaz\u0103 o institu\u021bie de top de film \u0219i de a dialoga direct cu cei care sunt \u00een procesul de formare cinematografic\u0103 la nivel interna\u021bional.<\/p>\t\t\t\t\t\t\t\t<\/div>\n\t\t\t\t<\/div>\n\t\t\t\t<\/div>\n\t\t<div role=\"region\" aria-labelledby=\"e-n-accordion-item-5240\" class=\"elementor-element elementor-element-4b70036 e-con-full e-flex e-con e-child\" data-id=\"4b70036\" data-element_type=\"container\" data-e-type=\"container\" data-settings=\"{&quot;background_background&quot;:&quot;video&quot;,&quot;background_video_link&quot;:&quot;https:\\\/\\\/sustin.org\\\/wp-content\\\/uploads\\\/2025\\\/10\\\/AQOXvqY1Ea5qulQkgiisZTyjZ5w2U00ov5EHBoius7u50vgXZWRxIvJnb2LZS6YXSoXdtoHWgTk7nq8OwiMR1YGg.mp4&quot;,&quot;background_play_on_mobile&quot;:&quot;yes&quot;}\">\n\t\t<div class=\"elementor-background-video-container\">\n\t\t\t\t\t\t\t<video class=\"elementor-background-video-hosted\" role=\"presentation\" autoplay muted playsinline loop><\/video>\n\t\t\t\t\t<\/div>\t\t<\/div>\n\t\t\t\t<div class=\"elementor-element elementor-element-c30a120 elementor-widget elementor-widget-n-accordion\" data-id=\"c30a120\" data-element_type=\"widget\" data-e-type=\"widget\" data-settings=\"{&quot;default_state&quot;:&quot;all_collapsed&quot;,&quot;max_items_expended&quot;:&quot;one&quot;,&quot;n_accordion_animation_duration&quot;:{&quot;unit&quot;:&quot;ms&quot;,&quot;size&quot;:400,&quot;sizes&quot;:[]}}\" data-widget_type=\"nested-accordion.default\">\n\t\t\t\t<div class=\"elementor-widget-container\">\n\t\t\t\t\t\t\t<div class=\"e-n-accordion\" aria-label=\"Accordion. Open links with Enter or Space, close with Escape, and navigate with Arrow Keys\">\n\t\t\t\t\t\t<details id=\"e-n-accordion-item-2040\" class=\"e-n-accordion-item\" >\n\t\t\t\t<summary class=\"e-n-accordion-item-title\" data-accordion-index=\"1\" tabindex=\"0\" aria-expanded=\"false\" aria-controls=\"e-n-accordion-item-2040\" >\n\t\t\t\t\t<span class='e-n-accordion-item-title-header'><div class=\"e-n-accordion-item-title-text\"> Scurtmetraje FAMU (15.50 - 17.30) <\/div><\/span>\n\t\t\t\t\t\t\t<span class='e-n-accordion-item-title-icon'>\n\t\t\t<span class='e-opened' ><i aria-hidden=\"true\" class=\"fas fa-minus\"><\/i><\/span>\n\t\t\t<span class='e-closed'><i aria-hidden=\"true\" class=\"fas fa-plus\"><\/i><\/span>\n\t\t<\/span>\n\n\t\t\t\t\t\t<\/summary>\n\t\t\t\t<div role=\"region region\" aria-labelledby=\"e-n-accordion-item-5240 e-n-accordion-item-2040\" class=\"elementor-element elementor-element-5742f5a e-con-full e-flex e-con e-child\" data-id=\"5742f5a\" data-element_type=\"container\" data-e-type=\"container\">\n\t\t<div role=\"region region\" aria-labelledby=\"e-n-accordion-item-5240 e-n-accordion-item-2040\" class=\"elementor-element elementor-element-f4450e1 e-con-full e-flex e-con e-child\" data-id=\"f4450e1\" data-element_type=\"container\" data-e-type=\"container\" data-settings=\"{&quot;background_background&quot;:&quot;classic&quot;}\">\n\t\t\t\t<div class=\"elementor-element elementor-element-3e10c31 elementor-widget elementor-widget-heading\" data-id=\"3e10c31\" data-element_type=\"widget\" data-e-type=\"widget\" data-widget_type=\"heading.default\">\n\t\t\t\t<div class=\"elementor-widget-container\">\n\t\t\t\t\t<h2 class=\"elementor-heading-title elementor-size-default\">15.50 -Marie - FAMU (Cehia)<\/h2>\t\t\t\t<\/div>\n\t\t\t\t<\/div>\n\t\t\t\t<div class=\"elementor-element elementor-element-25bf05d elementor-widget elementor-widget-text-editor\" data-id=\"25bf05d\" data-element_type=\"widget\" data-e-type=\"widget\" data-widget_type=\"text-editor.default\">\n\t\t\t\t<div class=\"elementor-widget-container\">\n\t\t\t\t\t\t\t\t\t<p>\u2002\u00cen timpul unei lec\u021bii monotone, Franti\u0161ek se afund\u0103 \u00een ad\u00e2ncurile imagina\u021biei sale \u0219i se pierde \u00een desenele de pe marginile caietului.<\/p>\t\t\t\t\t\t\t\t<\/div>\n\t\t\t\t<\/div>\n\t\t\t\t<\/div>\n\t\t<div role=\"region region\" aria-labelledby=\"e-n-accordion-item-5240 e-n-accordion-item-2040\" class=\"elementor-element elementor-element-4f29b3b e-con-full e-flex e-con e-child\" data-id=\"4f29b3b\" data-element_type=\"container\" data-e-type=\"container\" data-settings=\"{&quot;background_background&quot;:&quot;video&quot;,&quot;background_play_on_mobile&quot;:&quot;yes&quot;}\">\n\t\t\t\t<\/div>\n\t\t<div role=\"region region\" aria-labelledby=\"e-n-accordion-item-5240 e-n-accordion-item-2040\" class=\"elementor-element elementor-element-3c597eb e-con-full e-flex e-con e-child\" data-id=\"3c597eb\" data-element_type=\"container\" data-e-type=\"container\" data-settings=\"{&quot;background_background&quot;:&quot;classic&quot;}\">\n\t\t\t\t<div class=\"elementor-element elementor-element-f4faa7c elementor-widget elementor-widget-heading\" data-id=\"f4faa7c\" data-element_type=\"widget\" data-e-type=\"widget\" data-widget_type=\"heading.default\">\n\t\t\t\t<div class=\"elementor-widget-container\">\n\t\t\t\t\t<h2 class=\"elementor-heading-title elementor-size-default\">16.53 - I love you elephant - FAMU (Cehia)<\/h2>\t\t\t\t<\/div>\n\t\t\t\t<\/div>\n\t\t\t\t<div class=\"elementor-element elementor-element-b5fbc2f elementor-widget elementor-widget-text-editor\" data-id=\"b5fbc2f\" data-element_type=\"widget\" data-e-type=\"widget\" data-widget_type=\"text-editor.default\">\n\t\t\t\t<div class=\"elementor-widget-container\">\n\t\t\t\t\t\t\t\t\t<p>Un b\u0103iat \u0219i un elefant se r\u0103t\u0103cesc \u00eempreun\u0103 \u00eentr-un labirint.<\/p>\t\t\t\t\t\t\t\t<\/div>\n\t\t\t\t<\/div>\n\t\t\t\t<\/div>\n\t\t<div role=\"region region\" aria-labelledby=\"e-n-accordion-item-5240 e-n-accordion-item-2040\" class=\"elementor-element elementor-element-284670e e-con-full e-flex e-con e-child\" data-id=\"284670e\" data-element_type=\"container\" data-e-type=\"container\" data-settings=\"{&quot;background_background&quot;:&quot;video&quot;,&quot;background_play_on_mobile&quot;:&quot;yes&quot;}\">\n\t\t\t\t<\/div>\n\t\t<div role=\"region region\" aria-labelledby=\"e-n-accordion-item-5240 e-n-accordion-item-2040\" class=\"elementor-element elementor-element-06ab53f e-con-full e-flex e-con e-child\" data-id=\"06ab53f\" data-element_type=\"container\" data-e-type=\"container\" data-settings=\"{&quot;background_background&quot;:&quot;classic&quot;}\">\n\t\t\t\t<div class=\"elementor-element elementor-element-857b28a elementor-widget elementor-widget-heading\" data-id=\"857b28a\" data-element_type=\"widget\" data-e-type=\"widget\" data-widget_type=\"heading.default\">\n\t\t\t\t<div class=\"elementor-widget-container\">\n\t\t\t\t\t<h2 class=\"elementor-heading-title elementor-size-default\">16.57 - Line up - FAMU (Cehia)<\/h2>\t\t\t\t<\/div>\n\t\t\t\t<\/div>\n\t\t\t\t<div class=\"elementor-element elementor-element-a543b44 elementor-widget elementor-widget-text-editor\" data-id=\"a543b44\" data-element_type=\"widget\" data-e-type=\"widget\" data-widget_type=\"text-editor.default\">\n\t\t\t\t<div class=\"elementor-widget-container\">\n\t\t\t\t\t\t\t\t\t<p>O fat\u0103 aflat\u0103 \u00een c\u0103utarea perfec\u021biunii \u0219i a ordinii \u00eent\u00e2lne\u0219te o mic\u0103 eroare, dar chiar \u0219i aceast\u0103 problem\u0103 poate fi rezolvat\u0103.<\/p>\t\t\t\t\t\t\t\t<\/div>\n\t\t\t\t<\/div>\n\t\t\t\t<\/div>\n\t\t<div role=\"region region\" aria-labelledby=\"e-n-accordion-item-5240 e-n-accordion-item-2040\" class=\"elementor-element elementor-element-432d12c e-con-full e-flex e-con e-child\" data-id=\"432d12c\" data-element_type=\"container\" data-e-type=\"container\" data-settings=\"{&quot;background_background&quot;:&quot;video&quot;,&quot;background_play_on_mobile&quot;:&quot;yes&quot;}\">\n\t\t\t\t<\/div>\n\t\t<div role=\"region region\" aria-labelledby=\"e-n-accordion-item-5240 e-n-accordion-item-2040\" class=\"elementor-element elementor-element-56d6ab2 e-con-full e-flex e-con e-child\" data-id=\"56d6ab2\" data-element_type=\"container\" data-e-type=\"container\" data-settings=\"{&quot;background_background&quot;:&quot;classic&quot;}\">\n\t\t\t\t<div class=\"elementor-element elementor-element-6446143 elementor-widget elementor-widget-heading\" data-id=\"6446143\" data-element_type=\"widget\" data-e-type=\"widget\" data-widget_type=\"heading.default\">\n\t\t\t\t<div class=\"elementor-widget-container\">\n\t\t\t\t\t<h2 class=\"elementor-heading-title elementor-size-default\">17.00 - Sedmikr\u00e1ska pro sestru | Daisy for Sister - FAMU (Cehia)<\/h2>\t\t\t\t<\/div>\n\t\t\t\t<\/div>\n\t\t\t\t<div class=\"elementor-element elementor-element-a2a3912 elementor-widget elementor-widget-text-editor\" data-id=\"a2a3912\" data-element_type=\"widget\" data-e-type=\"widget\" data-widget_type=\"text-editor.default\">\n\t\t\t\t<div class=\"elementor-widget-container\">\n\t\t\t\t\t\t\t\t\t<p>Doi fra\u021bi trebuie s\u0103 fac\u0103 fa\u021b\u0103 prezen\u021bei norului \u00eentunecat al surorii lor, care le va schimba vie\u021bile pentru totdeauna.<\/p>\t\t\t\t\t\t\t\t<\/div>\n\t\t\t\t<\/div>\n\t\t\t\t<\/div>\n\t\t<div role=\"region region\" aria-labelledby=\"e-n-accordion-item-5240 e-n-accordion-item-2040\" class=\"elementor-element elementor-element-685275e e-con-full e-flex e-con e-child\" data-id=\"685275e\" data-element_type=\"container\" data-e-type=\"container\" data-settings=\"{&quot;background_background&quot;:&quot;video&quot;,&quot;background_play_on_mobile&quot;:&quot;yes&quot;}\">\n\t\t\t\t<\/div>\n\t\t<div role=\"region region\" aria-labelledby=\"e-n-accordion-item-5240 e-n-accordion-item-2040\" class=\"elementor-element elementor-element-0dc645c e-con-full e-flex e-con e-child\" data-id=\"0dc645c\" data-element_type=\"container\" data-e-type=\"container\" data-settings=\"{&quot;background_background&quot;:&quot;classic&quot;}\">\n\t\t\t\t<div class=\"elementor-element elementor-element-83b5e01 elementor-widget elementor-widget-heading\" data-id=\"83b5e01\" data-element_type=\"widget\" data-e-type=\"widget\" data-widget_type=\"heading.default\">\n\t\t\t\t<div class=\"elementor-widget-container\">\n\t\t\t\t\t<h2 class=\"elementor-heading-title elementor-size-default\">17.10 - Braids - FAMU (Cehia)<\/h2>\t\t\t\t<\/div>\n\t\t\t\t<\/div>\n\t\t\t\t<div class=\"elementor-element elementor-element-bcb3ca6 elementor-widget elementor-widget-text-editor\" data-id=\"bcb3ca6\" data-element_type=\"widget\" data-e-type=\"widget\" data-widget_type=\"text-editor.default\">\n\t\t\t\t<div class=\"elementor-widget-container\">\n\t\t\t\t\t\t\t\t\t<p>Majda, o feti\u021b\u0103 de opt ani, este \u00eengrozit\u0103 de \u00eentuneric, iar tab\u0103ra de var\u0103 pare cel mai \u00eenfrico\u0219\u0103tor loc din lume. Ce va trebui s\u0103 fac\u0103 pentru a-\u0219i g\u0103si curajul \u0219i a-\u0219i dep\u0103\u0219i teama?<\/p>\t\t\t\t\t\t\t\t<\/div>\n\t\t\t\t<\/div>\n\t\t\t\t<\/div>\n\t\t<div role=\"region region\" aria-labelledby=\"e-n-accordion-item-5240 e-n-accordion-item-2040\" class=\"elementor-element elementor-element-5994ca4 e-con-full e-flex e-con e-child\" data-id=\"5994ca4\" data-element_type=\"container\" data-e-type=\"container\" data-settings=\"{&quot;background_background&quot;:&quot;video&quot;,&quot;background_play_on_mobile&quot;:&quot;yes&quot;}\">\n\t\t\t\t<\/div>\n\t\t<div role=\"region region\" aria-labelledby=\"e-n-accordion-item-5240 e-n-accordion-item-2040\" class=\"elementor-element elementor-element-7ffa488 e-con-full e-flex e-con e-child\" data-id=\"7ffa488\" data-element_type=\"container\" data-e-type=\"container\" data-settings=\"{&quot;background_background&quot;:&quot;classic&quot;}\">\n\t\t\t\t<div class=\"elementor-element elementor-element-9f913d0 elementor-widget elementor-widget-heading\" data-id=\"9f913d0\" data-element_type=\"widget\" data-e-type=\"widget\" data-widget_type=\"heading.default\">\n\t\t\t\t<div class=\"elementor-widget-container\">\n\t\t\t\t\t<h2 class=\"elementor-heading-title elementor-size-default\">17.30 - Loves and Daises - FAMU (Cehia)<\/h2>\t\t\t\t<\/div>\n\t\t\t\t<\/div>\n\t\t\t\t<div class=\"elementor-element elementor-element-0ff9a1d elementor-widget elementor-widget-text-editor\" data-id=\"0ff9a1d\" data-element_type=\"widget\" data-e-type=\"widget\" data-widget_type=\"text-editor.default\">\n\t\t\t\t<div class=\"elementor-widget-container\">\n\t\t\t\t\t\t\t\t\t<p>O poveste de dragoste \u00eentre un pitic de gr\u0103din\u0103 \u0219i o floare.<\/p>\t\t\t\t\t\t\t\t<\/div>\n\t\t\t\t<\/div>\n\t\t\t\t<\/div>\n\t\t<div role=\"region region\" aria-labelledby=\"e-n-accordion-item-5240 e-n-accordion-item-2040\" class=\"elementor-element elementor-element-b39aa94 e-con-full e-flex e-con e-child\" data-id=\"b39aa94\" data-element_type=\"container\" data-e-type=\"container\" data-settings=\"{&quot;background_background&quot;:&quot;video&quot;,&quot;background_play_on_mobile&quot;:&quot;yes&quot;}\">\n\t\t\t\t<\/div>\n\t\t\t\t<\/div>\n\t\t\t\t\t<\/details>\n\t\t\t\t\t<\/div>\n\t\t\t\t\t\t<\/div>\n\t\t\t\t<\/div>\n\t\t<div role=\"region\" aria-labelledby=\"e-n-accordion-item-5240\" class=\"elementor-element elementor-element-0e5ac85 e-con-full e-flex e-con e-child\" data-id=\"0e5ac85\" data-element_type=\"container\" data-e-type=\"container\" data-settings=\"{&quot;background_background&quot;:&quot;classic&quot;}\">\n\t\t\t\t<div class=\"elementor-element elementor-element-eb5f230 elementor-widget elementor-widget-heading\" data-id=\"eb5f230\" data-element_type=\"widget\" data-e-type=\"widget\" data-widget_type=\"heading.default\">\n\t\t\t\t<div class=\"elementor-widget-container\">\n\t\t\t\t\t<h2 class=\"elementor-heading-title elementor-size-default\">18.00 - Hungry Bear Tales - FAMU (Cehia)<\/h2>\t\t\t\t<\/div>\n\t\t\t\t<\/div>\n\t\t\t\t<div class=\"elementor-element elementor-element-0bcffbd elementor-widget elementor-widget-text-editor\" data-id=\"0bcffbd\" data-element_type=\"widget\" data-e-type=\"widget\" data-widget_type=\"text-editor.default\">\n\t\t\t\t<div class=\"elementor-widget-container\">\n\t\t\t\t\t\t\t\t\t<p>Dup\u0103 cum \u0219tie toat\u0103 lumea, ur\u0219ii tind s\u0103 fie singuratici, dar Ned \u0219i Mishka sunt cei mai buni prieteni \u0219i \u00eempart o c\u0103su\u021b\u0103 primitoare \u00een p\u0103dure. Unul este mare, cel\u0103lalt este mic, iar am\u00e2ndoi sunt mereu fl\u0103m\u00e2nzi. Majoritatea aventurilor lor se \u00eenv\u00e2rt \u00een jurul g\u0103sirii unor moduri de a ob\u021bine ceva bun de m\u00e2ncare cu c\u00e2t mai pu\u021bin efort posibil &#8211; \u0219i sunt dispu\u0219i s\u0103 \u00ee\u0219i asume riscuri considerabile. Planurile lor nu decurg \u00eentotdeauna a\u0219a cum \u00ee\u0219i imagineaz\u0103, dar micile lor aventuri au \u00eentotdeauna un final fericit.<\/p>\t\t\t\t\t\t\t\t<\/div>\n\t\t\t\t<\/div>\n\t\t\t\t<\/div>\n\t\t<div role=\"region\" aria-labelledby=\"e-n-accordion-item-5240\" class=\"elementor-element elementor-element-b6a5161 e-con-full e-flex e-con e-child\" data-id=\"b6a5161\" data-element_type=\"container\" data-e-type=\"container\" data-settings=\"{&quot;background_background&quot;:&quot;video&quot;,&quot;background_video_link&quot;:&quot;https:\\\/\\\/sustin.org\\\/wp-content\\\/uploads\\\/2025\\\/10\\\/Hungry-Bear-Tales-trailer_1.mp4&quot;,&quot;background_play_on_mobile&quot;:&quot;yes&quot;}\">\n\t\t<div class=\"elementor-background-video-container\">\n\t\t\t\t\t\t\t<video class=\"elementor-background-video-hosted\" role=\"presentation\" autoplay muted playsinline loop><\/video>\n\t\t\t\t\t<\/div>\t\t<\/div>\n\t\t\t\t<\/div>\n\t\t\t\t\t<\/details>\n\t\t\t\t\t\t<details id=\"e-n-accordion-item-5241\" class=\"e-n-accordion-item\" >\n\t\t\t\t<summary class=\"e-n-accordion-item-title\" data-accordion-index=\"2\" tabindex=\"-1\" aria-expanded=\"false\" aria-controls=\"e-n-accordion-item-5241\" >\n\t\t\t\t\t<span class='e-n-accordion-item-title-header'><div class=\"e-n-accordion-item-title-text\"> Joi 6 Noiembrie <\/div><\/span>\n\t\t\t\t\t\t\t<span class='e-n-accordion-item-title-icon'>\n\t\t\t<span class='e-opened' ><i aria-hidden=\"true\" class=\"fas fa-minus\"><\/i><\/span>\n\t\t\t<span class='e-closed'><i aria-hidden=\"true\" class=\"fas fa-plus\"><\/i><\/span>\n\t\t<\/span>\n\n\t\t\t\t\t\t<\/summary>\n\t\t\t\t<div role=\"region\" aria-labelledby=\"e-n-accordion-item-5241\" class=\"elementor-element elementor-element-3d0cdc1 e-con-full e-flex e-con e-child\" data-id=\"3d0cdc1\" data-element_type=\"container\" data-e-type=\"container\">\n\t\t<div role=\"region\" aria-labelledby=\"e-n-accordion-item-5241\" class=\"elementor-element elementor-element-7c01834 e-con-full e-flex e-con e-child\" data-id=\"7c01834\" data-element_type=\"container\" data-e-type=\"container\">\n\t\t\t\t<div class=\"elementor-element elementor-element-5dd9a1c elementor-widget elementor-widget-heading\" data-id=\"5dd9a1c\" data-element_type=\"widget\" data-e-type=\"widget\" data-widget_type=\"heading.default\">\n\t\t\t\t<div class=\"elementor-widget-container\">\n\t\t\t\t\t<h2 class=\"elementor-heading-title elementor-size-default\">13.00 - Sobre Rodas (Brazilia)<\/h2>\t\t\t\t<\/div>\n\t\t\t\t<\/div>\n\t\t\t\t<div class=\"elementor-element elementor-element-fccb77b elementor-widget elementor-widget-text-editor\" data-id=\"fccb77b\" data-element_type=\"widget\" data-e-type=\"widget\" data-widget_type=\"text-editor.default\">\n\t\t\t\t<div class=\"elementor-widget-container\">\n\t\t\t\t\t\t\t\t\t<p><span data-sheets-root=\"1\">Pe ro\u021bi esteo dram\u0103 despre maturizare, destinat\u0103 publicului t\u00e2n\u0103r. Lucas, un b\u0103iat de 13 ani, ajunge \u00eentr-un scaun cu rotile dup\u0103 ce sufer\u0103 un accident.<\/span><\/p>\t\t\t\t\t\t\t\t<\/div>\n\t\t\t\t<\/div>\n\t\t\t\t<\/div>\n\t\t<div role=\"region\" aria-labelledby=\"e-n-accordion-item-5241\" class=\"elementor-element elementor-element-2a6fc45 e-con-full e-flex e-con e-child\" data-id=\"2a6fc45\" data-element_type=\"container\" data-e-type=\"container\" data-settings=\"{&quot;background_background&quot;:&quot;video&quot;,&quot;background_video_link&quot;:&quot;https:\\\/\\\/sustin.org\\\/wp-content\\\/uploads\\\/2025\\\/10\\\/Sobre-Rodas-_-Trailer-Oficial_1.mp4&quot;,&quot;background_play_on_mobile&quot;:&quot;yes&quot;}\">\n\t\t<div class=\"elementor-background-video-container\">\n\t\t\t\t\t\t\t<video class=\"elementor-background-video-hosted\" role=\"presentation\" autoplay muted playsinline loop><\/video>\n\t\t\t\t\t<\/div>\t\t<\/div>\n\t\t<div role=\"region\" aria-labelledby=\"e-n-accordion-item-5241\" class=\"elementor-element elementor-element-527ac8b e-con-full e-flex e-con e-child\" data-id=\"527ac8b\" data-element_type=\"container\" data-e-type=\"container\" data-settings=\"{&quot;background_background&quot;:&quot;classic&quot;}\">\n\t\t\t\t<div class=\"elementor-element elementor-element-2ba83f0 elementor-widget elementor-widget-heading\" data-id=\"2ba83f0\" data-element_type=\"widget\" data-e-type=\"widget\" data-widget_type=\"heading.default\">\n\t\t\t\t<div class=\"elementor-widget-container\">\n\t\t\t\t\t<h2 class=\"elementor-heading-title elementor-size-default\">14.20 - Totally Boss (Estonia)<\/h2>\t\t\t\t<\/div>\n\t\t\t\t<\/div>\n\t\t\t\t<div class=\"elementor-element elementor-element-9658dfd elementor-widget elementor-widget-text-editor\" data-id=\"9658dfd\" data-element_type=\"widget\" data-e-type=\"widget\" data-widget_type=\"text-editor.default\">\n\t\t\t\t<div class=\"elementor-widget-container\">\n\t\t\t\t\t\t\t\t\t<p><span data-sheets-root=\"1\">C\u00e2nd pre-adolescen\u021bii iste\u021bi Oliver \u0219i Sass creeaz\u0103 un nou produs care atrage aten\u021bia unui investitor misterios, b\u0103ie\u021bii trebuie s\u0103 angajeze pe ascuns tat\u0103l recent concediat al lui Oliver pentru a conduce afacerea lor.<\/span><\/p>\t\t\t\t\t\t\t\t<\/div>\n\t\t\t\t<\/div>\n\t\t\t\t<\/div>\n\t\t<div role=\"region\" aria-labelledby=\"e-n-accordion-item-5241\" class=\"elementor-element elementor-element-d3b6b00 e-con-full e-flex e-con e-child\" data-id=\"d3b6b00\" data-element_type=\"container\" data-e-type=\"container\" data-settings=\"{&quot;background_background&quot;:&quot;video&quot;,&quot;background_video_link&quot;:&quot;https:\\\/\\\/sustin.org\\\/wp-content\\\/uploads\\\/2025\\\/10\\\/Totally-Boss-Trailer-_-JF-Childrens-Competition-Programme_1.mp4&quot;,&quot;background_play_on_mobile&quot;:&quot;yes&quot;}\">\n\t\t<div class=\"elementor-background-video-container\">\n\t\t\t\t\t\t\t<video class=\"elementor-background-video-hosted\" role=\"presentation\" autoplay muted playsinline loop><\/video>\n\t\t\t\t\t<\/div>\t\t<\/div>\n\t\t<div role=\"region\" aria-labelledby=\"e-n-accordion-item-5241\" class=\"elementor-element elementor-element-ec56aaa e-con-full e-flex e-con e-child\" data-id=\"ec56aaa\" data-element_type=\"container\" data-e-type=\"container\" data-settings=\"{&quot;background_background&quot;:&quot;classic&quot;}\">\n\t\t\t\t<div class=\"elementor-element elementor-element-30450b0 elementor-widget elementor-widget-heading\" data-id=\"30450b0\" data-element_type=\"widget\" data-e-type=\"widget\" data-widget_type=\"heading.default\">\n\t\t\t\t<div class=\"elementor-widget-container\">\n\t\t\t\t\t<h2 class=\"elementor-heading-title elementor-size-default\">16.00 - Planet 7693 (Muntenegru)<\/h2>\t\t\t\t<\/div>\n\t\t\t\t<\/div>\n\t\t\t\t<div class=\"elementor-element elementor-element-655c5f7 elementor-widget elementor-widget-text-editor\" data-id=\"655c5f7\" data-element_type=\"widget\" data-e-type=\"widget\" data-widget_type=\"text-editor.default\">\n\t\t\t\t<div class=\"elementor-widget-container\">\n\t\t\t\t\t\t\t\t\t<p><span data-sheets-root=\"1\">Luka, un b\u0103iat de nou\u0103 ani cu o imagina\u021bie bogat\u0103, \u00eencearc\u0103 s\u0103 vindece rela\u021biile tensionate din familie, cu ajutorul prietenului s\u0103u ciudat \u0219i misterios, numit 7693.<\/span><\/p>\t\t\t\t\t\t\t\t<\/div>\n\t\t\t\t<\/div>\n\t\t\t\t<\/div>\n\t\t<div role=\"region\" aria-labelledby=\"e-n-accordion-item-5241\" class=\"elementor-element elementor-element-91292a0 e-con-full e-flex e-con e-child\" data-id=\"91292a0\" data-element_type=\"container\" data-e-type=\"container\" data-settings=\"{&quot;background_background&quot;:&quot;video&quot;,&quot;background_video_link&quot;:&quot;https:\\\/\\\/sustin.org\\\/wp-content\\\/uploads\\\/2025\\\/10\\\/Planeta-7693-Trejler-U-bioskopima-od-17.-oktobra_1.mp4&quot;,&quot;background_play_on_mobile&quot;:&quot;yes&quot;}\">\n\t\t<div class=\"elementor-background-video-container\">\n\t\t\t\t\t\t\t<video class=\"elementor-background-video-hosted\" role=\"presentation\" autoplay muted playsinline loop><\/video>\n\t\t\t\t\t<\/div>\t\t<\/div>\n\t\t\t\t<\/div>\n\t\t\t\t\t<\/details>\n\t\t\t\t\t\t<details id=\"e-n-accordion-item-5242\" class=\"e-n-accordion-item\" >\n\t\t\t\t<summary class=\"e-n-accordion-item-title\" data-accordion-index=\"3\" tabindex=\"-1\" aria-expanded=\"false\" aria-controls=\"e-n-accordion-item-5242\" >\n\t\t\t\t\t<span class='e-n-accordion-item-title-header'><div class=\"e-n-accordion-item-title-text\"> Vineri 7 Noiembrie <\/div><\/span>\n\t\t\t\t\t\t\t<span class='e-n-accordion-item-title-icon'>\n\t\t\t<span class='e-opened' ><i aria-hidden=\"true\" class=\"fas fa-minus\"><\/i><\/span>\n\t\t\t<span class='e-closed'><i aria-hidden=\"true\" class=\"fas fa-plus\"><\/i><\/span>\n\t\t<\/span>\n\n\t\t\t\t\t\t<\/summary>\n\t\t\t\t<div role=\"region\" aria-labelledby=\"e-n-accordion-item-5242\" class=\"elementor-element elementor-element-f785160 e-con-full e-flex e-con e-child\" data-id=\"f785160\" data-element_type=\"container\" data-e-type=\"container\">\n\t\t<div role=\"region\" aria-labelledby=\"e-n-accordion-item-5242\" class=\"elementor-element elementor-element-97dc2cf e-con-full e-flex e-con e-child\" data-id=\"97dc2cf\" data-element_type=\"container\" data-e-type=\"container\">\n\t\t\t\t<div class=\"elementor-element elementor-element-268a573 elementor-widget elementor-widget-heading\" data-id=\"268a573\" data-element_type=\"widget\" data-e-type=\"widget\" data-widget_type=\"heading.default\">\n\t\t\t\t<div class=\"elementor-widget-container\">\n\t\t\t\t\t<h2 class=\"elementor-heading-title elementor-size-default\">11.00 - Down in the Dumps (Olanda)<\/h2>\t\t\t\t<\/div>\n\t\t\t\t<\/div>\n\t\t\t\t<div class=\"elementor-element elementor-element-a18dcc2 elementor-widget elementor-widget-text-editor\" data-id=\"a18dcc2\" data-element_type=\"widget\" data-e-type=\"widget\" data-widget_type=\"text-editor.default\">\n\t\t\t\t<div class=\"elementor-widget-container\">\n\t\t\t\t\t\t\t\t\t<p><span data-sheets-root=\"1\">C\u00e2nd Cinelli, o buburuz\u0103 perfec\u021bionist\u0103, \u00ee\u0219i pierde carapacea furat\u0103 de invidioasa vecin\u0103 Peri, intr\u0103 \u00eentr-o spiral\u0103 de depresie. Pe m\u0103sur\u0103 ce Peri descoper\u0103 povara de a tr\u0103i \u00een pielea Cinelli, aparent f\u0103r\u0103 cusur, ambele \u00eenva\u021b\u0103 lec\u021bii nea\u0219teptate despre acceptare \u0219i \u00een\u021belegere.<\/span><\/p>\t\t\t\t\t\t\t\t<\/div>\n\t\t\t\t<\/div>\n\t\t\t\t<\/div>\n\t\t<div role=\"region\" aria-labelledby=\"e-n-accordion-item-5242\" class=\"elementor-element elementor-element-419866c e-con-full e-flex e-con e-child\" data-id=\"419866c\" data-element_type=\"container\" data-e-type=\"container\" data-settings=\"{&quot;background_background&quot;:&quot;video&quot;,&quot;background_video_link&quot;:&quot;https:\\\/\\\/sustin.org\\\/wp-content\\\/uploads\\\/2025\\\/10\\\/Down-in-the-Dumps_-_-Trailer-_-Berlinale-2025.mp4&quot;,&quot;background_play_on_mobile&quot;:&quot;yes&quot;,&quot;background_video_start&quot;:7}\">\n\t\t<div class=\"elementor-background-video-container\">\n\t\t\t\t\t\t\t<video class=\"elementor-background-video-hosted\" role=\"presentation\" autoplay muted playsinline loop><\/video>\n\t\t\t\t\t<\/div>\t\t<\/div>\n\t\t<div role=\"region\" aria-labelledby=\"e-n-accordion-item-5242\" class=\"elementor-element elementor-element-cca0265 e-con-full e-flex e-con e-child\" data-id=\"cca0265\" data-element_type=\"container\" data-e-type=\"container\" data-settings=\"{&quot;background_background&quot;:&quot;classic&quot;}\">\n\t\t\t\t<div class=\"elementor-element elementor-element-581c050 elementor-widget elementor-widget-heading\" data-id=\"581c050\" data-element_type=\"widget\" data-e-type=\"widget\" data-widget_type=\"heading.default\">\n\t\t\t\t<div class=\"elementor-widget-container\">\n\t\t\t\t\t<h2 class=\"elementor-heading-title elementor-size-default\">11.20 - Nutissimo \/ Zizanizzz (Fran\u021ba)<\/h2>\t\t\t\t<\/div>\n\t\t\t\t<\/div>\n\t\t\t\t<div class=\"elementor-element elementor-element-68a0b7f elementor-widget elementor-widget-text-editor\" data-id=\"68a0b7f\" data-element_type=\"widget\" data-e-type=\"widget\" data-widget_type=\"text-editor.default\">\n\t\t\t\t<div class=\"elementor-widget-container\">\n\t\t\t\t\t\t\t\t\t<p><span data-sheets-root=\"1\">O partitur\u0103 abandonat\u0103 pe biroul unui compozitor devine scena unei aventuri nea\u0219teptate atunci c\u00e2nd o musc\u0103 iubitoare de muzic\u0103 aterizeaz\u0103 pe ea. Zburd\u00e2nd \u0219i provoc\u00e2nd haos, ea atrage aten\u021bia unui p\u0103ianjen care nu vrea s\u0103 piard\u0103 ocazia unei cine\u2026 muzicale.<\/span><\/p>\t\t\t\t\t\t\t\t<\/div>\n\t\t\t\t<\/div>\n\t\t\t\t<\/div>\n\t\t<div role=\"region\" aria-labelledby=\"e-n-accordion-item-5242\" class=\"elementor-element elementor-element-74cd587 e-con-full e-flex e-con e-child\" data-id=\"74cd587\" data-element_type=\"container\" data-e-type=\"container\" data-settings=\"{&quot;background_background&quot;:&quot;video&quot;,&quot;background_video_link&quot;:&quot;https:\\\/\\\/sustin.org\\\/wp-content\\\/uploads\\\/2025\\\/10\\\/trailer-nuttisimo-zizanizz.mp4&quot;,&quot;background_video_start&quot;:7,&quot;background_play_on_mobile&quot;:&quot;yes&quot;}\">\n\t\t<div class=\"elementor-background-video-container\">\n\t\t\t\t\t\t\t<video class=\"elementor-background-video-hosted\" role=\"presentation\" autoplay muted playsinline loop><\/video>\n\t\t\t\t\t<\/div>\t\t<\/div>\n\t\t<div role=\"region\" aria-labelledby=\"e-n-accordion-item-5242\" class=\"elementor-element elementor-element-3a26216 e-con-full e-flex e-con e-child\" data-id=\"3a26216\" data-element_type=\"container\" data-e-type=\"container\" data-settings=\"{&quot;background_background&quot;:&quot;classic&quot;}\">\n\t\t\t\t<div class=\"elementor-element elementor-element-3948e13 elementor-widget elementor-widget-heading\" data-id=\"3948e13\" data-element_type=\"widget\" data-e-type=\"widget\" data-widget_type=\"heading.default\">\n\t\t\t\t<div class=\"elementor-widget-container\">\n\t\t\t\t\t<h2 class=\"elementor-heading-title elementor-size-default\">11.25 - Bay of Interiors (Fran\u021ba)<\/h2>\t\t\t\t<\/div>\n\t\t\t\t<\/div>\n\t\t\t\t<div class=\"elementor-element elementor-element-caa6079 elementor-widget elementor-widget-text-editor\" data-id=\"caa6079\" data-element_type=\"widget\" data-e-type=\"widget\" data-widget_type=\"text-editor.default\">\n\t\t\t\t<div class=\"elementor-widget-container\">\n\t\t\t\t\t\t\t\t\t<p><span data-sheets-root=\"1\">Un micu\u021b pas\u0103re \u00een captivitate prive\u0219te curios lumea de afar\u0103 prin fereastr\u0103. Deodat\u0103, un pas\u0103re muzical\u0103 stranie apare \u00een reflexia sticlei, purt\u00e2ndu-l \u00eentr-o c\u0103l\u0103torie hipnotic\u0103 \u0219i eliberatoare, unde libertatea devine o melodie ce a\u0219teapt\u0103 s\u0103 fie ascultat\u0103.<\/span><\/p>\t\t\t\t\t\t\t\t<\/div>\n\t\t\t\t<\/div>\n\t\t\t\t<\/div>\n\t\t<div role=\"region\" aria-labelledby=\"e-n-accordion-item-5242\" class=\"elementor-element elementor-element-528f7b2 e-con-full e-flex e-con e-child\" data-id=\"528f7b2\" data-element_type=\"container\" data-e-type=\"container\" data-settings=\"{&quot;background_background&quot;:&quot;video&quot;,&quot;background_video_link&quot;:&quot;https:\\\/\\\/sustin.org\\\/wp-content\\\/uploads\\\/2025\\\/10\\\/3.Bay-of-Interiors-trailer_1.mp4&quot;,&quot;background_play_on_mobile&quot;:&quot;yes&quot;,&quot;background_video_start&quot;:7}\">\n\t\t<div class=\"elementor-background-video-container\">\n\t\t\t\t\t\t\t<video class=\"elementor-background-video-hosted\" role=\"presentation\" autoplay muted playsinline loop><\/video>\n\t\t\t\t\t<\/div>\t\t<\/div>\n\t\t<div role=\"region\" aria-labelledby=\"e-n-accordion-item-5242\" class=\"elementor-element elementor-element-1a3e89b e-con-full e-flex e-con e-child\" data-id=\"1a3e89b\" data-element_type=\"container\" data-e-type=\"container\" data-settings=\"{&quot;background_background&quot;:&quot;classic&quot;}\">\n\t\t\t\t<div class=\"elementor-element elementor-element-f69c788 elementor-widget elementor-widget-heading\" data-id=\"f69c788\" data-element_type=\"widget\" data-e-type=\"widget\" data-widget_type=\"heading.default\">\n\t\t\t\t<div class=\"elementor-widget-container\">\n\t\t\t\t\t<h2 class=\"elementor-heading-title elementor-size-default\">11.30 - Teoria haosului (Rep. Moldova)<\/h2>\t\t\t\t<\/div>\n\t\t\t\t<\/div>\n\t\t\t\t<div class=\"elementor-element elementor-element-8af204c elementor-widget elementor-widget-text-editor\" data-id=\"8af204c\" data-element_type=\"widget\" data-e-type=\"widget\" data-widget_type=\"text-editor.default\">\n\t\t\t\t<div class=\"elementor-widget-container\">\n\t\t\t\t\t\t\t\t\t<p>Un elev pl\u0103nuie\u0219te o fars\u0103 colegului s\u0103u, ascunz\u00e2nd un \u0219arpe \u00een rucsac. Dintr-o confuzie, \u0219arpele ajunge \u00eentr-un ghiozdan identic, iar \u00een lan\u021bul de \u00eencurc\u0103turi ce urmeaz\u0103, sora unui elev se sperie, se r\u0103ne\u0219te, iar iPad-ul ei ajunge aruncat \u00een bazin. To\u021bi au partea lor de adev\u0103r, dar \u0219i de suferin\u021b\u0103, fiind ne\u00een\u021bele\u0219i unii de al\u021bii. Doar interven\u021bia directoarei, care reconstituie firul gre\u0219elilor, dezv\u0103luie adev\u0103rul din spatele \u00eentregii \u00eent\u00e2mpl\u0103ri.<\/p>\t\t\t\t\t\t\t\t<\/div>\n\t\t\t\t<\/div>\n\t\t\t\t<\/div>\n\t\t<div role=\"region\" aria-labelledby=\"e-n-accordion-item-5242\" class=\"elementor-element elementor-element-32e38b8 e-con-full e-flex e-con e-child\" data-id=\"32e38b8\" data-element_type=\"container\" data-e-type=\"container\" data-settings=\"{&quot;background_background&quot;:&quot;video&quot;,&quot;background_video_link&quot;:&quot;https:\\\/\\\/sustin.org\\\/wp-content\\\/uploads\\\/2025\\\/10\\\/teoria-haosului-trailer.mp4&quot;,&quot;background_play_on_mobile&quot;:&quot;yes&quot;,&quot;background_video_start&quot;:7}\">\n\t\t<div class=\"elementor-background-video-container\">\n\t\t\t\t\t\t\t<video class=\"elementor-background-video-hosted\" role=\"presentation\" autoplay muted playsinline loop><\/video>\n\t\t\t\t\t<\/div>\t\t<\/div>\n\t\t<div role=\"region\" aria-labelledby=\"e-n-accordion-item-5242\" class=\"elementor-element elementor-element-06b0984 e-con-full e-flex e-con e-child\" data-id=\"06b0984\" data-element_type=\"container\" data-e-type=\"container\" data-settings=\"{&quot;background_background&quot;:&quot;classic&quot;}\">\n\t\t\t\t<div class=\"elementor-element elementor-element-c8a9669 elementor-widget elementor-widget-heading\" data-id=\"c8a9669\" data-element_type=\"widget\" data-e-type=\"widget\" data-widget_type=\"heading.default\">\n\t\t\t\t<div class=\"elementor-widget-container\">\n\t\t\t\t\t<h2 class=\"elementor-heading-title elementor-size-default\">11.40 - La bazin (Rep. Moldova)<\/h2>\t\t\t\t<\/div>\n\t\t\t\t<\/div>\n\t\t\t\t<div class=\"elementor-element elementor-element-8d3bf28 elementor-widget elementor-widget-text-editor\" data-id=\"8d3bf28\" data-element_type=\"widget\" data-e-type=\"widget\" data-widget_type=\"text-editor.default\">\n\t\t\t\t<div class=\"elementor-widget-container\">\n\t\t\t\t\t\t\t\t\t<p><span data-sheets-root=\"1\">Un grup de elevi hot\u0103r\u0103\u0219te s\u0103 s\u0103rb\u0103toreasc\u0103 pe ascuns la bazinul \u0219colii. L\u0103s\u00e2nd o fereastr\u0103 deschis\u0103, reu\u0219esc s\u0103 intre noaptea \u00een incint\u0103. Cur\u00e2nd, atmosfera de distrac\u021bie se transform\u0103 \u00een panic\u0103: elevii \u00eencep s\u0103 dispar\u0103 unul c\u00e2te unul, iar din \u00eentuneric r\u0103sun\u0103 \u021bipetele colegilor. Ultimul r\u0103mas descoper\u0103 adev\u0103rul atunci c\u00e2nd d\u0103 peste to\u021bi prietenii s\u0103i ascun\u0219i \u00een cabinetul unei profesoare. Profesorii, care \u0219tiau de planul elevilor, au pus la cale o ambuscad\u0103 menit\u0103 s\u0103 le dea o lec\u021bie de neuitat.<\/span><\/p>\t\t\t\t\t\t\t\t<\/div>\n\t\t\t\t<\/div>\n\t\t\t\t<\/div>\n\t\t<div role=\"region\" aria-labelledby=\"e-n-accordion-item-5242\" class=\"elementor-element elementor-element-175de5c e-con-full e-flex e-con e-child\" data-id=\"175de5c\" data-element_type=\"container\" data-e-type=\"container\" data-settings=\"{&quot;background_background&quot;:&quot;video&quot;,&quot;background_video_link&quot;:&quot;https:\\\/\\\/sustin.org\\\/wp-content\\\/uploads\\\/2025\\\/10\\\/la-bazin-trailer-final_1_1.mp4&quot;,&quot;background_play_on_mobile&quot;:&quot;yes&quot;,&quot;background_video_start&quot;:7}\">\n\t\t<div class=\"elementor-background-video-container\">\n\t\t\t\t\t\t\t<video class=\"elementor-background-video-hosted\" role=\"presentation\" autoplay muted playsinline loop><\/video>\n\t\t\t\t\t<\/div>\t\t<\/div>\n\t\t<div role=\"region\" aria-labelledby=\"e-n-accordion-item-5242\" class=\"elementor-element elementor-element-916db35 e-con-full e-flex e-con e-child\" data-id=\"916db35\" data-element_type=\"container\" data-e-type=\"container\" data-settings=\"{&quot;background_background&quot;:&quot;classic&quot;}\">\n\t\t\t\t<div class=\"elementor-element elementor-element-b480b2d elementor-widget elementor-widget-heading\" data-id=\"b480b2d\" data-element_type=\"widget\" data-e-type=\"widget\" data-widget_type=\"heading.default\">\n\t\t\t\t<div class=\"elementor-widget-container\">\n\t\t\t\t\t<h2 class=\"elementor-heading-title elementor-size-default\">11.55 - Wolfie - FAMU (Cehia)<\/h2>\t\t\t\t<\/div>\n\t\t\t\t<\/div>\n\t\t\t\t<div class=\"elementor-element elementor-element-0530064 elementor-widget elementor-widget-text-editor\" data-id=\"0530064\" data-element_type=\"widget\" data-e-type=\"widget\" data-widget_type=\"text-editor.default\">\n\t\t\t\t<div class=\"elementor-widget-container\">\n\t\t\t\t\t\t\t\t\t<p>O ilustratoare perfec\u021bionist\u0103 trebuie s\u0103 se confrunte cu propriile gre\u0219eli atunci c\u00e2nd, din gre\u0219eal\u0103, creeaz\u0103 o pat\u0103 de cerneal\u0103 care d\u0103 via\u021b\u0103 lui Wolfie, un mic lup cu nasul p\u0103tat de cerneal\u0103.<\/p>\t\t\t\t\t\t\t\t<\/div>\n\t\t\t\t<\/div>\n\t\t\t\t<\/div>\n\t\t<div role=\"region\" aria-labelledby=\"e-n-accordion-item-5242\" class=\"elementor-element elementor-element-72cef98 e-con-full e-flex e-con e-child\" data-id=\"72cef98\" data-element_type=\"container\" data-e-type=\"container\" data-settings=\"{&quot;background_background&quot;:&quot;video&quot;,&quot;background_video_link&quot;:&quot;https:\\\/\\\/sustin.org\\\/wp-content\\\/uploads\\\/2025\\\/10\\\/10081.mp4&quot;,&quot;background_play_on_mobile&quot;:&quot;yes&quot;,&quot;background_video_start&quot;:7}\">\n\t\t<div class=\"elementor-background-video-container\">\n\t\t\t\t\t\t\t<video class=\"elementor-background-video-hosted\" role=\"presentation\" autoplay muted playsinline loop><\/video>\n\t\t\t\t\t<\/div>\t\t<\/div>\n\t\t<div role=\"region\" aria-labelledby=\"e-n-accordion-item-5242\" class=\"elementor-element elementor-element-3604b7b e-con-full e-flex e-con e-child\" data-id=\"3604b7b\" data-element_type=\"container\" data-e-type=\"container\" data-settings=\"{&quot;background_background&quot;:&quot;classic&quot;}\">\n\t\t\t\t<div class=\"elementor-element elementor-element-cf7b527 elementor-widget elementor-widget-heading\" data-id=\"cf7b527\" data-element_type=\"widget\" data-e-type=\"widget\" data-widget_type=\"heading.default\">\n\t\t\t\t<div class=\"elementor-widget-container\">\n\t\t\t\t\t<h2 class=\"elementor-heading-title elementor-size-default\">12.10 - The Tiny Shoe (Cehia)<\/h2>\t\t\t\t<\/div>\n\t\t\t\t<\/div>\n\t\t\t\t<div class=\"elementor-element elementor-element-6f5c6b2 elementor-widget elementor-widget-text-editor\" data-id=\"6f5c6b2\" data-element_type=\"widget\" data-e-type=\"widget\" data-widget_type=\"text-editor.default\">\n\t\t\t\t<div class=\"elementor-widget-container\">\n\t\t\t\t\t\t\t\t\t<p><span data-sheets-root=\"1\">Un vechi m\u0103r scobit este c\u0103minul a doi spiridu\u0219i, Foliagie \u0219i Applekin, care se preg\u0103tesc s\u0103 \u00eent\u00e2mpine primul lor copil. Tat\u0103l promisese s\u0103 construiasc\u0103 un pat frumos, dar este mereu ocupat. \u00cen ultimul moment, g\u0103se\u0219te un pantof de copil pe care \u00eel transform\u0103 \u00een p\u0103tu\u021b.<\/span><\/p>\t\t\t\t\t\t\t\t<\/div>\n\t\t\t\t<\/div>\n\t\t\t\t<\/div>\n\t\t<div role=\"region\" aria-labelledby=\"e-n-accordion-item-5242\" class=\"elementor-element elementor-element-4f2fcf1 e-con-full e-flex e-con e-child\" data-id=\"4f2fcf1\" data-element_type=\"container\" data-e-type=\"container\" data-settings=\"{&quot;background_background&quot;:&quot;video&quot;,&quot;background_video_link&quot;:&quot;https:\\\/\\\/sustin.org\\\/wp-content\\\/uploads\\\/2025\\\/10\\\/the-tiny-shoe-trailer_1.mp4&quot;,&quot;background_play_on_mobile&quot;:&quot;yes&quot;,&quot;background_video_start&quot;:7}\">\n\t\t<div class=\"elementor-background-video-container\">\n\t\t\t\t\t\t\t<video class=\"elementor-background-video-hosted\" role=\"presentation\" autoplay muted playsinline loop><\/video>\n\t\t\t\t\t<\/div>\t\t<\/div>\n\t\t<div role=\"region\" aria-labelledby=\"e-n-accordion-item-5242\" class=\"elementor-element elementor-element-a1e8f33 e-con-full e-flex e-con e-child\" data-id=\"a1e8f33\" data-element_type=\"container\" data-e-type=\"container\" data-settings=\"{&quot;background_background&quot;:&quot;classic&quot;}\">\n\t\t\t\t<div class=\"elementor-element elementor-element-ad6bb0a elementor-widget elementor-widget-heading\" data-id=\"ad6bb0a\" data-element_type=\"widget\" data-e-type=\"widget\" data-widget_type=\"heading.default\">\n\t\t\t\t<div class=\"elementor-widget-container\">\n\t\t\t\t\t<h2 class=\"elementor-heading-title elementor-size-default\">12.30 - Cake Battler (Norvegia)<\/h2>\t\t\t\t<\/div>\n\t\t\t\t<\/div>\n\t\t\t\t<div class=\"elementor-element elementor-element-4a4a208 elementor-widget elementor-widget-text-editor\" data-id=\"4a4a208\" data-element_type=\"widget\" data-e-type=\"widget\" data-widget_type=\"text-editor.default\">\n\t\t\t\t<div class=\"elementor-widget-container\">\n\t\t\t\t\t\t\t\t\t<p><span data-sheets-root=\"1\">Emma \u00eencearc\u0103 s\u0103-\u0219i ia \u00eenapoi controlul asupra tortului de ziua ei, lupt\u00e2ndu-se cu mama sa perfec\u021bionist\u0103 \u0219i pasionat\u0103 de social media, care click-uie\u0219te fiecare moment. Surprinz\u0103tor, prime\u0219te ajutor de la una dintre decora\u021biuni: Bernt, un mic om de z\u0103pad\u0103 f\u0103cut din bezele.<\/span><\/p>\t\t\t\t\t\t\t\t<\/div>\n\t\t\t\t<\/div>\n\t\t\t\t<\/div>\n\t\t<div role=\"region\" aria-labelledby=\"e-n-accordion-item-5242\" class=\"elementor-element elementor-element-e074b24 e-con-full e-flex e-con e-child\" data-id=\"e074b24\" data-element_type=\"container\" data-e-type=\"container\" data-settings=\"{&quot;background_background&quot;:&quot;video&quot;,&quot;background_video_link&quot;:&quot;https:\\\/\\\/sustin.org\\\/wp-content\\\/uploads\\\/2025\\\/10\\\/Cakebattler-Official-Trailer_1.mp4&quot;,&quot;background_play_on_mobile&quot;:&quot;yes&quot;,&quot;background_video_start&quot;:7}\">\n\t\t<div class=\"elementor-background-video-container\">\n\t\t\t\t\t\t\t<video class=\"elementor-background-video-hosted\" role=\"presentation\" autoplay muted playsinline loop><\/video>\n\t\t\t\t\t<\/div>\t\t<\/div>\n\t\t<div role=\"region\" aria-labelledby=\"e-n-accordion-item-5242\" class=\"elementor-element elementor-element-83edc06 e-con-full e-flex e-con e-child\" data-id=\"83edc06\" data-element_type=\"container\" data-e-type=\"container\" data-settings=\"{&quot;background_background&quot;:&quot;classic&quot;}\">\n\t\t\t\t<div class=\"elementor-element elementor-element-bb38709 elementor-widget elementor-widget-heading\" data-id=\"bb38709\" data-element_type=\"widget\" data-e-type=\"widget\" data-widget_type=\"heading.default\">\n\t\t\t\t<div class=\"elementor-widget-container\">\n\t\t\t\t\t<h2 class=\"elementor-heading-title elementor-size-default\">12.40 - Lurk and Babba's Great Big Snow Adventure (Norvegia)<\/h2>\t\t\t\t<\/div>\n\t\t\t\t<\/div>\n\t\t\t\t<div class=\"elementor-element elementor-element-2483da3 elementor-widget elementor-widget-text-editor\" data-id=\"2483da3\" data-element_type=\"widget\" data-e-type=\"widget\" data-widget_type=\"text-editor.default\">\n\t\t\t\t<div class=\"elementor-widget-container\">\n\t\t\t\t\t\t\t\t\t<p><span data-sheets-root=\"1\">\u00centr-o diminea\u021b\u0103 de prim\u0103var\u0103, Babba descoper\u0103 c\u0103 a mai dormit peste iarn\u0103. Norocul \u00eei sur\u00e2de c\u00e2nd \u00eent\u00e2lne\u0219te bufni\u021ba Lerke, care dore\u0219te s\u0103-l ajute. \u00cempreun\u0103 pornesc \u00eentr-o c\u0103l\u0103torie magic\u0103 pentru a reg\u0103si iarna.<\/span><\/p>\t\t\t\t\t\t\t\t<\/div>\n\t\t\t\t<\/div>\n\t\t\t\t<\/div>\n\t\t<div role=\"region\" aria-labelledby=\"e-n-accordion-item-5242\" class=\"elementor-element elementor-element-85bbbf9 e-con-full e-flex e-con e-child\" data-id=\"85bbbf9\" data-element_type=\"container\" data-e-type=\"container\" data-settings=\"{&quot;background_background&quot;:&quot;video&quot;,&quot;background_video_link&quot;:&quot;https:\\\/\\\/sustin.org\\\/wp-content\\\/uploads\\\/2025\\\/10\\\/TEASER_1.mp4&quot;,&quot;background_play_on_mobile&quot;:&quot;yes&quot;,&quot;background_video_start&quot;:7}\">\n\t\t<div class=\"elementor-background-video-container\">\n\t\t\t\t\t\t\t<video class=\"elementor-background-video-hosted\" role=\"presentation\" autoplay muted playsinline loop><\/video>\n\t\t\t\t\t<\/div>\t\t<\/div>\n\t\t<div role=\"region\" aria-labelledby=\"e-n-accordion-item-5242\" class=\"elementor-element elementor-element-394b879 e-con-full e-flex e-con e-child\" data-id=\"394b879\" data-element_type=\"container\" data-e-type=\"container\" data-settings=\"{&quot;background_background&quot;:&quot;classic&quot;}\">\n\t\t\t\t<div class=\"elementor-element elementor-element-c8d92da elementor-widget elementor-widget-heading\" data-id=\"c8d92da\" data-element_type=\"widget\" data-e-type=\"widget\" data-widget_type=\"heading.default\">\n\t\t\t\t<div class=\"elementor-widget-container\">\n\t\t\t\t\t<h2 class=\"elementor-heading-title elementor-size-default\">12.55 - Spark (Germania)<\/h2>\t\t\t\t<\/div>\n\t\t\t\t<\/div>\n\t\t\t\t<div class=\"elementor-element elementor-element-da80cc5 elementor-widget elementor-widget-text-editor\" data-id=\"da80cc5\" data-element_type=\"widget\" data-e-type=\"widget\" data-widget_type=\"text-editor.default\">\n\t\t\t\t<div class=\"elementor-widget-container\">\n\t\t\t\t\t\t\t\t\t<p><span data-sheets-root=\"1\">Pentru a-\u0219i sprijini tat\u0103l singur, Marta, 8 ani, \u0219i-a \u00eenv\u0103\u021bat via\u021ba de zi cu zi s\u0103 o gestioneze singur\u0103. C\u00e2nd simte c\u0103 acesta \u00eei acord\u0103 tot mai pu\u021bin timp, decide s\u0103-i c\u00e2\u0219tige din nou aten\u021bia.<\/span><\/p>\t\t\t\t\t\t\t\t<\/div>\n\t\t\t\t<\/div>\n\t\t\t\t<\/div>\n\t\t<div role=\"region\" aria-labelledby=\"e-n-accordion-item-5242\" class=\"elementor-element elementor-element-f3de902 e-con-full e-flex e-con e-child\" data-id=\"f3de902\" data-element_type=\"container\" data-e-type=\"container\" data-settings=\"{&quot;background_background&quot;:&quot;video&quot;,&quot;background_video_link&quot;:&quot;https:\\\/\\\/sustin.org\\\/wp-content\\\/uploads\\\/2025\\\/10\\\/spark-trailer_1.mp4&quot;,&quot;background_play_on_mobile&quot;:&quot;yes&quot;,&quot;background_video_start&quot;:7}\">\n\t\t<div class=\"elementor-background-video-container\">\n\t\t\t\t\t\t\t<video class=\"elementor-background-video-hosted\" role=\"presentation\" autoplay muted playsinline loop><\/video>\n\t\t\t\t\t<\/div>\t\t<\/div>\n\t\t<div role=\"region\" aria-labelledby=\"e-n-accordion-item-5242\" class=\"elementor-element elementor-element-2efeba6 e-con-full e-flex e-con e-child\" data-id=\"2efeba6\" data-element_type=\"container\" data-e-type=\"container\" data-settings=\"{&quot;background_background&quot;:&quot;classic&quot;}\">\n\t\t\t\t<div class=\"elementor-element elementor-element-0887db6 elementor-widget elementor-widget-heading\" data-id=\"0887db6\" data-element_type=\"widget\" data-e-type=\"widget\" data-widget_type=\"heading.default\">\n\t\t\t\t<div class=\"elementor-widget-container\">\n\t\t\t\t\t<h2 class=\"elementor-heading-title elementor-size-default\">13.05 - First flight (Germania)<\/h2>\t\t\t\t<\/div>\n\t\t\t\t<\/div>\n\t\t\t\t<div class=\"elementor-element elementor-element-259b480 elementor-widget elementor-widget-text-editor\" data-id=\"259b480\" data-element_type=\"widget\" data-e-type=\"widget\" data-widget_type=\"text-editor.default\">\n\t\t\t\t<div class=\"elementor-widget-container\">\n\t\t\t\t\t\t\t\t\t<p><span data-sheets-root=\"1\">Trei p\u0103s\u0103rele, o simfonie de broa\u0219te \u0219i primul zbor unic al fiec\u0103reia \u2014 o poveste despre aventur\u0103 \u0219i descoperire.<\/span><\/p>\t\t\t\t\t\t\t\t<\/div>\n\t\t\t\t<\/div>\n\t\t\t\t<\/div>\n\t\t<div role=\"region\" aria-labelledby=\"e-n-accordion-item-5242\" class=\"elementor-element elementor-element-07001e6 e-con-full e-flex e-con e-child\" data-id=\"07001e6\" data-element_type=\"container\" data-e-type=\"container\" data-settings=\"{&quot;background_background&quot;:&quot;video&quot;,&quot;background_video_link&quot;:&quot;https:\\\/\\\/sustin.org\\\/wp-content\\\/uploads\\\/2025\\\/10\\\/250509_FirstFlight_Trailer_16x9_v02_aj_1.mp4&quot;,&quot;background_play_on_mobile&quot;:&quot;yes&quot;,&quot;background_video_start&quot;:7}\">\n\t\t<div class=\"elementor-background-video-container\">\n\t\t\t\t\t\t\t<video class=\"elementor-background-video-hosted\" role=\"presentation\" autoplay muted playsinline loop><\/video>\n\t\t\t\t\t<\/div>\t\t<\/div>\n\t\t<div role=\"region\" aria-labelledby=\"e-n-accordion-item-5242\" class=\"elementor-element elementor-element-26bc5c8 e-con-full e-flex e-con e-child\" data-id=\"26bc5c8\" data-element_type=\"container\" data-e-type=\"container\" data-settings=\"{&quot;background_background&quot;:&quot;classic&quot;}\">\n\t\t\t\t<div class=\"elementor-element elementor-element-39d4c70 elementor-widget elementor-widget-heading\" data-id=\"39d4c70\" data-element_type=\"widget\" data-e-type=\"widget\" data-widget_type=\"heading.default\">\n\t\t\t\t<div class=\"elementor-widget-container\">\n\t\t\t\t\t<h2 class=\"elementor-heading-title elementor-size-default\">13.10 - Marta (Italia)<\/h2>\t\t\t\t<\/div>\n\t\t\t\t<\/div>\n\t\t\t\t<div class=\"elementor-element elementor-element-9197011 elementor-widget elementor-widget-text-editor\" data-id=\"9197011\" data-element_type=\"widget\" data-e-type=\"widget\" data-widget_type=\"text-editor.default\">\n\t\t\t\t<div class=\"elementor-widget-container\">\n\t\t\t\t\t\t\t\t\t<p><span data-sheets-root=\"1\">Marta este o t\u00e2n\u0103r\u0103 cu un vis: s\u0103 devin\u0103 juc\u0103toare de fotbal \u0219i s\u0103 calce pe urmele idolului ei, Barbara Bonansea, atacant\u0103 a echipei na\u021bionale a Italiei. Dar pentru a reu\u0219i, trebuie s\u0103 se confrunte cu un mediu familial \u0219i social ostil, unde fotbalul este \u00eenc\u0103 v\u0103zut ca un joc de b\u0103ie\u021bi.<\/span><\/p>\t\t\t\t\t\t\t\t<\/div>\n\t\t\t\t<\/div>\n\t\t\t\t<\/div>\n\t\t<div role=\"region\" aria-labelledby=\"e-n-accordion-item-5242\" class=\"elementor-element elementor-element-b186e9b e-con-full e-flex e-con e-child\" data-id=\"b186e9b\" data-element_type=\"container\" data-e-type=\"container\" data-settings=\"{&quot;background_background&quot;:&quot;video&quot;,&quot;background_video_link&quot;:&quot;https:\\\/\\\/sustin.org\\\/wp-content\\\/uploads\\\/2025\\\/10\\\/marta_1.mp4&quot;,&quot;background_play_on_mobile&quot;:&quot;yes&quot;,&quot;background_video_start&quot;:7}\">\n\t\t<div class=\"elementor-background-video-container\">\n\t\t\t\t\t\t\t<video class=\"elementor-background-video-hosted\" role=\"presentation\" autoplay muted playsinline loop><\/video>\n\t\t\t\t\t<\/div>\t\t<\/div>\n\t\t<div role=\"region\" aria-labelledby=\"e-n-accordion-item-5242\" class=\"elementor-element elementor-element-3660881 e-con-full e-flex e-con e-child\" data-id=\"3660881\" data-element_type=\"container\" data-e-type=\"container\" data-settings=\"{&quot;background_background&quot;:&quot;classic&quot;}\">\n\t\t\t\t<div class=\"elementor-element elementor-element-8224b26 elementor-widget elementor-widget-heading\" data-id=\"8224b26\" data-element_type=\"widget\" data-e-type=\"widget\" data-widget_type=\"heading.default\">\n\t\t\t\t<div class=\"elementor-widget-container\">\n\t\t\t\t\t<h2 class=\"elementor-heading-title elementor-size-default\">13.30 - Last Day of the Bear<\/h2>\t\t\t\t<\/div>\n\t\t\t\t<\/div>\n\t\t\t\t<div class=\"elementor-element elementor-element-3e07e91 elementor-widget elementor-widget-text-editor\" data-id=\"3e07e91\" data-element_type=\"widget\" data-e-type=\"widget\" data-widget_type=\"text-editor.default\">\n\t\t\t\t<div class=\"elementor-widget-container\">\n\t\t\t\t\t\t\t\t\t<p><span data-sheets-root=\"1\">Dup\u0103 ce a crescut \u00eentr-o comunitate izolat\u0103 pentru minori, Dennis, un b\u0103iat introspectiv de 12 ani, preg\u0103tit s\u0103-\u0219i \u00eent\u00e2lneasc\u0103 noii tutori, se confrunt\u0103 cu desp\u0103r\u021biri emo\u021bionante \u0219i un viitor incert, preg\u0103tindu-se pentru urm\u0103torul capitol al vie\u021bii sale.<\/span><\/p>\t\t\t\t\t\t\t\t<\/div>\n\t\t\t\t<\/div>\n\t\t\t\t<\/div>\n\t\t<div role=\"region\" aria-labelledby=\"e-n-accordion-item-5242\" class=\"elementor-element elementor-element-8769777 e-con-full e-flex e-con e-child\" data-id=\"8769777\" data-element_type=\"container\" data-e-type=\"container\" data-settings=\"{&quot;background_background&quot;:&quot;video&quot;,&quot;background_video_link&quot;:&quot;https:\\\/\\\/sustin.org\\\/wp-content\\\/uploads\\\/2025\\\/10\\\/LULTIMO-GIORNO-DELLORSO-Official-Trailer_1.mp4&quot;,&quot;background_play_on_mobile&quot;:&quot;yes&quot;,&quot;background_video_start&quot;:7}\">\n\t\t<div class=\"elementor-background-video-container\">\n\t\t\t\t\t\t\t<video class=\"elementor-background-video-hosted\" role=\"presentation\" autoplay muted playsinline loop><\/video>\n\t\t\t\t\t<\/div>\t\t<\/div>\n\t\t<div role=\"region\" aria-labelledby=\"e-n-accordion-item-5242\" class=\"elementor-element elementor-element-27acecb e-con-full e-flex e-con e-child\" data-id=\"27acecb\" data-element_type=\"container\" data-e-type=\"container\" data-settings=\"{&quot;background_background&quot;:&quot;classic&quot;}\">\n\t\t\t\t<div class=\"elementor-element elementor-element-60d2360 elementor-widget elementor-widget-heading\" data-id=\"60d2360\" data-element_type=\"widget\" data-e-type=\"widget\" data-widget_type=\"heading.default\">\n\t\t\t\t<div class=\"elementor-widget-container\">\n\t\t\t\t\t<h2 class=\"elementor-heading-title elementor-size-default\">13.45 - A strange toad (Italia)<\/h2>\t\t\t\t<\/div>\n\t\t\t\t<\/div>\n\t\t\t\t<div class=\"elementor-element elementor-element-1e412ab elementor-widget elementor-widget-text-editor\" data-id=\"1e412ab\" data-element_type=\"widget\" data-e-type=\"widget\" data-widget_type=\"text-editor.default\">\n\t\t\t\t<div class=\"elementor-widget-container\">\n\t\t\t\t\t\t\t\t\t<p><span data-sheets-root=\"1\">\u00centr-un iaz ca multe altele, tr\u0103ie\u0219te o broasc\u0103 singuratic\u0103, al c\u0103rei comportament \u00eei \u00eencurc\u0103 pe ceilal\u021bi. Izolat\u0103, p\u0103rea dezinteresat\u0103, p\u00e2n\u0103 c\u00e2nd un eveniment schimb\u0103 totul, dezv\u0103luindu-i calit\u0103\u021bile pozitive nea\u0219teptate. Broasca este, \u00een sf\u00e2r\u0219it, apreciat\u0103, r\u0103m\u00e2n\u00e2nd fidel\u0103 sie\u0219i.<\/span><\/p>\t\t\t\t\t\t\t\t<\/div>\n\t\t\t\t<\/div>\n\t\t\t\t<\/div>\n\t\t<div role=\"region\" aria-labelledby=\"e-n-accordion-item-5242\" class=\"elementor-element elementor-element-a4aa391 e-con-full e-flex e-con e-child\" data-id=\"a4aa391\" data-element_type=\"container\" data-e-type=\"container\" data-settings=\"{&quot;background_background&quot;:&quot;video&quot;,&quot;background_video_link&quot;:&quot;https:\\\/\\\/sustin.org\\\/wp-content\\\/uploads\\\/2025\\\/10\\\/a-strange-toad-trailer_1.mp4&quot;,&quot;background_play_on_mobile&quot;:&quot;yes&quot;,&quot;background_video_start&quot;:7}\">\n\t\t<div class=\"elementor-background-video-container\">\n\t\t\t\t\t\t\t<video class=\"elementor-background-video-hosted\" role=\"presentation\" autoplay muted playsinline loop><\/video>\n\t\t\t\t\t<\/div>\t\t<\/div>\n\t\t<div role=\"region\" aria-labelledby=\"e-n-accordion-item-5242\" class=\"elementor-element elementor-element-a8a3d93 e-con-full e-flex e-con e-child\" data-id=\"a8a3d93\" data-element_type=\"container\" data-e-type=\"container\" data-settings=\"{&quot;background_background&quot;:&quot;classic&quot;}\">\n\t\t\t\t<div class=\"elementor-element elementor-element-1433806 elementor-widget elementor-widget-heading\" data-id=\"1433806\" data-element_type=\"widget\" data-e-type=\"widget\" data-widget_type=\"heading.default\">\n\t\t\t\t<div class=\"elementor-widget-container\">\n\t\t\t\t\t<h2 class=\"elementor-heading-title elementor-size-default\">13.55 - Fabula (Italia)<\/h2>\t\t\t\t<\/div>\n\t\t\t\t<\/div>\n\t\t\t\t<div class=\"elementor-element elementor-element-d655f2d elementor-widget elementor-widget-text-editor\" data-id=\"d655f2d\" data-element_type=\"widget\" data-e-type=\"widget\" data-widget_type=\"text-editor.default\">\n\t\t\t\t<div class=\"elementor-widget-container\">\n\t\t\t\t\t\t\t\t\t<p><span data-sheets-root=\"1\">\u201eFabula\u201d este un film de anima\u021bie care arat\u0103 cum o feti\u021b\u0103 de \u0219ase ani \u00ee\u0219i imagineaz\u0103 povestea p\u0103rin\u021bilor s\u0103i despre r\u0103zboi \u0219i fug\u0103 din fosta Iugoslavie. Prin vocea, desenele \u0219i fantezia ei, trecutul devine o poveste \u00eentre realitate \u0219i vis. Filmul exploreaz\u0103 cum traumele p\u0103rin\u021bilor pot fi resim\u021bite \u0219i reinterpretate de copii.<\/span><\/p>\t\t\t\t\t\t\t\t<\/div>\n\t\t\t\t<\/div>\n\t\t\t\t<\/div>\n\t\t<div role=\"region\" aria-labelledby=\"e-n-accordion-item-5242\" class=\"elementor-element elementor-element-f37c9c1 e-con-full e-flex e-con e-child\" data-id=\"f37c9c1\" data-element_type=\"container\" data-e-type=\"container\" data-settings=\"{&quot;background_background&quot;:&quot;video&quot;,&quot;background_video_link&quot;:&quot;https:\\\/\\\/sustin.org\\\/wp-content\\\/uploads\\\/2025\\\/10\\\/fabula-trailer_1-1.mp4&quot;,&quot;background_play_on_mobile&quot;:&quot;yes&quot;,&quot;background_video_start&quot;:7}\">\n\t\t<div class=\"elementor-background-video-container\">\n\t\t\t\t\t\t\t<video class=\"elementor-background-video-hosted\" role=\"presentation\" autoplay muted playsinline loop><\/video>\n\t\t\t\t\t<\/div>\t\t<\/div>\n\t\t<div role=\"region\" aria-labelledby=\"e-n-accordion-item-5242\" class=\"elementor-element elementor-element-26d899c e-con-full e-flex e-con e-child\" data-id=\"26d899c\" data-element_type=\"container\" data-e-type=\"container\" data-settings=\"{&quot;background_background&quot;:&quot;classic&quot;}\">\n\t\t\t\t<div class=\"elementor-element elementor-element-6c6a9cd elementor-widget elementor-widget-heading\" data-id=\"6c6a9cd\" data-element_type=\"widget\" data-e-type=\"widget\" data-widget_type=\"heading.default\">\n\t\t\t\t<div class=\"elementor-widget-container\">\n\t\t\t\t\t<h2 class=\"elementor-heading-title elementor-size-default\">14.00 - Lena's Farm: Full Nest (Germania)<\/h2>\t\t\t\t<\/div>\n\t\t\t\t<\/div>\n\t\t\t\t<div class=\"elementor-element elementor-element-05af8e9 elementor-widget elementor-widget-text-editor\" data-id=\"05af8e9\" data-element_type=\"widget\" data-e-type=\"widget\" data-widget_type=\"text-editor.default\">\n\t\t\t\t<div class=\"elementor-widget-container\">\n\t\t\t\t\t\t\t\t\t<p><span data-sheets-root=\"1\">Cuibul veveri\u021bei este c\u0103ptu\u0219it cu bunuri furate pentru iarna rece. Dar o inunda\u021bie nea\u0219teptat\u0103 for\u021beaz\u0103 animalele p\u0103durii s\u0103 se refugieze la ferma Lenei. Veveri\u021ba vrea s\u0103 le ajute\u2026<\/span><\/p>\t\t\t\t\t\t\t\t<\/div>\n\t\t\t\t<\/div>\n\t\t\t\t<\/div>\n\t\t<div role=\"region\" aria-labelledby=\"e-n-accordion-item-5242\" class=\"elementor-element elementor-element-463f1a3 e-con-full e-flex e-con e-child\" data-id=\"463f1a3\" data-element_type=\"container\" data-e-type=\"container\" data-settings=\"{&quot;background_background&quot;:&quot;video&quot;,&quot;background_video_link&quot;:&quot;https:\\\/\\\/sustin.org\\\/wp-content\\\/uploads\\\/2025\\\/10\\\/Full-Nest-Trailer_1.mp4&quot;,&quot;background_play_on_mobile&quot;:&quot;yes&quot;,&quot;background_video_start&quot;:7}\">\n\t\t<div class=\"elementor-background-video-container\">\n\t\t\t\t\t\t\t<video class=\"elementor-background-video-hosted\" role=\"presentation\" autoplay muted playsinline loop><\/video>\n\t\t\t\t\t<\/div>\t\t<\/div>\n\t\t<div role=\"region\" aria-labelledby=\"e-n-accordion-item-5242\" class=\"elementor-element elementor-element-6eaa8fd e-con-full e-flex e-con e-child\" data-id=\"6eaa8fd\" data-element_type=\"container\" data-e-type=\"container\" data-settings=\"{&quot;background_background&quot;:&quot;classic&quot;}\">\n\t\t\t\t<div class=\"elementor-element elementor-element-7132ac1 elementor-widget elementor-widget-heading\" data-id=\"7132ac1\" data-element_type=\"widget\" data-e-type=\"widget\" data-widget_type=\"heading.default\">\n\t\t\t\t<div class=\"elementor-widget-container\">\n\t\t\t\t\t<h2 class=\"elementor-heading-title elementor-size-default\">14.05 - Blue Teddy Bear (Croatia)<\/h2>\t\t\t\t<\/div>\n\t\t\t\t<\/div>\n\t\t\t\t<div class=\"elementor-element elementor-element-f150e1d elementor-widget elementor-widget-text-editor\" data-id=\"f150e1d\" data-element_type=\"widget\" data-e-type=\"widget\" data-widget_type=\"text-editor.default\">\n\t\t\t\t<div class=\"elementor-widget-container\">\n\t\t\t\t\t\t\t\t\t<p><span data-sheets-root=\"1\">Un b\u0103iat a primit un ursule\u021b de plu\u0219 albastru de a cincea aniversare. De\u0219i \u00ee\u0219i dorea cu disperare s\u0103 deschid\u0103 cadoul, mama lui nu l-a l\u0103sat, deoarece bacteriile \u0219i praful tr\u0103iesc adesea pe juc\u0103riile de plu\u0219. C\u00e2nd a crescut \u0219i a devenit tat\u0103, a decis s\u0103 fac\u0103 tot posibilul pentru ca visele fiului s\u0103u s\u0103 devin\u0103 realitate.<\/span><\/p>\t\t\t\t\t\t\t\t<\/div>\n\t\t\t\t<\/div>\n\t\t\t\t<\/div>\n\t\t<div role=\"region\" aria-labelledby=\"e-n-accordion-item-5242\" class=\"elementor-element elementor-element-90569db e-con-full e-flex e-con e-child\" data-id=\"90569db\" data-element_type=\"container\" data-e-type=\"container\" data-settings=\"{&quot;background_background&quot;:&quot;video&quot;,&quot;background_video_link&quot;:&quot;https:\\\/\\\/sustin.org\\\/wp-content\\\/uploads\\\/2025\\\/10\\\/blue-teddy-trailer_1.mp4&quot;,&quot;background_play_on_mobile&quot;:&quot;yes&quot;,&quot;background_video_start&quot;:7}\">\n\t\t<div class=\"elementor-background-video-container\">\n\t\t\t\t\t\t\t<video class=\"elementor-background-video-hosted\" role=\"presentation\" autoplay muted playsinline loop><\/video>\n\t\t\t\t\t<\/div>\t\t<\/div>\n\t\t<div role=\"region\" aria-labelledby=\"e-n-accordion-item-5242\" class=\"elementor-element elementor-element-4136f20 e-con-full e-flex e-con e-child\" data-id=\"4136f20\" data-element_type=\"container\" data-e-type=\"container\" data-settings=\"{&quot;background_background&quot;:&quot;classic&quot;}\">\n\t\t\t\t<div class=\"elementor-element elementor-element-e439b6e elementor-widget elementor-widget-heading\" data-id=\"e439b6e\" data-element_type=\"widget\" data-e-type=\"widget\" data-widget_type=\"heading.default\">\n\t\t\t\t<div class=\"elementor-widget-container\">\n\t\t\t\t\t<h2 class=\"elementor-heading-title elementor-size-default\">14.15 - Luce and the Rock (Belgia)<\/h2>\t\t\t\t<\/div>\n\t\t\t\t<\/div>\n\t\t\t\t<div class=\"elementor-element elementor-element-ce6436d elementor-widget elementor-widget-text-editor\" data-id=\"ce6436d\" data-element_type=\"widget\" data-e-type=\"widget\" data-widget_type=\"text-editor.default\">\n\t\t\t\t<div class=\"elementor-widget-container\">\n\t\t\t\t\t\t\t\t\t<p data-start=\"0\" data-end=\"253\">Luce duce o via\u021b\u0103 fericit\u0103 \u00eentr-un s\u0103tuc lini\u0219tit, al\u0103turi de Mama \u0219i ceilal\u021bi s\u0103teni. Fiecare zi e la fel \u0219i tuturor le place a\u0219a. Singurul lucru care o sperie pe Luce e \u00eentunericul, dar, din fericire, be\u021bele ei luminoase o \u021bin mereu \u00een siguran\u021b\u0103.<\/p><p data-start=\"255\" data-end=\"554\" data-is-last-node=\"\" data-is-only-node=\"\">\u00centr-o zi \u00eens\u0103, o creatur\u0103 uria\u0219\u0103 de piatr\u0103 tulbur\u0103 lini\u0219tea satului. Distruge toate casele, inclusiv pe a lui Luce. Furioas\u0103 \u0219i hot\u0103r\u00e2t\u0103, Luce porne\u0219te s\u0103-l duc\u0103 pe monstrul de piatr\u0103 \u00eenapoi acas\u0103. Dar, pe drum, descoper\u0103 c\u0103 ea \u0219i St\u00e2ncosul ar putea avea mai multe \u00een comun dec\u00e2t \u0219i-ar fi imaginat.<\/p>\t\t\t\t\t\t\t\t<\/div>\n\t\t\t\t<\/div>\n\t\t\t\t<\/div>\n\t\t<div role=\"region\" aria-labelledby=\"e-n-accordion-item-5242\" class=\"elementor-element elementor-element-7f7629b e-con-full e-flex e-con e-child\" data-id=\"7f7629b\" data-element_type=\"container\" data-e-type=\"container\" data-settings=\"{&quot;background_background&quot;:&quot;video&quot;,&quot;background_video_link&quot;:&quot;https:\\\/\\\/sustin.org\\\/wp-content\\\/uploads\\\/2025\\\/10\\\/LUCE_ET_LE_ROCHER_bande-annonce_H264_lauriers_FR_221012_1.mp4&quot;,&quot;background_play_on_mobile&quot;:&quot;yes&quot;,&quot;background_video_start&quot;:7}\">\n\t\t<div class=\"elementor-background-video-container\">\n\t\t\t\t\t\t\t<video class=\"elementor-background-video-hosted\" role=\"presentation\" autoplay muted playsinline loop><\/video>\n\t\t\t\t\t<\/div>\t\t<\/div>\n\t\t<div role=\"region\" aria-labelledby=\"e-n-accordion-item-5242\" class=\"elementor-element elementor-element-24f5ee6 e-con-full e-flex e-con e-child\" data-id=\"24f5ee6\" data-element_type=\"container\" data-e-type=\"container\" data-settings=\"{&quot;background_background&quot;:&quot;classic&quot;}\">\n\t\t\t\t<div class=\"elementor-element elementor-element-ce17f86 elementor-widget elementor-widget-heading\" data-id=\"ce17f86\" data-element_type=\"widget\" data-e-type=\"widget\" data-widget_type=\"heading.default\">\n\t\t\t\t<div class=\"elementor-widget-container\">\n\t\t\t\t\t<h2 class=\"elementor-heading-title elementor-size-default\">19.00- Festivitatea de premiere<\/h2>\t\t\t\t<\/div>\n\t\t\t\t<\/div>\n\t\t\t\t<div class=\"elementor-element elementor-element-f6e7883 elementor-widget elementor-widget-text-editor\" data-id=\"f6e7883\" data-element_type=\"widget\" data-e-type=\"widget\" data-widget_type=\"text-editor.default\">\n\t\t\t\t<div class=\"elementor-widget-container\">\n\t\t\t\t\t\t\t\t\t<p>Carte-Film: Eveniment Humanitas Libr\u0103ria Humanitas Ci\u0219migiu<\/p>\t\t\t\t\t\t\t\t<\/div>\n\t\t\t\t<\/div>\n\t\t\t\t<\/div>\n\t\t<div role=\"region\" aria-labelledby=\"e-n-accordion-item-5242\" class=\"elementor-element elementor-element-66f52a3 e-con-full e-flex e-con e-child\" data-id=\"66f52a3\" data-element_type=\"container\" data-e-type=\"container\">\n\t\t\t\t<div class=\"elementor-element elementor-element-bdd688a elementor-widget__width-auto elementor-widget elementor-widget-image\" data-id=\"bdd688a\" data-element_type=\"widget\" data-e-type=\"widget\" data-widget_type=\"image.default\">\n\t\t\t\t<div class=\"elementor-widget-container\">\n\t\t\t\t\t\t\t\t\t\t\t\t\t\t\t<img loading=\"lazy\" decoding=\"async\" width=\"768\" height=\"441\" src=\"https:\/\/sustin.org\/wp-content\/uploads\/2025\/10\/e-128.jpg-768x441.jpg\" class=\"attachment-medium_large size-medium_large wp-image-3845\" alt=\"\" srcset=\"https:\/\/sustin.org\/wp-content\/uploads\/2025\/10\/e-128.jpg-768x441.jpg 768w, https:\/\/sustin.org\/wp-content\/uploads\/2025\/10\/e-128.jpg-300x172.jpg 300w, https:\/\/sustin.org\/wp-content\/uploads\/2025\/10\/e-128.jpg-18x10.jpg 18w, https:\/\/sustin.org\/wp-content\/uploads\/2025\/10\/e-128.jpg.jpg 940w\" sizes=\"(max-width: 768px) 100vw, 768px\" \/>\t\t\t\t\t\t\t\t\t\t\t\t\t\t\t<\/div>\n\t\t\t\t<\/div>\n\t\t\t\t<\/div>\n\t\t\t\t<\/div>\n\t\t\t\t\t<\/details>\n\t\t\t\t\t\t<details id=\"e-n-accordion-item-5243\" class=\"e-n-accordion-item\" >\n\t\t\t\t<summary class=\"e-n-accordion-item-title\" data-accordion-index=\"4\" tabindex=\"-1\" aria-expanded=\"false\" aria-controls=\"e-n-accordion-item-5243\" >\n\t\t\t\t\t<span class='e-n-accordion-item-title-header'><div class=\"e-n-accordion-item-title-text\"> Sambata 8 Noiembrie <\/div><\/span>\n\t\t\t\t\t\t\t<span class='e-n-accordion-item-title-icon'>\n\t\t\t<span class='e-opened' ><i aria-hidden=\"true\" class=\"fas fa-minus\"><\/i><\/span>\n\t\t\t<span class='e-closed'><i aria-hidden=\"true\" class=\"fas fa-plus\"><\/i><\/span>\n\t\t<\/span>\n\n\t\t\t\t\t\t<\/summary>\n\t\t\t\t<div role=\"region\" aria-labelledby=\"e-n-accordion-item-5243\" class=\"elementor-element elementor-element-25df6a6 e-con-full e-flex e-con e-child\" data-id=\"25df6a6\" data-element_type=\"container\" data-e-type=\"container\">\n\t\t<div role=\"region\" aria-labelledby=\"e-n-accordion-item-5243\" class=\"elementor-element elementor-element-b19eeaa e-con-full e-flex e-con e-child\" data-id=\"b19eeaa\" data-element_type=\"container\" data-e-type=\"container\">\n\t\t\t\t<div class=\"elementor-element elementor-element-2982781 elementor-widget elementor-widget-heading\" data-id=\"2982781\" data-element_type=\"widget\" data-e-type=\"widget\" data-widget_type=\"heading.default\">\n\t\t\t\t<div class=\"elementor-widget-container\">\n\t\t\t\t\t<h2 class=\"elementor-heading-title elementor-size-default\">11.30 - Tesla Case (Bulgaria)<\/h2>\t\t\t\t<\/div>\n\t\t\t\t<\/div>\n\t\t\t\t<div class=\"elementor-element elementor-element-9ff05c0 elementor-widget elementor-widget-text-editor\" data-id=\"9ff05c0\" data-element_type=\"widget\" data-e-type=\"widget\" data-widget_type=\"text-editor.default\">\n\t\t\t\t<div class=\"elementor-widget-container\">\n\t\t\t\t\t\t\t\t\t<p><span data-sheets-root=\"1\">The Tesla Case\u201d urm\u0103re\u0219te aventurile prietenilor Tony \u0219i Raya, care, la 12 ani, navigheaz\u0103 \u00eentre experimentele lui Tony cu electricitatea f\u0103r\u0103 fir, provoc\u0103rile unei tabere de var\u0103 \u0219i intrigile liderului de cerceta\u0219i Victor, \u00een timp ce Raya descoper\u0103 misterul unui v\u00e2rcolac din p\u0103dure.<\/span><\/p>\t\t\t\t\t\t\t\t<\/div>\n\t\t\t\t<\/div>\n\t\t\t\t<\/div>\n\t\t<div role=\"region\" aria-labelledby=\"e-n-accordion-item-5243\" class=\"elementor-element elementor-element-d05f190 e-con-full e-flex e-con e-child\" data-id=\"d05f190\" data-element_type=\"container\" data-e-type=\"container\" data-settings=\"{&quot;background_background&quot;:&quot;video&quot;,&quot;background_video_link&quot;:&quot;https:\\\/\\\/sustin.org\\\/wp-content\\\/uploads\\\/2025\\\/10\\\/\\u0421\\u043b\\u0443\\u0447\\u0430\\u044f\\u0442-\\u0422\\u0435\\u0441\\u043b\\u0430-\\u0442\\u0440\\u0435\\u0439\\u043b\\u044a\\u0440-1-official-The-Tesla-Case-trailer-1-4K-2022_1.mp4&quot;,&quot;background_play_on_mobile&quot;:&quot;yes&quot;,&quot;shape_divider_bottom&quot;:&quot;mountains&quot;}\">\n\t\t<div class=\"elementor-background-video-container\">\n\t\t\t\t\t\t\t<video class=\"elementor-background-video-hosted\" role=\"presentation\" autoplay muted playsinline loop><\/video>\n\t\t\t\t\t<\/div>\t\t<div class=\"elementor-shape elementor-shape-bottom\" aria-hidden=\"true\" data-negative=\"false\">\n\t\t\t<svg xmlns=\"http:\/\/www.w3.org\/2000\/svg\" viewbox=\"0 0 1000 100\" preserveaspectratio=\"none\">\n\t<path class=\"elementor-shape-fill\" opacity=\"0.33\" d=\"M473,67.3c-203.9,88.3-263.1-34-320.3,0C66,119.1,0,59.7,0,59.7V0h1000v59.7 c0,0-62.1,26.1-94.9,29.3c-32.8,3.3-62.8-12.3-75.8-22.1C806,49.6,745.3,8.7,694.9,4.7S492.4,59,473,67.3z\"\/>\n\t<path class=\"elementor-shape-fill\" opacity=\"0.66\" d=\"M734,67.3c-45.5,0-77.2-23.2-129.1-39.1c-28.6-8.7-150.3-10.1-254,39.1 s-91.7-34.4-149.2,0C115.7,118.3,0,39.8,0,39.8V0h1000v36.5c0,0-28.2-18.5-92.1-18.5C810.2,18.1,775.7,67.3,734,67.3z\"\/>\n\t<path class=\"elementor-shape-fill\" d=\"M766.1,28.9c-200-57.5-266,65.5-395.1,19.5C242,1.8,242,5.4,184.8,20.6C128,35.8,132.3,44.9,89.9,52.5C28.6,63.7,0,0,0,0 h1000c0,0-9.9,40.9-83.6,48.1S829.6,47,766.1,28.9z\"\/>\n<\/svg>\t\t<\/div>\n\t\t\t\t<\/div>\n\t\t<div role=\"region\" aria-labelledby=\"e-n-accordion-item-5243\" class=\"elementor-element elementor-element-22c1e0d e-con-full e-flex e-con e-child\" data-id=\"22c1e0d\" data-element_type=\"container\" data-e-type=\"container\" data-settings=\"{&quot;background_background&quot;:&quot;classic&quot;}\">\n\t\t\t\t<div class=\"elementor-element elementor-element-c605a0e elementor-widget elementor-widget-heading\" data-id=\"c605a0e\" data-element_type=\"widget\" data-e-type=\"widget\" data-widget_type=\"heading.default\">\n\t\t\t\t<div class=\"elementor-widget-container\">\n\t\t\t\t\t<h2 class=\"elementor-heading-title elementor-size-default\">13.00 - Blok 5 (Slovenia)<\/h2>\t\t\t\t<\/div>\n\t\t\t\t<\/div>\n\t\t\t\t<div class=\"elementor-element elementor-element-3a3f1db elementor-widget elementor-widget-text-editor\" data-id=\"3a3f1db\" data-element_type=\"widget\" data-e-type=\"widget\" data-widget_type=\"text-editor.default\">\n\t\t\t\t<div class=\"elementor-widget-container\">\n\t\t\t\t\t\t\t\t\t<p><span data-sheets-root=\"1\">C\u00e2nd Alma descoper\u0103 c\u0103 compania tat\u0103lui s\u0103u vrea s\u0103 demoleze locul de joac\u0103, se hot\u0103r\u0103\u0219te s\u0103 salveze spa\u021biile verzi. Singura op\u021biune este s\u0103 fac\u0103 echip\u0103 cu cei mai neprieteno\u0219i rivali ai s\u0103i.<\/span><\/p>\t\t\t\t\t\t\t\t<\/div>\n\t\t\t\t<\/div>\n\t\t\t\t<\/div>\n\t\t<div role=\"region\" aria-labelledby=\"e-n-accordion-item-5243\" class=\"elementor-element elementor-element-fb466cd e-con-full e-flex e-con e-child\" data-id=\"fb466cd\" data-element_type=\"container\" data-e-type=\"container\" data-settings=\"{&quot;background_background&quot;:&quot;video&quot;,&quot;background_video_link&quot;:&quot;https:\\\/\\\/sustin.org\\\/wp-content\\\/uploads\\\/2025\\\/10\\\/Block-5-Trailer_1.mp4&quot;,&quot;background_play_on_mobile&quot;:&quot;yes&quot;}\">\n\t\t<div class=\"elementor-background-video-container\">\n\t\t\t\t\t\t\t<video class=\"elementor-background-video-hosted\" role=\"presentation\" autoplay muted playsinline loop><\/video>\n\t\t\t\t\t<\/div>\t\t<\/div>\n\t\t\t\t<\/div>\n\t\t\t\t\t<\/details>\n\t\t\t\t\t\t<details id=\"e-n-accordion-item-5244\" class=\"e-n-accordion-item\" >\n\t\t\t\t<summary class=\"e-n-accordion-item-title\" data-accordion-index=\"5\" tabindex=\"-1\" aria-expanded=\"false\" aria-controls=\"e-n-accordion-item-5244\" >\n\t\t\t\t\t<span class='e-n-accordion-item-title-header'><div class=\"e-n-accordion-item-title-text\"> Duminica 9 Noiembrie <\/div><\/span>\n\t\t\t\t\t\t\t<span class='e-n-accordion-item-title-icon'>\n\t\t\t<span class='e-opened' ><i aria-hidden=\"true\" class=\"fas fa-minus\"><\/i><\/span>\n\t\t\t<span class='e-closed'><i aria-hidden=\"true\" class=\"fas fa-plus\"><\/i><\/span>\n\t\t<\/span>\n\n\t\t\t\t\t\t<\/summary>\n\t\t\t\t<div role=\"region\" aria-labelledby=\"e-n-accordion-item-5244\" class=\"elementor-element elementor-element-c25352e e-flex e-con-boxed e-con e-child\" data-id=\"c25352e\" data-element_type=\"container\" data-e-type=\"container\">\n\t\t\t\t\t<div class=\"e-con-inner\">\n\t\t<div role=\"region\" aria-labelledby=\"e-n-accordion-item-5244\" class=\"elementor-element elementor-element-11166f3 e-con-full e-flex e-con e-child\" data-id=\"11166f3\" data-element_type=\"container\" data-e-type=\"container\">\n\t\t\t\t<div class=\"elementor-element elementor-element-16ac634 elementor-widget elementor-widget-heading\" data-id=\"16ac634\" data-element_type=\"widget\" data-e-type=\"widget\" data-widget_type=\"heading.default\">\n\t\t\t\t<div class=\"elementor-widget-container\">\n\t\t\t\t\t<h2 class=\"elementor-heading-title elementor-size-default\">12.00 - Horia (Romania)<\/h2>\t\t\t\t<\/div>\n\t\t\t\t<\/div>\n\t\t\t\t<div class=\"elementor-element elementor-element-66c0dac elementor-widget elementor-widget-text-editor\" data-id=\"66c0dac\" data-element_type=\"widget\" data-e-type=\"widget\" data-widget_type=\"text-editor.default\">\n\t\t\t\t<div class=\"elementor-widget-container\">\n\t\t\t\t\t\t\t\t\t<p><span data-sheets-root=\"1\">Adolescentul nelini\u0219tit Horia porne\u0219te pe vechea motociclet\u0103 a tat\u0103lui s\u0103u \u00eentr-o c\u0103l\u0103torie prin \u021bar\u0103 pentru a se re\u00eent\u00e2lni cu iubita sa. Pe drum, i se al\u0103tur\u0103 Stela, o t\u00e2n\u0103r\u0103 obraznic\u0103 de 13 ani, \u0219i se na\u0219te o prietenie nea\u0219teptat\u0103.<\/span><\/p>\t\t\t\t\t\t\t\t<\/div>\n\t\t\t\t<\/div>\n\t\t\t\t<\/div>\n\t\t<div role=\"region\" aria-labelledby=\"e-n-accordion-item-5244\" class=\"elementor-element elementor-element-b5ef4d0 e-con-full e-flex e-con e-child\" data-id=\"b5ef4d0\" data-element_type=\"container\" data-e-type=\"container\" data-settings=\"{&quot;background_background&quot;:&quot;video&quot;,&quot;background_video_link&quot;:&quot;https:\\\/\\\/sustin.org\\\/wp-content\\\/uploads\\\/2025\\\/10\\\/Horia-_-Trailer-oficial-_-Din-10-aprilie-in-cinematografe-_-August-Film_1.mp4&quot;,&quot;background_play_on_mobile&quot;:&quot;yes&quot;}\">\n\t\t<div class=\"elementor-background-video-container\">\n\t\t\t\t\t\t\t<video class=\"elementor-background-video-hosted\" role=\"presentation\" autoplay muted playsinline loop><\/video>\n\t\t\t\t\t<\/div>\t\t<\/div>\n\t\t<div role=\"region\" aria-labelledby=\"e-n-accordion-item-5244\" class=\"elementor-element elementor-element-f11d399 e-con-full e-flex e-con e-child\" data-id=\"f11d399\" data-element_type=\"container\" data-e-type=\"container\" data-settings=\"{&quot;background_background&quot;:&quot;classic&quot;}\">\n\t\t\t\t<div class=\"elementor-element elementor-element-e10f3c3 elementor-widget elementor-widget-heading\" data-id=\"e10f3c3\" data-element_type=\"widget\" data-e-type=\"widget\" data-widget_type=\"heading.default\">\n\t\t\t\t<div class=\"elementor-widget-container\">\n\t\t\t\t\t<h2 class=\"elementor-heading-title elementor-size-default\">13.50 - Q&amp;A<\/h2>\t\t\t\t<\/div>\n\t\t\t\t<\/div>\n\t\t\t\t<div class=\"elementor-element elementor-element-e2a2c1e elementor-widget elementor-widget-text-editor\" data-id=\"e2a2c1e\" data-element_type=\"widget\" data-e-type=\"widget\" data-widget_type=\"text-editor.default\">\n\t\t\t\t<div class=\"elementor-widget-container\">\n\t\t\t\t\t\t\t\t\t<p>Echipa filmului <em data-start=\"213\" data-end=\"220\">Horia<\/em> st\u0103 de vorb\u0103 cu publicul despre culisele produc\u021biei \u2013 de la drumurile prin \u021bar\u0103 p\u00e2n\u0103 la provoc\u0103rile \u0219i bucuriile realiz\u0103rii unui film pentru tineri.<\/p>\t\t\t\t\t\t\t\t<\/div>\n\t\t\t\t<\/div>\n\t\t\t\t<\/div>\n\t\t<div role=\"region\" aria-labelledby=\"e-n-accordion-item-5244\" class=\"elementor-element elementor-element-45b263f e-con-full e-flex e-con e-child\" data-id=\"45b263f\" data-element_type=\"container\" data-e-type=\"container\" data-settings=\"{&quot;background_background&quot;:&quot;classic&quot;}\">\n\t\t\t\t<div class=\"elementor-element elementor-element-181d960 elementor-widget__width-inherit elementor-widget elementor-widget-image\" data-id=\"181d960\" data-element_type=\"widget\" data-e-type=\"widget\" data-widget_type=\"image.default\">\n\t\t\t\t<div class=\"elementor-widget-container\">\n\t\t\t\t\t\t\t\t\t\t\t\t\t\t\t<img loading=\"lazy\" decoding=\"async\" width=\"800\" height=\"491\" src=\"https:\/\/sustin.org\/wp-content\/uploads\/2025\/10\/Horia-HAPP.jpg\" class=\"attachment-large size-large wp-image-3695\" alt=\"\" srcset=\"https:\/\/sustin.org\/wp-content\/uploads\/2025\/10\/Horia-HAPP.jpg 1000w, https:\/\/sustin.org\/wp-content\/uploads\/2025\/10\/Horia-HAPP-300x184.jpg 300w, https:\/\/sustin.org\/wp-content\/uploads\/2025\/10\/Horia-HAPP-768x472.jpg 768w, https:\/\/sustin.org\/wp-content\/uploads\/2025\/10\/Horia-HAPP-18x12.jpg 18w\" sizes=\"(max-width: 800px) 100vw, 800px\" \/>\t\t\t\t\t\t\t\t\t\t\t\t\t\t\t<\/div>\n\t\t\t\t<\/div>\n\t\t\t\t<\/div>\n\t\t\t\t\t<\/div>\n\t\t\t\t<\/div>\n\t\t\t\t\t<\/details>\n\t\t\t\t\t<\/div>\n\t\t\t\t\t\t<\/div>\n\t\t\t\t<\/div>\n\t\t\t\t<\/div>\n\t\t<div class=\"elementor-element elementor-element-5f129eb6 e-con-full e-flex e-con e-parent\" data-id=\"5f129eb6\" data-element_type=\"container\" data-e-type=\"container\" data-settings=\"{&quot;background_background&quot;:&quot;classic&quot;}\">\n\t\t\t\t<div class=\"elementor-element elementor-element-2e281652 elementor-widget elementor-widget-heading\" data-id=\"2e281652\" data-element_type=\"widget\" data-e-type=\"widget\" data-widget_type=\"heading.default\">\n\t\t\t\t<div class=\"elementor-widget-container\">\n\t\t\t\t\t<h3 class=\"elementor-heading-title elementor-size-default\">BKFF include<\/h3>\t\t\t\t<\/div>\n\t\t\t\t<\/div>\n\t\t<div class=\"elementor-element elementor-element-13bb3c0e e-con-full e-flex e-con e-child\" data-id=\"13bb3c0e\" data-element_type=\"container\" data-e-type=\"container\">\n\t\t\t\t<div class=\"elementor-element elementor-element-2081b8ef elementor-widget__width-initial elementor-widget elementor-widget-icon-box\" data-id=\"2081b8ef\" data-element_type=\"widget\" data-e-type=\"widget\" data-widget_type=\"icon-box.default\">\n\t\t\t\t<div class=\"elementor-widget-container\">\n\t\t\t\t\t\t\t<div class=\"elementor-icon-box-wrapper\">\n\n\t\t\t\n\t\t\t\t\t\t<div class=\"elementor-icon-box-content\">\n\n\t\t\t\t\t\t\t\t\t<h4 class=\"elementor-icon-box-title\">\n\t\t\t\t\t\t<span  >\n\t\t\t\t\t\t\tCompeti\u021bie de scurtmetraje\t\t\t\t\t\t<\/span>\n\t\t\t\t\t<\/h4>\n\t\t\t\t\n\t\t\t\t\t\t\t\t\t<p class=\"elementor-icon-box-description\">\n\t\t\t\t\t\tpove\u0219ti create special pentru publicul t\u00e2n\u0103r, jurizate de un juriu interna\u021bional \u0219i de copii.\t\t\t\t\t<\/p>\n\t\t\t\t\n\t\t\t<\/div>\n\t\t\t\n\t\t<\/div>\n\t\t\t\t\t\t<\/div>\n\t\t\t\t<\/div>\n\t\t\t\t<div class=\"elementor-element elementor-element-7495ae4c elementor-widget__width-initial elementor-widget elementor-widget-icon-box\" data-id=\"7495ae4c\" data-element_type=\"widget\" data-e-type=\"widget\" data-widget_type=\"icon-box.default\">\n\t\t\t\t<div class=\"elementor-widget-container\">\n\t\t\t\t\t\t\t<div class=\"elementor-icon-box-wrapper\">\n\n\t\t\t\n\t\t\t\t\t\t<div class=\"elementor-icon-box-content\">\n\n\t\t\t\t\t\t\t\t\t<h4 class=\"elementor-icon-box-title\">\n\t\t\t\t\t\t<span  >\n\t\t\t\t\t\t\tProiec\u021bii speciale de lungmetraje europene\t\t\t\t\t\t<\/span>\n\t\t\t\t\t<\/h4>\n\t\t\t\t\n\t\t\t\t\t\t\t\t\t<p class=\"elementor-icon-box-description\">\n\t\t\t\t\t\taltfel dec\u00e2t Disney \u2013 filme cu mesaj, umor \u0219i emo\u021bie real\u0103.\t\t\t\t\t<\/p>\n\t\t\t\t\n\t\t\t<\/div>\n\t\t\t\n\t\t<\/div>\n\t\t\t\t\t\t<\/div>\n\t\t\t\t<\/div>\n\t\t\t\t<div class=\"elementor-element elementor-element-262629a7 elementor-widget__width-initial elementor-widget elementor-widget-icon-box\" data-id=\"262629a7\" data-element_type=\"widget\" data-e-type=\"widget\" data-widget_type=\"icon-box.default\">\n\t\t\t\t<div class=\"elementor-widget-container\">\n\t\t\t\t\t\t\t<div class=\"elementor-icon-box-wrapper\">\n\n\t\t\t\n\t\t\t\t\t\t<div class=\"elementor-icon-box-content\">\n\n\t\t\t\t\t\t\t\t\t<h4 class=\"elementor-icon-box-title\">\n\t\t\t\t\t\t<span  >\n\t\t\t\t\t\t\tAteliere de film \u0219i storytelling\t\t\t\t\t\t<\/span>\n\t\t\t\t\t<\/h4>\n\t\t\t\t\n\t\t\t\t\t\t\t\t\t<p class=\"elementor-icon-box-description\">\n\t\t\t\t\t\tunde copiii pot descoperi cum se fac filmele.\t\t\t\t\t<\/p>\n\t\t\t\t\n\t\t\t<\/div>\n\t\t\t\n\t\t<\/div>\n\t\t\t\t\t\t<\/div>\n\t\t\t\t<\/div>\n\t\t\t\t<div class=\"elementor-element elementor-element-3c1b6978 elementor-widget__width-initial elementor-widget elementor-widget-icon-box\" data-id=\"3c1b6978\" data-element_type=\"widget\" data-e-type=\"widget\" data-widget_type=\"icon-box.default\">\n\t\t\t\t<div class=\"elementor-widget-container\">\n\t\t\t\t\t\t\t<div class=\"elementor-icon-box-wrapper\">\n\n\t\t\t\n\t\t\t\t\t\t<div class=\"elementor-icon-box-content\">\n\n\t\t\t\t\t\t\t\t\t<h4 class=\"elementor-icon-box-title\">\n\t\t\t\t\t\t<span  >\n\t\t\t\t\t\t\t\u00cent\u00e2lniri cu regizori \u0219i profesioni\u0219ti din industrie,\t\t\t\t\t\t<\/span>\n\t\t\t\t\t<\/h4>\n\t\t\t\t\n\t\t\t\t\t\t\t\t\t<p class=\"elementor-icon-box-description\">\n\t\t\t\t\t\tdedicate educa\u021biei cinematografice.\t\t\t\t\t<\/p>\n\t\t\t\t\n\t\t\t<\/div>\n\t\t\t\n\t\t<\/div>\n\t\t\t\t\t\t<\/div>\n\t\t\t\t<\/div>\n\t\t\t\t<\/div>\n\t\t\t\t<\/div>\n\t\t<div class=\"elementor-element elementor-element-2a66f5d3 e-con-full e-flex e-con e-parent\" data-id=\"2a66f5d3\" data-element_type=\"container\" data-e-type=\"container\" id=\"jury\">\n\t\t\t\t<div class=\"elementor-element elementor-element-234f935f elementor-widget elementor-widget-heading\" data-id=\"234f935f\" data-element_type=\"widget\" data-e-type=\"widget\" data-widget_type=\"heading.default\">\n\t\t\t\t<div class=\"elementor-widget-container\">\n\t\t\t\t\t<h3 class=\"elementor-heading-title elementor-size-default\">Juriul<\/h3>\t\t\t\t<\/div>\n\t\t\t\t<\/div>\n\t\t\t\t<div class=\"elementor-element elementor-element-47aea4c6 elementor-widget elementor-widget-heading\" data-id=\"47aea4c6\" data-element_type=\"widget\" data-e-type=\"widget\" data-widget_type=\"heading.default\">\n\t\t\t\t<div class=\"elementor-widget-container\">\n\t\t\t\t\t<p class=\"elementor-heading-title elementor-size-default\">Filmele din competi\u021bie sunt evaluate de un juriu format din profesioni\u0219ti ai cinematografiei europene, regizori, animatori \u0219i promotori ai culturii filmului pentru tineri. \nTrei perspective diferite, unite de aceea\u0219i pasiune pentru pove\u0219ti bine spuse:<\/p>\t\t\t\t<\/div>\n\t\t\t\t<\/div>\n\t\t<div class=\"elementor-element elementor-element-70132db2 e-con-full e-flex e-con e-child\" data-id=\"70132db2\" data-element_type=\"container\" data-e-type=\"container\">\n\t\t<div class=\"elementor-element elementor-element-83c8069 e-con-full e-flex e-con e-child\" data-id=\"83c8069\" data-element_type=\"container\" data-e-type=\"container\">\n\t\t\t\t<div class=\"elementor-element elementor-element-1c977d76 elementor-position-top elementor-widget elementor-widget-image-box\" data-id=\"1c977d76\" data-element_type=\"widget\" data-e-type=\"widget\" data-widget_type=\"image-box.default\">\n\t\t\t\t<div class=\"elementor-widget-container\">\n\t\t\t\t\t<div class=\"elementor-image-box-wrapper\"><figure class=\"elementor-image-box-img\"><a href=\"#\" tabindex=\"-1\"><img loading=\"lazy\" decoding=\"async\" width=\"432\" height=\"569\" src=\"https:\/\/sustin.org\/wp-content\/uploads\/2025\/10\/LiborPixa2025-e1760029310224.jpg\" class=\"elementor-animation-grow attachment-full size-full wp-image-3631\" alt=\"\" srcset=\"https:\/\/sustin.org\/wp-content\/uploads\/2025\/10\/LiborPixa2025-e1760029310224.jpg 432w, https:\/\/sustin.org\/wp-content\/uploads\/2025\/10\/LiborPixa2025-e1760029310224-228x300.jpg 228w, https:\/\/sustin.org\/wp-content\/uploads\/2025\/10\/LiborPixa2025-e1760029310224-9x12.jpg 9w\" sizes=\"(max-width: 432px) 100vw, 432px\" \/><\/a><\/figure><div class=\"elementor-image-box-content\"><h4 class=\"elementor-image-box-title\"><a href=\"#\">Libor Pixa<\/a><\/h4><p class=\"elementor-image-box-description\">este regizor \u0219i animator ceh, absolvent al FAMU din Praga. Filmul s\u0103u de absolvire Graffitiger a fost finalist la Student Academy Awards \u0219i a c\u00e2\u0219tigat numeroase premii interna\u021bionale. A creat \u0219i serialul pentru copii The Smallest Elephant in the World pentru Televiziunea Ceh\u0103 \u0219i pred\u0103 regie \u0219i anima\u021bie 3D la FAMU, combin\u00e2nd anima\u021bia 3D, desenul clasic \u0219i filmul live-action.<\/p><\/div><\/div>\t\t\t\t<\/div>\n\t\t\t\t<\/div>\n\t\t\t\t<\/div>\n\t\t<div class=\"elementor-element elementor-element-443a0657 e-con-full e-flex e-con e-child\" data-id=\"443a0657\" data-element_type=\"container\" data-e-type=\"container\">\n\t\t\t\t<div class=\"elementor-element elementor-element-61dfb0ab elementor-position-top elementor-widget elementor-widget-image-box\" data-id=\"61dfb0ab\" data-element_type=\"widget\" data-e-type=\"widget\" data-widget_type=\"image-box.default\">\n\t\t\t\t<div class=\"elementor-widget-container\">\n\t\t\t\t\t<div class=\"elementor-image-box-wrapper\"><figure class=\"elementor-image-box-img\"><a href=\"#\" tabindex=\"-1\"><img loading=\"lazy\" decoding=\"async\" width=\"1707\" height=\"1933\" src=\"https:\/\/sustin.org\/wp-content\/uploads\/2025\/10\/iris-personeel-foto-1-scaled-e1760012794586.jpg\" class=\"elementor-animation-grow attachment-full size-full wp-image-3632\" alt=\"\" srcset=\"https:\/\/sustin.org\/wp-content\/uploads\/2025\/10\/iris-personeel-foto-1-scaled-e1760012794586.jpg 1707w, https:\/\/sustin.org\/wp-content\/uploads\/2025\/10\/iris-personeel-foto-1-scaled-e1760012794586-265x300.jpg 265w, https:\/\/sustin.org\/wp-content\/uploads\/2025\/10\/iris-personeel-foto-1-scaled-e1760012794586-904x1024.jpg 904w, https:\/\/sustin.org\/wp-content\/uploads\/2025\/10\/iris-personeel-foto-1-scaled-e1760012794586-768x870.jpg 768w, https:\/\/sustin.org\/wp-content\/uploads\/2025\/10\/iris-personeel-foto-1-scaled-e1760012794586-1356x1536.jpg 1356w, https:\/\/sustin.org\/wp-content\/uploads\/2025\/10\/iris-personeel-foto-1-scaled-e1760012794586-11x12.jpg 11w\" sizes=\"(max-width: 1707px) 100vw, 1707px\" \/><\/a><\/figure><div class=\"elementor-image-box-content\"><h4 class=\"elementor-image-box-title\"><a href=\"#\">Iris Verhoeven<\/a><\/h4><p class=\"elementor-image-box-description\">este directoarea JEF, organiza\u021bia pentru film \u0219i jocuri dedicate tinerilor din Flandra, Belgia. Coordoneaz\u0103 festivalul anual JEF, cel mai mare medialab din Flandra \u0219i proiectul interna\u021bional JEF in the Hospital. A condus timp de aproape zece ani European Youth Film Festival \u0219i a activat \u00een cercetare \u0219i management cultural. Este membr\u0103 a consiliilor de administra\u021bie oKo, Sociare \u0219i Courtisane, av\u00e2nd studii \u00een politic\u0103, sociologie \u0219i management cultural.<\/p><\/div><\/div>\t\t\t\t<\/div>\n\t\t\t\t<\/div>\n\t\t\t\t<\/div>\n\t\t<div class=\"elementor-element elementor-element-3334e471 e-con-full e-flex e-con e-child\" data-id=\"3334e471\" data-element_type=\"container\" data-e-type=\"container\">\n\t\t\t\t<div class=\"elementor-element elementor-element-3e54fee2 elementor-position-top elementor-widget elementor-widget-image-box\" data-id=\"3e54fee2\" data-element_type=\"widget\" data-e-type=\"widget\" data-widget_type=\"image-box.default\">\n\t\t\t\t<div class=\"elementor-widget-container\">\n\t\t\t\t\t<div class=\"elementor-image-box-wrapper\"><figure class=\"elementor-image-box-img\"><a href=\"#\" tabindex=\"-1\"><img loading=\"lazy\" decoding=\"async\" width=\"610\" height=\"750\" src=\"https:\/\/sustin.org\/wp-content\/uploads\/2025\/10\/index-e1760012666260.webp\" class=\"elementor-animation-grow attachment-full size-full wp-image-3633\" alt=\"\" srcset=\"https:\/\/sustin.org\/wp-content\/uploads\/2025\/10\/index-e1760012666260.webp 610w, https:\/\/sustin.org\/wp-content\/uploads\/2025\/10\/index-e1760012666260-244x300.webp 244w, https:\/\/sustin.org\/wp-content\/uploads\/2025\/10\/index-e1760012666260-10x12.webp 10w\" sizes=\"(max-width: 610px) 100vw, 610px\" \/><\/a><\/figure><div class=\"elementor-image-box-content\"><h4 class=\"elementor-image-box-title\"><a href=\"#\">Radu Potcoav\u0103<\/a><\/h4><p class=\"elementor-image-box-description\">Radu Potcoav\u0103 este un regizor de film rom\u00e2n, cunoscut pentru recentul s\u0103u film de lung metraj \u201eB\u0103ie\u021bii buni ajung \u00een Rai\u201d (2024) \u0219i scurt metrajul Miss Sue\u00f1o cu care a c\u00e2\u0219tigat Marele Premiu la Festivalul Interna\u021bional de Film de la Huesca\u2060\u2060 (Spania). \u00cen filmografia sa se reg\u0103sesc mai multe scurt metraje premiate, lungmetrajele Happy End (2006), Cuscrii (2014) \u0219i Vara s-a sf\u00e2r\u0219it (2016) dar \u0219i serialele TV Ai no\u0219tri (PRO TV); Valea mut\u0103 (HBO Rom\u00e2nia) sau Vlad (PRO TV).<\/p><\/div><\/div>\t\t\t\t<\/div>\n\t\t\t\t<\/div>\n\t\t\t\t<\/div>\n\t\t\t\t<\/div>\n\t\t\t\t<\/div>\n\t\t<div class=\"elementor-element elementor-element-1c16972 e-con-full e-flex e-con e-parent\" data-id=\"1c16972\" data-element_type=\"container\" data-e-type=\"container\">\n\t\t\t\t<div class=\"elementor-element elementor-element-9a6bfd2 elementor-widget elementor-widget-heading\" data-id=\"9a6bfd2\" data-element_type=\"widget\" data-e-type=\"widget\" data-widget_type=\"heading.default\">\n\t\t\t\t<div class=\"elementor-widget-container\">\n\t\t\t\t\t<h3 class=\"elementor-heading-title elementor-size-default\">Parteneri<\/h3>\t\t\t\t<\/div>\n\t\t\t\t<\/div>\n\t\t\t\t<div class=\"elementor-element elementor-element-79616aa elementor-widget elementor-widget-gallery\" data-id=\"79616aa\" data-element_type=\"widget\" data-e-type=\"widget\" data-settings=\"{&quot;columns_mobile&quot;:2,&quot;gap&quot;:{&quot;unit&quot;:&quot;px&quot;,&quot;size&quot;:0,&quot;sizes&quot;:[]},&quot;gap_mobile&quot;:{&quot;unit&quot;:&quot;px&quot;,&quot;size&quot;:0,&quot;sizes&quot;:[]},&quot;lazyload&quot;:&quot;yes&quot;,&quot;gallery_layout&quot;:&quot;grid&quot;,&quot;columns&quot;:4,&quot;columns_tablet&quot;:2,&quot;gap_tablet&quot;:{&quot;unit&quot;:&quot;px&quot;,&quot;size&quot;:10,&quot;sizes&quot;:[]},&quot;aspect_ratio&quot;:&quot;3:2&quot;,&quot;overlay_background&quot;:&quot;yes&quot;,&quot;content_hover_animation&quot;:&quot;fade-in&quot;}\" data-widget_type=\"gallery.default\">\n\t\t\t\t<div class=\"elementor-widget-container\">\n\t\t\t\t\t\t\t<div class=\"elementor-gallery__container\">\n\t\t\t\t\t\t\t<div class=\"e-gallery-item elementor-gallery-item elementor-animated-content\">\n\t\t\t\t\t<div class=\"e-gallery-image elementor-gallery-item__image\" data-thumbnail=\"https:\/\/sustin.org\/wp-content\/uploads\/2025\/10\/7-1-768x768.png\" data-width=\"768\" data-height=\"768\" aria-label=\"\" role=\"img\" ><\/div>\n\t\t\t\t\t\t\t\t\t\t\t<div class=\"elementor-gallery-item__overlay\"><\/div>\n\t\t\t\t\t\t\t\t\t\t\t\t\t\t<\/div>\n\t\t\t\t\t\t\t<div class=\"e-gallery-item elementor-gallery-item elementor-animated-content\">\n\t\t\t\t\t<div class=\"e-gallery-image elementor-gallery-item__image\" data-thumbnail=\"https:\/\/sustin.org\/wp-content\/uploads\/2025\/10\/8-768x768.png\" data-width=\"768\" data-height=\"768\" aria-label=\"\" role=\"img\" ><\/div>\n\t\t\t\t\t\t\t\t\t\t\t<div class=\"elementor-gallery-item__overlay\"><\/div>\n\t\t\t\t\t\t\t\t\t\t\t\t\t\t<\/div>\n\t\t\t\t\t\t\t<div class=\"e-gallery-item elementor-gallery-item elementor-animated-content\">\n\t\t\t\t\t<div class=\"e-gallery-image elementor-gallery-item__image\" data-thumbnail=\"https:\/\/sustin.org\/wp-content\/uploads\/2025\/10\/7-768x768.png\" data-width=\"768\" data-height=\"768\" aria-label=\"\" role=\"img\" ><\/div>\n\t\t\t\t\t\t\t\t\t\t\t<div class=\"elementor-gallery-item__overlay\"><\/div>\n\t\t\t\t\t\t\t\t\t\t\t\t\t\t<\/div>\n\t\t\t\t\t\t\t<div class=\"e-gallery-item elementor-gallery-item elementor-animated-content\">\n\t\t\t\t\t<div class=\"e-gallery-image elementor-gallery-item__image\" data-thumbnail=\"https:\/\/sustin.org\/wp-content\/uploads\/2025\/10\/Voluntar-Sustin.org-Black-2-copy-768x613.png\" data-width=\"768\" data-height=\"613\" aria-label=\"\" role=\"img\" ><\/div>\n\t\t\t\t\t\t\t\t\t\t\t<div class=\"elementor-gallery-item__overlay\"><\/div>\n\t\t\t\t\t\t\t\t\t\t\t\t\t\t<\/div>\n\t\t\t\t\t\t\t<div class=\"e-gallery-item elementor-gallery-item elementor-animated-content\">\n\t\t\t\t\t<div class=\"e-gallery-image elementor-gallery-item__image\" data-thumbnail=\"https:\/\/sustin.org\/wp-content\/uploads\/2025\/10\/8-1-768x768.png\" data-width=\"768\" data-height=\"768\" aria-label=\"\" role=\"img\" ><\/div>\n\t\t\t\t\t\t\t\t\t\t\t<div class=\"elementor-gallery-item__overlay\"><\/div>\n\t\t\t\t\t\t\t\t\t\t\t\t\t\t<\/div>\n\t\t\t\t\t\t\t<div class=\"e-gallery-item elementor-gallery-item elementor-animated-content\">\n\t\t\t\t\t<div class=\"e-gallery-image elementor-gallery-item__image\" data-thumbnail=\"https:\/\/sustin.org\/wp-content\/uploads\/2025\/10\/6-768x768.png\" data-width=\"768\" data-height=\"768\" aria-label=\"\" role=\"img\" ><\/div>\n\t\t\t\t\t\t\t\t\t\t\t<div class=\"elementor-gallery-item__overlay\"><\/div>\n\t\t\t\t\t\t\t\t\t\t\t\t\t\t<\/div>\n\t\t\t\t\t\t\t<div class=\"e-gallery-item elementor-gallery-item elementor-animated-content\">\n\t\t\t\t\t<div class=\"e-gallery-image elementor-gallery-item__image\" data-thumbnail=\"https:\/\/sustin.org\/wp-content\/uploads\/2025\/10\/9-1-768x768.png\" data-width=\"768\" data-height=\"768\" aria-label=\"\" role=\"img\" ><\/div>\n\t\t\t\t\t\t\t\t\t\t\t<div class=\"elementor-gallery-item__overlay\"><\/div>\n\t\t\t\t\t\t\t\t\t\t\t\t\t\t<\/div>\n\t\t\t\t\t\t\t<div class=\"e-gallery-item elementor-gallery-item elementor-animated-content\">\n\t\t\t\t\t<div class=\"e-gallery-image elementor-gallery-item__image\" data-thumbnail=\"https:\/\/sustin.org\/wp-content\/uploads\/2025\/10\/6-1-768x768.png\" data-width=\"768\" data-height=\"768\" aria-label=\"\" role=\"img\" ><\/div>\n\t\t\t\t\t\t\t\t\t\t\t<div class=\"elementor-gallery-item__overlay\"><\/div>\n\t\t\t\t\t\t\t\t\t\t\t\t\t\t<\/div>\n\t\t\t\t\t\t\t<div class=\"e-gallery-item elementor-gallery-item elementor-animated-content\">\n\t\t\t\t\t<div class=\"e-gallery-image elementor-gallery-item__image\" data-thumbnail=\"https:\/\/sustin.org\/wp-content\/uploads\/2025\/10\/10-768x768.png\" data-width=\"768\" data-height=\"768\" aria-label=\"\" role=\"img\" ><\/div>\n\t\t\t\t\t\t\t\t\t\t\t<div class=\"elementor-gallery-item__overlay\"><\/div>\n\t\t\t\t\t\t\t\t\t\t\t\t\t\t<\/div>\n\t\t\t\t\t\t\t<div class=\"e-gallery-item elementor-gallery-item elementor-animated-content\">\n\t\t\t\t\t<div class=\"e-gallery-image elementor-gallery-item__image\" data-thumbnail=\"https:\/\/sustin.org\/wp-content\/uploads\/2025\/10\/rock-1-768x768.png\" data-width=\"768\" data-height=\"768\" aria-label=\"\" role=\"img\" ><\/div>\n\t\t\t\t\t\t\t\t\t\t\t<div class=\"elementor-gallery-item__overlay\"><\/div>\n\t\t\t\t\t\t\t\t\t\t\t\t\t\t<\/div>\n\t\t\t\t\t\t\t<div class=\"e-gallery-item elementor-gallery-item elementor-animated-content\">\n\t\t\t\t\t<div class=\"e-gallery-image elementor-gallery-item__image\" data-thumbnail=\"https:\/\/sustin.org\/wp-content\/uploads\/2025\/10\/327347394_2366449646850621_8700260252204527904_n.png\" data-width=\"400\" data-height=\"400\" aria-label=\"\" role=\"img\" ><\/div>\n\t\t\t\t\t\t\t\t\t\t\t<div class=\"elementor-gallery-item__overlay\"><\/div>\n\t\t\t\t\t\t\t\t\t\t\t\t\t\t<\/div>\n\t\t\t\t\t\t\t<div class=\"e-gallery-item elementor-gallery-item elementor-animated-content\">\n\t\t\t\t\t<div class=\"e-gallery-image elementor-gallery-item__image\" data-thumbnail=\"https:\/\/sustin.org\/wp-content\/uploads\/2025\/10\/kiss-768x768.png\" data-width=\"768\" data-height=\"768\" aria-label=\"\" role=\"img\" ><\/div>\n\t\t\t\t\t\t\t\t\t\t\t<div class=\"elementor-gallery-item__overlay\"><\/div>\n\t\t\t\t\t\t\t\t\t\t\t\t\t\t<\/div>\n\t\t\t\t\t\t\t<div class=\"e-gallery-item elementor-gallery-item elementor-animated-content\">\n\t\t\t\t\t<div class=\"e-gallery-image elementor-gallery-item__image\" data-thumbnail=\"https:\/\/sustin.org\/wp-content\/uploads\/2025\/10\/magic-768x768.png\" data-width=\"768\" data-height=\"768\" aria-label=\"\" role=\"img\" ><\/div>\n\t\t\t\t\t\t\t\t\t\t\t<div class=\"elementor-gallery-item__overlay\"><\/div>\n\t\t\t\t\t\t\t\t\t\t\t\t\t\t<\/div>\n\t\t\t\t\t\t\t<div class=\"e-gallery-item elementor-gallery-item elementor-animated-content\">\n\t\t\t\t\t<div class=\"e-gallery-image elementor-gallery-item__image\" data-thumbnail=\"https:\/\/sustin.org\/wp-content\/uploads\/2025\/10\/saroglia-768x768.png\" data-width=\"768\" data-height=\"768\" aria-label=\"\" role=\"img\" ><\/div>\n\t\t\t\t\t\t\t\t\t\t\t<div class=\"elementor-gallery-item__overlay\"><\/div>\n\t\t\t\t\t\t\t\t\t\t\t\t\t\t<\/div>\n\t\t\t\t\t<\/div>\n\t\t\t\t\t<\/div>\n\t\t\t\t<\/div>\n\t\t\t\t<\/div>\n\t\t<div class=\"elementor-element elementor-element-2a90ab5f e-con-full e-flex e-con e-parent\" data-id=\"2a90ab5f\" data-element_type=\"container\" data-e-type=\"container\">\n\t\t\t\t<div class=\"elementor-element elementor-element-7b10d3f6 elementor-widget elementor-widget-heading\" data-id=\"7b10d3f6\" data-element_type=\"widget\" data-e-type=\"widget\" data-widget_type=\"heading.default\">\n\t\t\t\t<div class=\"elementor-widget-container\">\n\t\t\t\t\t<h3 class=\"elementor-heading-title elementor-size-default\">BKFF e un loc unde copiii descopera filmul<\/h3>\t\t\t\t<\/div>\n\t\t\t\t<\/div>\n\t\t\t\t<div class=\"elementor-element elementor-element-44e3f4e elementor-widget elementor-widget-text-editor\" data-id=\"44e3f4e\" data-element_type=\"widget\" data-e-type=\"widget\" data-widget_type=\"text-editor.default\">\n\t\t\t\t<div class=\"elementor-widget-container\">\n\t\t\t\t\t\t\t\t\t<p><strong>Mai mult dec\u00e2t un festival<\/strong>, la BKFF, copiii \u00eenva\u021b\u0103 s\u0103 g\u00e2ndeasc\u0103 critic \u0219i \u00ee\u0219i spun propriile pove\u0219ti.<\/p><p>Festivalul reune\u0219te <strong data-start=\"1051\" data-end=\"1081\">filme din 15 \u021b\u0103ri europene<\/strong> \u0219i are loc \u00een parteneriat cu <strong data-start=\"1111\" data-end=\"1158\">European Children\u2019s Film Association (ECFA)<\/strong>, fiind un <strong data-start=\"1169\" data-end=\"1236\">eveniment sus\u021binut de Centrul Na\u021bional al Cinematografiei (CNC)<\/strong>.<\/p>\t\t\t\t\t\t\t\t<\/div>\n\t\t\t\t<\/div>\n\t\t\t\t<div class=\"elementor-element elementor-element-140d50bd elementor-align-center elementor-mobile-align-center elementor-widget elementor-widget-button\" data-id=\"140d50bd\" data-element_type=\"widget\" data-e-type=\"widget\" data-widget_type=\"button.default\">\n\t\t\t\t<div class=\"elementor-widget-container\">\n\t\t\t\t\t\t\t\t\t<div class=\"elementor-button-wrapper\">\n\t\t\t\t\t<a class=\"elementor-button elementor-button-link elementor-size-sm\" href=\"https:\/\/iabilet.ro\/go\/Ry3BTGCt\/\">\n\t\t\t\t\t\t<span class=\"elementor-button-content-wrapper\">\n\t\t\t\t\t\t\t\t\t<span class=\"elementor-button-text\">Bilete<\/span>\n\t\t\t\t\t<\/span>\n\t\t\t\t\t<\/a>\n\t\t\t\t<\/div>\n\t\t\t\t\t\t\t\t<\/div>\n\t\t\t\t<\/div>\n\t\t\t\t<\/div>\n\t\t<div class=\"elementor-element elementor-element-52190bbe e-con-full e-flex e-con e-parent\" data-id=\"52190bbe\" data-element_type=\"container\" data-e-type=\"container\" id=\"contact\">\n\t\t<div class=\"elementor-element elementor-element-58644189 e-con-full e-flex e-con e-child\" data-id=\"58644189\" data-element_type=\"container\" data-e-type=\"container\" data-settings=\"{&quot;background_background&quot;:&quot;classic&quot;}\">\n\t\t\t\t<div class=\"elementor-element elementor-element-66460bb2 elementor-widget elementor-widget-google_maps\" data-id=\"66460bb2\" data-element_type=\"widget\" data-e-type=\"widget\" data-widget_type=\"google_maps.default\">\n\t\t\t\t<div class=\"elementor-widget-container\">\n\t\t\t\t\t\t\t<div class=\"elementor-custom-embed\">\n\t\t\t<iframe loading=\"lazy\"\n\t\t\t\t\tsrc=\"https:\/\/maps.google.com\/maps?q=calea%20mosilor%20127&#038;t=m&#038;z=17&#038;output=embed&#038;iwloc=near\"\n\t\t\t\t\ttitle=\"calea mosilor 127\"\n\t\t\t\t\taria-label=\"calea mosilor 127\"\n\t\t\t><\/iframe>\n\t\t<\/div>\n\t\t\t\t\t\t<\/div>\n\t\t\t\t<\/div>\n\t\t\t\t<\/div>\n\t\t<div class=\"elementor-element elementor-element-4aeec31f e-con-full e-flex e-con e-child\" data-id=\"4aeec31f\" data-element_type=\"container\" data-e-type=\"container\">\n\t\t\t\t<div class=\"elementor-element elementor-element-52dffe41 elementor-widget elementor-widget-heading\" data-id=\"52dffe41\" data-element_type=\"widget\" data-e-type=\"widget\" data-widget_type=\"heading.default\">\n\t\t\t\t<div class=\"elementor-widget-container\">\n\t\t\t\t\t<h1 class=\"elementor-heading-title elementor-size-default\">Contact<\/h1>\t\t\t\t<\/div>\n\t\t\t\t<\/div>\n\t\t\t\t<div class=\"elementor-element elementor-element-121fd23b elementor-align-start elementor-icon-list--layout-traditional elementor-list-item-link-full_width elementor-widget elementor-widget-icon-list\" data-id=\"121fd23b\" data-element_type=\"widget\" data-e-type=\"widget\" data-widget_type=\"icon-list.default\">\n\t\t\t\t<div class=\"elementor-widget-container\">\n\t\t\t\t\t\t\t<ul class=\"elementor-icon-list-items\">\n\t\t\t\t\t\t\t<li class=\"elementor-icon-list-item\">\n\t\t\t\t\t\t\t\t\t\t\t<span class=\"elementor-icon-list-icon\">\n\t\t\t\t\t\t\t<i aria-hidden=\"true\" class=\"fas fa-film\"><\/i>\t\t\t\t\t\t<\/span>\n\t\t\t\t\t\t\t\t\t\t<span class=\"elementor-icon-list-text\">Cinema Europa <\/span>\n\t\t\t\t\t\t\t\t\t<\/li>\n\t\t\t\t\t\t\t\t<li class=\"elementor-icon-list-item\">\n\t\t\t\t\t\t\t\t\t\t\t<span class=\"elementor-icon-list-icon\">\n\t\t\t\t\t\t\t<i aria-hidden=\"true\" class=\"fas fa-map-pin\"><\/i>\t\t\t\t\t\t<\/span>\n\t\t\t\t\t\t\t\t\t\t<span class=\"elementor-icon-list-text\">Calea Mo\u0219ilor 127, sector 2, Bucuresti<\/span>\n\t\t\t\t\t\t\t\t\t<\/li>\n\t\t\t\t\t\t\t\t<li class=\"elementor-icon-list-item\">\n\t\t\t\t\t\t\t\t\t\t\t<span class=\"elementor-icon-list-icon\">\n\t\t\t\t\t\t\t<i aria-hidden=\"true\" class=\"fas fa-phone\"><\/i>\t\t\t\t\t\t<\/span>\n\t\t\t\t\t\t\t\t\t\t<span class=\"elementor-icon-list-text\">0721 573 623<\/span>\n\t\t\t\t\t\t\t\t\t<\/li>\n\t\t\t\t\t\t\t\t<li class=\"elementor-icon-list-item\">\n\t\t\t\t\t\t\t\t\t\t\t<span class=\"elementor-icon-list-icon\">\n\t\t\t\t\t\t\t<i aria-hidden=\"true\" class=\"far fa-envelope-open\"><\/i>\t\t\t\t\t\t<\/span>\n\t\t\t\t\t\t\t\t\t\t<span class=\"elementor-icon-list-text\">contact@sustin.org<\/span>\n\t\t\t\t\t\t\t\t\t<\/li>\n\t\t\t\t\t\t<\/ul>\n\t\t\t\t\t\t<\/div>\n\t\t\t\t<\/div>\n\t\t\t\t<\/div>\n\t\t\t\t<\/div>\n\t\t\t\t<\/div>","protected":false},"excerpt":{"rendered":"<p>Pauza scurta, povesti mari! Bucharest Kids Film Festival (BKFF) revine \u00een 2026 cu pove\u0219ti noi, distrac\u021bie \u0219i magie pe marele ecran!R\u0103m\u00e2ne\u021bi aproape pentru nout\u0103\u021bi! Bucharest Kids Film Festival Festival de film pentru copii cu v\u00e2rste \u00eentre 8 \u0219i 12 ani, cu proiec\u021bii, ateliere \u0219i \u00eent\u00e2lniri cu regizori.Filme participante din 15 \u021b\u0103ri.Cinema Europa \u2022 5\u20139 Noiembrie [&hellip;]<\/p>\n","protected":false},"author":1,"featured_media":0,"parent":0,"menu_order":0,"comment_status":"closed","ping_status":"closed","template":"","meta":{"footnotes":""},"class_list":["post-3273","page","type-page","status-publish","hentry"],"_links":{"self":[{"href":"https:\/\/sustin.org\/en\/wp-json\/wp\/v2\/pages\/3273","targetHints":{"allow":["GET"]}}],"collection":[{"href":"https:\/\/sustin.org\/en\/wp-json\/wp\/v2\/pages"}],"about":[{"href":"https:\/\/sustin.org\/en\/wp-json\/wp\/v2\/types\/page"}],"author":[{"embeddable":true,"href":"https:\/\/sustin.org\/en\/wp-json\/wp\/v2\/users\/1"}],"replies":[{"embeddable":true,"href":"https:\/\/sustin.org\/en\/wp-json\/wp\/v2\/comments?post=3273"}],"version-history":[{"count":461,"href":"https:\/\/sustin.org\/en\/wp-json\/wp\/v2\/pages\/3273\/revisions"}],"predecessor-version":[{"id":3948,"href":"https:\/\/sustin.org\/en\/wp-json\/wp\/v2\/pages\/3273\/revisions\/3948"}],"wp:attachment":[{"href":"https:\/\/sustin.org\/en\/wp-json\/wp\/v2\/media?parent=3273"}],"curies":[{"name":"wp","href":"https:\/\/api.w.org\/{rel}","templated":true}]}}